{"id":4645,"date":"2025-03-21T11:32:31","date_gmt":"2025-03-21T17:32:31","guid":{"rendered":"https:\/\/ex.conap.gob.gt\/?page_id=4645"},"modified":"2025-05-21T15:24:14","modified_gmt":"2025-05-21T21:24:14","slug":"ruta-del-mundo-maya-peten","status":"publish","type":"page","link":"https:\/\/turismo-sigap.conap.gob.gt\/en\/rutas-turisticas\/ruta-del-mundo-maya-peten\/","title":{"rendered":"Ruta del Mundo Maya &#8211; Pet\u00e9n"},"content":{"rendered":"<div data-elementor-type=\"wp-post\" data-elementor-id=\"4645\" class=\"elementor elementor-4645\">\n\t\t\t\t<div class=\"elementor-element elementor-element-36e4911 e-flex e-con-boxed e-con e-parent\" data-id=\"36e4911\" data-element_type=\"container\" data-settings=\"{&quot;background_background&quot;:&quot;classic&quot;}\">\n\t\t\t\t\t<div class=\"e-con-inner\">\n\t\t<div class=\"elementor-element elementor-element-8d332cf e-con-full e-flex e-con e-child\" data-id=\"8d332cf\" data-element_type=\"container\">\n\t\t\t\t<div class=\"elementor-element elementor-element-4bf79de elementor-widget elementor-widget-heading\" data-id=\"4bf79de\" data-element_type=\"widget\" data-widget_type=\"heading.default\">\n\t\t\t\t<div class=\"elementor-widget-container\">\n\t\t\t\t\t<h1 class=\"elementor-heading-title elementor-size-default\">Ruta del mundo Maya <b>PETEN<\/b><\/h1>\t\t\t\t<\/div>\n\t\t\t\t<\/div>\n\t\t\t\t<\/div>\n\t\t\t\t\t<\/div>\n\t\t\t\t<\/div>\n\t\t<div class=\"elementor-element elementor-element-0c901ab e-flex e-con-boxed e-con e-parent\" data-id=\"0c901ab\" data-element_type=\"container\" data-settings=\"{&quot;background_background&quot;:&quot;classic&quot;}\">\n\t\t\t\t\t<div class=\"e-con-inner\">\n\t\t<div class=\"elementor-element elementor-element-b71e4eb e-con-full e-flex e-con e-child\" data-id=\"b71e4eb\" data-element_type=\"container\" data-settings=\"{&quot;background_background&quot;:&quot;classic&quot;}\">\n\t\t\t\t<div class=\"elementor-element elementor-element-3c525f0 elementor-widget-divider--view-line_text elementor-widget-divider--element-align-left elementor-widget elementor-widget-divider\" data-id=\"3c525f0\" data-element_type=\"widget\" data-widget_type=\"divider.default\">\n\t\t\t\t<div class=\"elementor-widget-container\">\n\t\t\t\t\t\t\t<div class=\"elementor-divider\">\n\t\t\t<span class=\"elementor-divider-separator\">\n\t\t\t\t\t\t\t<h6 class=\"elementor-divider__text elementor-divider__element\">\n\t\t\t\tAventura\t\t\t\t<\/h6>\n\t\t\t\t\t\t<\/span>\n\t\t<\/div>\n\t\t\t\t\t\t<\/div>\n\t\t\t\t<\/div>\n\t\t\t\t<div class=\"elementor-element elementor-element-52d103b elementor-widget elementor-widget-image-box\" data-id=\"52d103b\" data-element_type=\"widget\" data-widget_type=\"image-box.default\">\n\t\t\t\t<div class=\"elementor-widget-container\">\n\t\t\t\t\t<div class=\"elementor-image-box-wrapper\"><div class=\"elementor-image-box-content\"><h2 class=\"elementor-image-box-title\">Ruta Mundo Maya: <\/h2><p class=\"elementor-image-box-description\">Esta ruta, ubicada en el departamento de Pet\u00e9n, refleja la majestuosidad de la Cultura Maya y su legado, que se puede apreciar hoy en los imponentes sitios arqueol\u00f3gicos que narran una historia de m\u00e1s de 2,500 a\u00f1os de ocupaci\u00f3n. Las antiguas ciudades mayas combinadas con exuberantes selvas tropicales h\u00famedas y lluviosas que caracterizan a la regi\u00f3n, constituyen el h\u00e1bitat de numerosas especies de flora y fauna. San Jos\u00e9, hogar de los Itza\u2019, descendientes directos de los antiguos pobladores mayas comparten una herencia de tradici\u00f3n y cultura dignas de apreciar<\/p><\/div><\/div>\t\t\t\t<\/div>\n\t\t\t\t<\/div>\n\t\t\t\t<\/div>\n\t\t\t\t\t<\/div>\n\t\t\t\t<\/div>\n\t\t<div class=\"elementor-element elementor-element-e786f22 e-transform e-flex e-con-boxed e-con e-parent\" data-id=\"e786f22\" data-element_type=\"container\" data-settings=\"{&quot;background_background&quot;:&quot;classic&quot;,&quot;_transform_translateY_effect&quot;:{&quot;unit&quot;:&quot;px&quot;,&quot;size&quot;:-89,&quot;sizes&quot;:[]},&quot;_transform_translateY_effect_tablet&quot;:{&quot;unit&quot;:&quot;px&quot;,&quot;size&quot;:-85,&quot;sizes&quot;:[]},&quot;_transform_translateY_effect_mobile&quot;:{&quot;unit&quot;:&quot;px&quot;,&quot;size&quot;:-63,&quot;sizes&quot;:[]},&quot;_transform_translateX_effect&quot;:{&quot;unit&quot;:&quot;px&quot;,&quot;size&quot;:&quot;&quot;,&quot;sizes&quot;:[]},&quot;_transform_translateX_effect_tablet&quot;:{&quot;unit&quot;:&quot;px&quot;,&quot;size&quot;:&quot;&quot;,&quot;sizes&quot;:[]},&quot;_transform_translateX_effect_mobile&quot;:{&quot;unit&quot;:&quot;px&quot;,&quot;size&quot;:&quot;&quot;,&quot;sizes&quot;:[]}}\">\n\t\t\t\t\t<div class=\"e-con-inner\">\n\t\t<div class=\"elementor-element elementor-element-0abaed8 e-grid e-con-boxed e-con e-child\" data-id=\"0abaed8\" data-element_type=\"container\" data-settings=\"{&quot;background_background&quot;:&quot;classic&quot;}\">\n\t\t\t\t\t<div class=\"e-con-inner\">\n\t\t\t\t<div class=\"elementor-element elementor-element-2d052fe elementor-arrows-position-outside elementor-pagination-position-outside elementor-widget elementor-widget-image-carousel\" data-id=\"2d052fe\" data-element_type=\"widget\" data-settings=\"{&quot;slides_to_show&quot;:&quot;1&quot;,&quot;autoplay_speed&quot;:6000,&quot;slides_to_show_tablet&quot;:&quot;1&quot;,&quot;slides_to_show_mobile&quot;:&quot;1&quot;,&quot;speed&quot;:600,&quot;navigation&quot;:&quot;both&quot;,&quot;autoplay&quot;:&quot;yes&quot;,&quot;pause_on_hover&quot;:&quot;yes&quot;,&quot;pause_on_interaction&quot;:&quot;yes&quot;,&quot;infinite&quot;:&quot;yes&quot;,&quot;effect&quot;:&quot;slide&quot;}\" data-widget_type=\"image-carousel.default\">\n\t\t\t\t<div class=\"elementor-widget-container\">\n\t\t\t\t\t\t\t<div class=\"elementor-image-carousel-wrapper swiper\" role=\"region\" aria-roledescription=\"carousel\" aria-label=\"Carrusel de im\u00e1genes 1\" dir=\"rtl\">\n\t\t\t<div class=\"elementor-image-carousel swiper-wrapper swiper-image-stretch\" aria-live=\"off\">\n\t\t\t\t\t\t\t\t<div class=\"swiper-slide\" role=\"group\" aria-roledescription=\"slide\" aria-label=\"1 de 1\"><a data-elementor-open-lightbox=\"yes\" data-elementor-lightbox-slideshow=\"2d052fe\" data-elementor-lightbox-title=\"danta-miradorrioazul-\u00a9IVAN_CASTRO - copia2\" data-e-action-hash=\"#elementor-action%3Aaction%3Dlightbox%26settings%3DeyJpZCI6NTE5OCwidXJsIjoiaHR0cHM6XC9cL3R1cmlzbW8tc2lnYXAuY29uYXAuZ29iLmd0XC93cC1jb250ZW50XC91cGxvYWRzXC8yMDI1XC8wM1wvZGFudGEtbWlyYWRvcnJpb2F6dWwtXHUwMGE5SVZBTl9DQVNUUk8tY29waWEyLTEuanBnIiwic2xpZGVzaG93IjoiMmQwNTJmZSJ9\" href=\"https:\/\/turismo-sigap.conap.gob.gt\/en\/rutas-turisticas\/ruta-del-mundo-maya-peten\/parque-nacional-mirador-rio-azul-biotopo-protegido-naachtun-dos-lagunas\/\" target=\"_blank\"><figure class=\"swiper-slide-inner\"><img decoding=\"async\" class=\"swiper-slide-image\" src=\"https:\/\/turismo-sigap.conap.gob.gt\/wp-content\/uploads\/2025\/03\/danta-miradorrioazul-\u00a9IVAN_CASTRO-copia2-1.jpg\" alt=\"Parque Nacional Mirador Rio Azul \/ Biotopo Protegido Naacht\u00fan - Dos Lagunas\" \/><figcaption class=\"elementor-image-carousel-caption\">Parque Nacional Mirador Rio Azul \/ Biotopo Protegido Naacht\u00fan - Dos Lagunas<\/figcaption><\/figure><\/a><\/div>\t\t\t<\/div>\n\t\t\t\t\t<\/div>\n\t\t\t\t\t\t<\/div>\n\t\t\t\t<\/div>\n\t\t\t\t<div class=\"elementor-element elementor-element-0b45ba5 elementor-arrows-position-outside elementor-pagination-position-outside elementor-widget elementor-widget-image-carousel\" data-id=\"0b45ba5\" data-element_type=\"widget\" data-settings=\"{&quot;slides_to_show&quot;:&quot;1&quot;,&quot;autoplay_speed&quot;:6000,&quot;slides_to_show_tablet&quot;:&quot;1&quot;,&quot;slides_to_show_mobile&quot;:&quot;1&quot;,&quot;speed&quot;:600,&quot;navigation&quot;:&quot;both&quot;,&quot;autoplay&quot;:&quot;yes&quot;,&quot;pause_on_hover&quot;:&quot;yes&quot;,&quot;pause_on_interaction&quot;:&quot;yes&quot;,&quot;infinite&quot;:&quot;yes&quot;,&quot;effect&quot;:&quot;slide&quot;}\" data-widget_type=\"image-carousel.default\">\n\t\t\t\t<div class=\"elementor-widget-container\">\n\t\t\t\t\t\t\t<div class=\"elementor-image-carousel-wrapper swiper\" role=\"region\" aria-roledescription=\"carousel\" aria-label=\"Carrusel de im\u00e1genes 1\" dir=\"rtl\">\n\t\t\t<div class=\"elementor-image-carousel swiper-wrapper swiper-image-stretch\" aria-live=\"off\">\n\t\t\t\t\t\t\t\t<div class=\"swiper-slide\" role=\"group\" aria-roledescription=\"slide\" aria-label=\"1 de 1\"><a data-elementor-open-lightbox=\"yes\" data-elementor-lightbox-slideshow=\"0b45ba5\" data-elementor-lightbox-title=\"Parque Nacional Yaxh\u00e1 Nakum Naranjo\" data-e-action-hash=\"#elementor-action%3Aaction%3Dlightbox%26settings%3DeyJpZCI6NTE4MiwidXJsIjoiaHR0cHM6XC9cL3R1cmlzbW8tc2lnYXAuY29uYXAuZ29iLmd0XC93cC1jb250ZW50XC91cGxvYWRzXC8yMDI1XC8wM1wvWWF4aGEtXHUwMGE5SU5HVUFULTQtY29waWEtMS5qcGciLCJzbGlkZXNob3ciOiIwYjQ1YmE1In0%3D\" href=\"https:\/\/turismo-sigap.conap.gob.gt\/en\/rutas-turisticas\/ruta-del-mundo-maya-peten\/parque-nacional-yaxha-nakum-naranjo\/\" target=\"_blank\"><figure class=\"swiper-slide-inner\"><img decoding=\"async\" class=\"swiper-slide-image\" src=\"https:\/\/turismo-sigap.conap.gob.gt\/wp-content\/uploads\/2025\/03\/Yaxha-\u00a9INGUAT-4-copia-1.jpg\" alt=\"Parque Nacional Yaxh\u00e1 Nakum Naranjo\" \/><figcaption class=\"elementor-image-carousel-caption\">Parque Nacional Yaxh\u00e1 Nakum Naranjo<\/figcaption><\/figure><\/a><\/div>\t\t\t<\/div>\n\t\t\t\t\t<\/div>\n\t\t\t\t\t\t<\/div>\n\t\t\t\t<\/div>\n\t\t\t\t<div class=\"elementor-element elementor-element-b840750 elementor-arrows-position-outside elementor-pagination-position-outside elementor-widget elementor-widget-image-carousel\" data-id=\"b840750\" data-element_type=\"widget\" data-settings=\"{&quot;slides_to_show&quot;:&quot;1&quot;,&quot;autoplay_speed&quot;:6000,&quot;slides_to_show_tablet&quot;:&quot;1&quot;,&quot;slides_to_show_mobile&quot;:&quot;1&quot;,&quot;speed&quot;:600,&quot;navigation&quot;:&quot;both&quot;,&quot;autoplay&quot;:&quot;yes&quot;,&quot;pause_on_hover&quot;:&quot;yes&quot;,&quot;pause_on_interaction&quot;:&quot;yes&quot;,&quot;infinite&quot;:&quot;yes&quot;,&quot;effect&quot;:&quot;slide&quot;}\" data-widget_type=\"image-carousel.default\">\n\t\t\t\t<div class=\"elementor-widget-container\">\n\t\t\t\t\t\t\t<div class=\"elementor-image-carousel-wrapper swiper\" role=\"region\" aria-roledescription=\"carousel\" aria-label=\"Carrusel de im\u00e1genes 1\" dir=\"rtl\">\n\t\t\t<div class=\"elementor-image-carousel swiper-wrapper swiper-image-stretch\" aria-live=\"off\">\n\t\t\t\t\t\t\t\t<div class=\"swiper-slide\" role=\"group\" aria-roledescription=\"slide\" aria-label=\"1 de 1\"><a data-elementor-open-lightbox=\"yes\" data-elementor-lightbox-slideshow=\"b840750\" data-elementor-lightbox-title=\"Parque Nacional Tikal \/ Parque Arqueol\u00f3gico Uaxact\u00fan\" data-e-action-hash=\"#elementor-action%3Aaction%3Dlightbox%26settings%3DeyJpZCI6NTIwMiwidXJsIjoiaHR0cHM6XC9cL3R1cmlzbW8tc2lnYXAuY29uYXAuZ29iLmd0XC93cC1jb250ZW50XC91cGxvYWRzXC8yMDI1XC8wM1wvSGFsY29uLVBlY2hvLU5hcmFuamEuLUZhbGNvLWRlaXJvbGV1Y3VzLVx1MDBhOURhbmllbC1NZXJpZGEtNC1jb3BpYS5qcGciLCJzbGlkZXNob3ciOiJiODQwNzUwIn0%3D\" href=\"https:\/\/turismo-sigap.conap.gob.gt\/en\/rutas-turisticas\/ruta-del-mundo-maya-peten\/parque-nacional-tikal-parque-arqueologico-uaxactun\/\" target=\"_blank\"><figure class=\"swiper-slide-inner\"><img decoding=\"async\" class=\"swiper-slide-image\" src=\"https:\/\/turismo-sigap.conap.gob.gt\/wp-content\/uploads\/2025\/03\/Halcon-Pecho-Naranja.-Falco-deiroleucus-\u00a9Daniel-Merida-4-copia.jpg\" alt=\"Parque Nacional Tikal \/ Parque Arqueol\u00f3gico Uaxact\u00fan\" \/><figcaption class=\"elementor-image-carousel-caption\">Parque Nacional Tikal \/ Parque Arqueol\u00f3gico Uaxact\u00fan<\/figcaption><\/figure><\/a><\/div>\t\t\t<\/div>\n\t\t\t\t\t<\/div>\n\t\t\t\t\t\t<\/div>\n\t\t\t\t<\/div>\n\t\t\t\t<div class=\"elementor-element elementor-element-9034855 elementor-arrows-position-outside elementor-pagination-position-outside elementor-widget elementor-widget-image-carousel\" data-id=\"9034855\" data-element_type=\"widget\" data-settings=\"{&quot;slides_to_show&quot;:&quot;1&quot;,&quot;autoplay_speed&quot;:2000,&quot;slides_to_show_tablet&quot;:&quot;1&quot;,&quot;slides_to_show_mobile&quot;:&quot;1&quot;,&quot;navigation&quot;:&quot;both&quot;,&quot;autoplay&quot;:&quot;yes&quot;,&quot;pause_on_hover&quot;:&quot;yes&quot;,&quot;pause_on_interaction&quot;:&quot;yes&quot;,&quot;infinite&quot;:&quot;yes&quot;,&quot;effect&quot;:&quot;slide&quot;,&quot;speed&quot;:500}\" data-widget_type=\"image-carousel.default\">\n\t\t\t\t<div class=\"elementor-widget-container\">\n\t\t\t\t\t\t\t<div class=\"elementor-image-carousel-wrapper swiper\" role=\"region\" aria-roledescription=\"carousel\" aria-label=\"Carrusel de im\u00e1genes\" dir=\"ltr\">\n\t\t\t<div class=\"elementor-image-carousel swiper-wrapper swiper-image-stretch\" aria-live=\"off\">\n\t\t\t\t\t\t\t\t<div class=\"swiper-slide\" role=\"group\" aria-roledescription=\"slide\" aria-label=\"1 de 1\"><a data-elementor-open-lightbox=\"yes\" data-elementor-lightbox-slideshow=\"9034855\" data-elementor-lightbox-title=\"Cerro Cahu\u00ed (7) CONAP - copia\" data-e-action-hash=\"#elementor-action%3Aaction%3Dlightbox%26settings%3DeyJpZCI6NTIwNCwidXJsIjoiaHR0cHM6XC9cL3R1cmlzbW8tc2lnYXAuY29uYXAuZ29iLmd0XC93cC1jb250ZW50XC91cGxvYWRzXC8yMDI1XC8wM1wvQ2Vycm8tQ2FodWktNy1DT05BUC1jb3BpYS5qcGciLCJzbGlkZXNob3ciOiI5MDM0ODU1In0%3D\" href=\"https:\/\/turismo-sigap.conap.gob.gt\/en\/rutas-turisticas\/ruta-del-mundo-maya-peten\/biotopo-protegido-cerro-cahui\/\"><figure class=\"swiper-slide-inner\"><img decoding=\"async\" class=\"swiper-slide-image\" src=\"https:\/\/turismo-sigap.conap.gob.gt\/wp-content\/uploads\/2025\/03\/Cerro-Cahui-7-CONAP-copia.jpg\" alt=\"Biotopo Protegido Cerro Cahu\u00ed\" \/><figcaption class=\"elementor-image-carousel-caption\">Biotopo Protegido Cerro Cahu\u00ed<\/figcaption><\/figure><\/a><\/div>\t\t\t<\/div>\n\t\t\t\t\t<\/div>\n\t\t\t\t\t\t<\/div>\n\t\t\t\t<\/div>\n\t\t\t\t<div class=\"elementor-element elementor-element-4f10810 elementor-arrows-position-outside elementor-pagination-position-outside elementor-widget elementor-widget-image-carousel\" data-id=\"4f10810\" data-element_type=\"widget\" data-settings=\"{&quot;slides_to_show&quot;:&quot;1&quot;,&quot;autoplay_speed&quot;:2000,&quot;slides_to_show_tablet&quot;:&quot;1&quot;,&quot;slides_to_show_mobile&quot;:&quot;1&quot;,&quot;navigation&quot;:&quot;both&quot;,&quot;autoplay&quot;:&quot;yes&quot;,&quot;pause_on_hover&quot;:&quot;yes&quot;,&quot;pause_on_interaction&quot;:&quot;yes&quot;,&quot;infinite&quot;:&quot;yes&quot;,&quot;effect&quot;:&quot;slide&quot;,&quot;speed&quot;:500}\" data-widget_type=\"image-carousel.default\">\n\t\t\t\t<div class=\"elementor-widget-container\">\n\t\t\t\t\t\t\t<div class=\"elementor-image-carousel-wrapper swiper\" role=\"region\" aria-roledescription=\"carousel\" aria-label=\"Carrusel de im\u00e1genes\" dir=\"ltr\">\n\t\t\t<div class=\"elementor-image-carousel swiper-wrapper swiper-image-stretch\" aria-live=\"off\">\n\t\t\t\t\t\t\t\t<div class=\"swiper-slide\" role=\"group\" aria-roledescription=\"slide\" aria-label=\"1 de 1\"><a data-elementor-open-lightbox=\"yes\" data-elementor-lightbox-slideshow=\"4f10810\" data-elementor-lightbox-title=\"Parque Regional Municipal Cuevas Act\u00fan-Kan\" data-e-action-hash=\"#elementor-action%3Aaction%3Dlightbox%26settings%3DeyJpZCI6NTIwOCwidXJsIjoiaHR0cHM6XC9cL3R1cmlzbW8tc2lnYXAuY29uYXAuZ29iLmd0XC93cC1jb250ZW50XC91cGxvYWRzXC8yMDI1XC8wM1wvXHUwMGE5SU5HVUFULTQtY29waWEuanBnIiwic2xpZGVzaG93IjoiNGYxMDgxMCJ9\" href=\"https:\/\/turismo-sigap.conap.gob.gt\/en\/rutas-turisticas\/ruta-del-mundo-maya-peten\/parque-regional-municipal-cuevas-actun-kan\/\"><figure class=\"swiper-slide-inner\"><img decoding=\"async\" class=\"swiper-slide-image\" src=\"https:\/\/turismo-sigap.conap.gob.gt\/wp-content\/uploads\/2025\/03\/\u00a9INGUAT-4-copia.jpg\" alt=\"Parque Regional Municipal Cuevas Act\u00fan-Kan\" \/><figcaption class=\"elementor-image-carousel-caption\">Parque Regional Municipal Cuevas Act\u00fan-Kan<\/figcaption><\/figure><\/a><\/div>\t\t\t<\/div>\n\t\t\t\t\t<\/div>\n\t\t\t\t\t\t<\/div>\n\t\t\t\t<\/div>\n\t\t\t\t<div class=\"elementor-element elementor-element-9dc4edb elementor-arrows-position-outside elementor-pagination-position-outside elementor-widget elementor-widget-image-carousel\" data-id=\"9dc4edb\" data-element_type=\"widget\" data-settings=\"{&quot;slides_to_show&quot;:&quot;1&quot;,&quot;autoplay_speed&quot;:2000,&quot;slides_to_show_tablet&quot;:&quot;1&quot;,&quot;slides_to_show_mobile&quot;:&quot;1&quot;,&quot;navigation&quot;:&quot;both&quot;,&quot;autoplay&quot;:&quot;yes&quot;,&quot;pause_on_hover&quot;:&quot;yes&quot;,&quot;pause_on_interaction&quot;:&quot;yes&quot;,&quot;infinite&quot;:&quot;yes&quot;,&quot;effect&quot;:&quot;slide&quot;,&quot;speed&quot;:500}\" data-widget_type=\"image-carousel.default\">\n\t\t\t\t<div class=\"elementor-widget-container\">\n\t\t\t\t\t\t\t<div class=\"elementor-image-carousel-wrapper swiper\" role=\"region\" aria-roledescription=\"carousel\" aria-label=\"Carrusel de im\u00e1genes\" dir=\"ltr\">\n\t\t\t<div class=\"elementor-image-carousel swiper-wrapper swiper-image-stretch\" aria-live=\"off\">\n\t\t\t\t\t\t\t\t<div class=\"swiper-slide\" role=\"group\" aria-roledescription=\"slide\" aria-label=\"1 de 1\"><a data-elementor-open-lightbox=\"yes\" data-elementor-lightbox-slideshow=\"9dc4edb\" data-elementor-lightbox-title=\"Biotopo Protegido &quot;San Miguel La Palotada El Zotz&quot;\" data-e-action-hash=\"#elementor-action%3Aaction%3Dlightbox%26settings%3DeyJpZCI6NTIxNiwidXJsIjoiaHR0cHM6XC9cL3R1cmlzbW8tc2lnYXAuY29uYXAuZ29iLmd0XC93cC1jb250ZW50XC91cGxvYWRzXC8yMDI1XC8wM1wvTWFtaWZlcm9zLU15b3Rpcy1rZXlzaS1cdTAwYTlKb3NlLUx1aXMtRWNoZXZlcnJpYS1UZWxsby1jb3BpYS5qcGciLCJzbGlkZXNob3ciOiI5ZGM0ZWRiIn0%3D\" href=\"https:\/\/turismo-sigap.conap.gob.gt\/en\/rutas-turisticas\/ruta-del-mundo-maya-peten\/biotopo-protegido-san-miguel-la-palotada-el-zotz\/\"><figure class=\"swiper-slide-inner\"><img decoding=\"async\" class=\"swiper-slide-image\" src=\"https:\/\/turismo-sigap.conap.gob.gt\/wp-content\/uploads\/2025\/03\/Mamiferos-Myotis-keysi-\u00a9Jose-Luis-Echeverria-Tello-copia.jpg\" alt=\"Biotopo Protegido &quot;San Miguel La Palotada El Zotz&quot;\" \/><figcaption class=\"elementor-image-carousel-caption\">Biotopo Protegido \"San Miguel La Palotada El Zotz\"<\/figcaption><\/figure><\/a><\/div>\t\t\t<\/div>\n\t\t\t\t\t<\/div>\n\t\t\t\t\t\t<\/div>\n\t\t\t\t<\/div>\n\t\t\t\t<div class=\"elementor-element elementor-element-728e06e elementor-arrows-position-outside elementor-pagination-position-outside elementor-widget elementor-widget-image-carousel\" data-id=\"728e06e\" data-element_type=\"widget\" data-settings=\"{&quot;slides_to_show&quot;:&quot;1&quot;,&quot;autoplay_speed&quot;:2000,&quot;slides_to_show_tablet&quot;:&quot;1&quot;,&quot;slides_to_show_mobile&quot;:&quot;1&quot;,&quot;navigation&quot;:&quot;both&quot;,&quot;autoplay&quot;:&quot;yes&quot;,&quot;pause_on_hover&quot;:&quot;yes&quot;,&quot;pause_on_interaction&quot;:&quot;yes&quot;,&quot;infinite&quot;:&quot;yes&quot;,&quot;effect&quot;:&quot;slide&quot;,&quot;speed&quot;:500}\" data-widget_type=\"image-carousel.default\">\n\t\t\t\t<div class=\"elementor-widget-container\">\n\t\t\t\t\t\t\t<div class=\"elementor-image-carousel-wrapper swiper\" role=\"region\" aria-roledescription=\"carousel\" aria-label=\"Carrusel de im\u00e1genes\" dir=\"ltr\">\n\t\t\t<div class=\"elementor-image-carousel swiper-wrapper swiper-image-stretch\" aria-live=\"off\">\n\t\t\t\t\t\t\t\t<div class=\"swiper-slide\" role=\"group\" aria-roledescription=\"slide\" aria-label=\"1 de 1\"><a data-elementor-open-lightbox=\"yes\" data-elementor-lightbox-slideshow=\"728e06e\" data-elementor-lightbox-title=\"Parque Nacional Laguna Del Tigre &quot;Estaci\u00f3n Biol\u00f3gica Las Guacamayas&quot;\" data-e-action-hash=\"#elementor-action%3Aaction%3Dlightbox%26settings%3DeyJpZCI6NTIyMCwidXJsIjoiaHR0cHM6XC9cL3R1cmlzbW8tc2lnYXAuY29uYXAuZ29iLmd0XC93cC1jb250ZW50XC91cGxvYWRzXC8yMDI1XC8wM1wvR3VhY2FtYXlhLUFyYS1tYWNhby1cdTAwYTlFcmljay1SYW1pcm8tY29waWEuanBnIiwic2xpZGVzaG93IjoiNzI4ZTA2ZSJ9\" href=\"https:\/\/turismo-sigap.conap.gob.gt\/en\/rutas-turisticas\/ruta-del-mundo-maya-peten\/parque-nacional-laguna-del-tigre-estacion-biologica-las-guacamayas\/\"><figure class=\"swiper-slide-inner\"><img decoding=\"async\" class=\"swiper-slide-image\" src=\"https:\/\/turismo-sigap.conap.gob.gt\/wp-content\/uploads\/2025\/03\/Guacamaya-Ara-macao-\u00a9Erick-Ramiro-copia.jpg\" alt=\"Parque Nacional Laguna Del Tigre &quot;Estaci\u00f3n Biol\u00f3gica Las Guacamayas&quot;\" \/><figcaption class=\"elementor-image-carousel-caption\">Parque Nacional Laguna Del Tigre \"Estaci\u00f3n Biol\u00f3gica Las Guacamayas\"<\/figcaption><\/figure><\/a><\/div>\t\t\t<\/div>\n\t\t\t\t\t<\/div>\n\t\t\t\t\t\t<\/div>\n\t\t\t\t<\/div>\n\t\t\t\t<div class=\"elementor-element elementor-element-1ec18e9 elementor-arrows-position-outside elementor-pagination-position-outside elementor-widget elementor-widget-image-carousel\" data-id=\"1ec18e9\" data-element_type=\"widget\" data-settings=\"{&quot;slides_to_show&quot;:&quot;1&quot;,&quot;autoplay_speed&quot;:2000,&quot;slides_to_show_tablet&quot;:&quot;1&quot;,&quot;slides_to_show_mobile&quot;:&quot;1&quot;,&quot;navigation&quot;:&quot;both&quot;,&quot;autoplay&quot;:&quot;yes&quot;,&quot;pause_on_hover&quot;:&quot;yes&quot;,&quot;pause_on_interaction&quot;:&quot;yes&quot;,&quot;infinite&quot;:&quot;yes&quot;,&quot;effect&quot;:&quot;slide&quot;,&quot;speed&quot;:500}\" data-widget_type=\"image-carousel.default\">\n\t\t\t\t<div class=\"elementor-widget-container\">\n\t\t\t\t\t\t\t<div class=\"elementor-image-carousel-wrapper swiper\" role=\"region\" aria-roledescription=\"carousel\" aria-label=\"Carrusel de im\u00e1genes\" dir=\"ltr\">\n\t\t\t<div class=\"elementor-image-carousel swiper-wrapper swiper-image-stretch\" aria-live=\"off\">\n\t\t\t\t\t\t\t\t<div class=\"swiper-slide\" role=\"group\" aria-roledescription=\"slide\" aria-label=\"1 de 1\"><a data-elementor-open-lightbox=\"yes\" data-elementor-lightbox-slideshow=\"1ec18e9\" data-elementor-lightbox-title=\"Parque Nacional El Rosario\" data-e-action-hash=\"#elementor-action%3Aaction%3Dlightbox%26settings%3DeyJpZCI6NTIyMSwidXJsIjoiaHR0cHM6XC9cL3R1cmlzbW8tc2lnYXAuY29uYXAuZ29iLmd0XC93cC1jb250ZW50XC91cGxvYWRzXC8yMDI1XC8wM1wvUGFycXVlLU5hY2lvbmFsLUVsLVJvc2FyaW8uanBnIiwic2xpZGVzaG93IjoiMWVjMThlOSJ9\" href=\"https:\/\/turismo-sigap.conap.gob.gt\/en\/rutas-turisticas\/ruta-del-mundo-maya-peten\/parque-nacional-el-rosario\/\"><figure class=\"swiper-slide-inner\"><img decoding=\"async\" class=\"swiper-slide-image\" src=\"https:\/\/turismo-sigap.conap.gob.gt\/wp-content\/uploads\/2025\/03\/Parque-Nacional-El-Rosario.jpg\" alt=\"Parque Nacional El Rosario\" \/><figcaption class=\"elementor-image-carousel-caption\">Parque Nacional El Rosario<\/figcaption><\/figure><\/a><\/div>\t\t\t<\/div>\n\t\t\t\t\t<\/div>\n\t\t\t\t\t\t<\/div>\n\t\t\t\t<\/div>\n\t\t\t\t<div class=\"elementor-element elementor-element-7642f06 elementor-arrows-position-outside elementor-pagination-position-outside elementor-widget elementor-widget-image-carousel\" data-id=\"7642f06\" data-element_type=\"widget\" data-settings=\"{&quot;slides_to_show&quot;:&quot;1&quot;,&quot;autoplay_speed&quot;:2000,&quot;slides_to_show_tablet&quot;:&quot;1&quot;,&quot;slides_to_show_mobile&quot;:&quot;1&quot;,&quot;navigation&quot;:&quot;both&quot;,&quot;autoplay&quot;:&quot;yes&quot;,&quot;pause_on_hover&quot;:&quot;yes&quot;,&quot;pause_on_interaction&quot;:&quot;yes&quot;,&quot;infinite&quot;:&quot;yes&quot;,&quot;effect&quot;:&quot;slide&quot;,&quot;speed&quot;:500}\" data-widget_type=\"image-carousel.default\">\n\t\t\t\t<div class=\"elementor-widget-container\">\n\t\t\t\t\t\t\t<div class=\"elementor-image-carousel-wrapper swiper\" role=\"region\" aria-roledescription=\"carousel\" aria-label=\"Carrusel de im\u00e1genes\" dir=\"ltr\">\n\t\t\t<div class=\"elementor-image-carousel swiper-wrapper swiper-image-stretch\" aria-live=\"off\">\n\t\t\t\t\t\t\t\t<div class=\"swiper-slide\" role=\"group\" aria-roledescription=\"slide\" aria-label=\"1 de 1\"><a data-elementor-open-lightbox=\"yes\" data-elementor-lightbox-slideshow=\"7642f06\" data-elementor-lightbox-title=\"Monumento Cultural Aguateca\" data-e-action-hash=\"#elementor-action%3Aaction%3Dlightbox%26settings%3DeyJpZCI6NTIyMywidXJsIjoiaHR0cHM6XC9cL3R1cmlzbW8tc2lnYXAuY29uYXAuZ29iLmd0XC93cC1jb250ZW50XC91cGxvYWRzXC8yMDI1XC8wM1wvTW9udW1lbnRvLUN1bHR1cmFsLUFndWF0ZWNhLmpwZyIsInNsaWRlc2hvdyI6Ijc2NDJmMDYifQ%3D%3D\" href=\"https:\/\/turismo-sigap.conap.gob.gt\/en\/rutas-turisticas\/ruta-del-mundo-maya-peten\/monumento-cultural-aguateca\/\"><figure class=\"swiper-slide-inner\"><img decoding=\"async\" class=\"swiper-slide-image\" src=\"https:\/\/turismo-sigap.conap.gob.gt\/wp-content\/uploads\/2025\/03\/Monumento-Cultural-Aguateca.jpg\" alt=\"Monumento Cultural Aguateca\" \/><figcaption class=\"elementor-image-carousel-caption\">Monumento Cultural Aguateca<\/figcaption><\/figure><\/a><\/div>\t\t\t<\/div>\n\t\t\t\t\t<\/div>\n\t\t\t\t\t\t<\/div>\n\t\t\t\t<\/div>\n\t\t\t\t<div class=\"elementor-element elementor-element-fc7078e elementor-arrows-position-outside elementor-pagination-position-outside elementor-widget elementor-widget-image-carousel\" data-id=\"fc7078e\" data-element_type=\"widget\" data-settings=\"{&quot;slides_to_show&quot;:&quot;1&quot;,&quot;autoplay_speed&quot;:2000,&quot;slides_to_show_tablet&quot;:&quot;1&quot;,&quot;slides_to_show_mobile&quot;:&quot;1&quot;,&quot;navigation&quot;:&quot;both&quot;,&quot;autoplay&quot;:&quot;yes&quot;,&quot;pause_on_hover&quot;:&quot;yes&quot;,&quot;pause_on_interaction&quot;:&quot;yes&quot;,&quot;infinite&quot;:&quot;yes&quot;,&quot;effect&quot;:&quot;slide&quot;,&quot;speed&quot;:500}\" data-widget_type=\"image-carousel.default\">\n\t\t\t\t<div class=\"elementor-widget-container\">\n\t\t\t\t\t\t\t<div class=\"elementor-image-carousel-wrapper swiper\" role=\"region\" aria-roledescription=\"carousel\" aria-label=\"Carrusel de im\u00e1genes\" dir=\"ltr\">\n\t\t\t<div class=\"elementor-image-carousel swiper-wrapper swiper-image-stretch\" aria-live=\"off\">\n\t\t\t\t\t\t\t\t<div class=\"swiper-slide\" role=\"group\" aria-roledescription=\"slide\" aria-label=\"1 de 1\"><a data-elementor-open-lightbox=\"yes\" data-elementor-lightbox-slideshow=\"fc7078e\" data-elementor-lightbox-title=\"Monumento Cultural Ceibal\" data-e-action-hash=\"#elementor-action%3Aaction%3Dlightbox%26settings%3DeyJpZCI6NTIyNCwidXJsIjoiaHR0cHM6XC9cL3R1cmlzbW8tc2lnYXAuY29uYXAuZ29iLmd0XC93cC1jb250ZW50XC91cGxvYWRzXC8yMDI1XC8wM1wvTW9udW1lbnRvLUN1bHR1cmFsLUNlaWJhbC5qcGciLCJzbGlkZXNob3ciOiJmYzcwNzhlIn0%3D\" href=\"https:\/\/turismo-sigap.conap.gob.gt\/en\/rutas-turisticas\/ruta-del-mundo-maya-peten\/monumento-cultural-ceibal\/\"><figure class=\"swiper-slide-inner\"><img decoding=\"async\" class=\"swiper-slide-image\" src=\"https:\/\/turismo-sigap.conap.gob.gt\/wp-content\/uploads\/2025\/03\/Monumento-Cultural-Ceibal.jpg\" alt=\"Monumento Cultural Ceibal\" \/><figcaption class=\"elementor-image-carousel-caption\">Monumento Cultural Ceibal<\/figcaption><\/figure><\/a><\/div>\t\t\t<\/div>\n\t\t\t\t\t<\/div>\n\t\t\t\t\t\t<\/div>\n\t\t\t\t<\/div>\n\t\t\t\t<div class=\"elementor-element elementor-element-1a844f6 elementor-arrows-position-outside elementor-pagination-position-outside elementor-widget elementor-widget-image-carousel\" data-id=\"1a844f6\" data-element_type=\"widget\" data-settings=\"{&quot;slides_to_show&quot;:&quot;1&quot;,&quot;autoplay_speed&quot;:2000,&quot;slides_to_show_tablet&quot;:&quot;1&quot;,&quot;slides_to_show_mobile&quot;:&quot;1&quot;,&quot;navigation&quot;:&quot;both&quot;,&quot;autoplay&quot;:&quot;yes&quot;,&quot;pause_on_hover&quot;:&quot;yes&quot;,&quot;pause_on_interaction&quot;:&quot;yes&quot;,&quot;infinite&quot;:&quot;yes&quot;,&quot;effect&quot;:&quot;slide&quot;,&quot;speed&quot;:500}\" data-widget_type=\"image-carousel.default\">\n\t\t\t\t<div class=\"elementor-widget-container\">\n\t\t\t\t\t\t\t<div class=\"elementor-image-carousel-wrapper swiper\" role=\"region\" aria-roledescription=\"carousel\" aria-label=\"Carrusel de im\u00e1genes\" dir=\"ltr\">\n\t\t\t<div class=\"elementor-image-carousel swiper-wrapper swiper-image-stretch\" aria-live=\"off\">\n\t\t\t\t\t\t\t\t<div class=\"swiper-slide\" role=\"group\" aria-roledescription=\"slide\" aria-label=\"1 de 1\"><a data-elementor-open-lightbox=\"yes\" data-elementor-lightbox-slideshow=\"1a844f6\" data-elementor-lightbox-title=\"Parque Nacional Sierra De Lacand\u00f3n Sitio Arqueol\u00f3gico Piedras Negras\" data-e-action-hash=\"#elementor-action%3Aaction%3Dlightbox%26settings%3DeyJpZCI6NTIyNSwidXJsIjoiaHR0cHM6XC9cL3R1cmlzbW8tc2lnYXAuY29uYXAuZ29iLmd0XC93cC1jb250ZW50XC91cGxvYWRzXC8yMDI1XC8wM1wvUGFycXVlLU5hY2lvbmFsLVNpZXJyYS1EZS1MYWNhbmRvbi1TaXRpby1BcnF1ZW9sb2dpY28tUGllZHJhcy1OZWdyYXMuanBnIiwic2xpZGVzaG93IjoiMWE4NDRmNiJ9\" href=\"https:\/\/turismo-sigap.conap.gob.gt\/en\/rutas-turisticas\/ruta-del-mundo-maya-peten\/parque-nacional-sierra-de-lacandon-sitio-arqueologico-piedras-negras\/\"><figure class=\"swiper-slide-inner\"><img decoding=\"async\" class=\"swiper-slide-image\" src=\"https:\/\/turismo-sigap.conap.gob.gt\/wp-content\/uploads\/2025\/03\/Parque-Nacional-Sierra-De-Lacandon-Sitio-Arqueologico-Piedras-Negras.jpg\" alt=\"Parque Nacional Sierra De Lacand\u00f3n Sitio Arqueol\u00f3gico Piedras Negras\" \/><figcaption class=\"elementor-image-carousel-caption\">Parque Nacional Sierra De Lacand\u00f3n Sitio Arqueol\u00f3gico Piedras Negras<\/figcaption><\/figure><\/a><\/div>\t\t\t<\/div>\n\t\t\t\t\t<\/div>\n\t\t\t\t\t\t<\/div>\n\t\t\t\t<\/div>\n\t\t\t\t\t<\/div>\n\t\t\t\t<\/div>\n\t\t\t\t\t<\/div>\n\t\t\t\t<\/div>\n\t\t\t\t<\/div>","protected":false},"excerpt":{"rendered":"<p>Ruta del mundo Maya PETEN Aventura Ruta Mundo Maya: Esta ruta, ubicada en el departamento de Pet\u00e9n, refleja la majestuosidad de la Cultura Maya y su legado, que se puede apreciar hoy en los imponentes sitios arqueol\u00f3gicos que narran una historia de m\u00e1s de 2,500 a\u00f1os de ocupaci\u00f3n. Las antiguas ciudades mayas combinadas con exuberantes [&hellip;]<\/p>","protected":false},"author":2,"featured_media":0,"parent":4602,"menu_order":0,"comment_status":"closed","ping_status":"closed","template":"","meta":{"_surecart_dashboard_logo_width":"180px","_surecart_dashboard_show_logo":true,"_surecart_dashboard_navigation_orders":true,"_surecart_dashboard_navigation_invoices":true,"_surecart_dashboard_navigation_subscriptions":true,"_surecart_dashboard_navigation_downloads":true,"_surecart_dashboard_navigation_billing":true,"_surecart_dashboard_navigation_account":true,"_uag_custom_page_level_css":"","site-sidebar-layout":"no-sidebar","site-content-layout":"page-builder","ast-site-content-layout":"full-width-container","site-content-style":"unboxed","site-sidebar-style":"unboxed","ast-global-header-display":"","ast-banner-title-visibility":"","ast-main-header-display":"","ast-hfb-above-header-display":"","ast-hfb-below-header-display":"","ast-hfb-mobile-header-display":"","site-post-title":"disabled","ast-breadcrumbs-content":"","ast-featured-img":"disabled","footer-sml-layout":"","theme-transparent-header-meta":"enabled","adv-header-id-meta":"","stick-header-meta":"","header-above-stick-meta":"","header-main-stick-meta":"","header-below-stick-meta":"","astra-migrate-meta-layouts":"set","ast-page-background-enabled":"default","ast-page-background-meta":{"desktop":{"background-color":"","background-image":"","background-repeat":"repeat","background-position":"center center","background-size":"auto","background-attachment":"scroll","background-type":"","background-media":"","overlay-type":"","overlay-color":"","overlay-opacity":"","overlay-gradient":""},"tablet":{"background-color":"","background-image":"","background-repeat":"repeat","background-position":"center center","background-size":"auto","background-attachment":"scroll","background-type":"","background-media":"","overlay-type":"","overlay-color":"","overlay-opacity":"","overlay-gradient":""},"mobile":{"background-color":"","background-image":"","background-repeat":"repeat","background-position":"center center","background-size":"auto","background-attachment":"scroll","background-type":"","background-media":"","overlay-type":"","overlay-color":"","overlay-opacity":"","overlay-gradient":""}},"ast-content-background-meta":{"desktop":{"background-color":"var(--ast-global-color-5)","background-image":"","background-repeat":"repeat","background-position":"center center","background-size":"auto","background-attachment":"scroll","background-type":"","background-media":"","overlay-type":"","overlay-color":"","overlay-opacity":"","overlay-gradient":""},"tablet":{"background-color":"var(--ast-global-color-5)","background-image":"","background-repeat":"repeat","background-position":"center center","background-size":"auto","background-attachment":"scroll","background-type":"","background-media":"","overlay-type":"","overlay-color":"","overlay-opacity":"","overlay-gradient":""},"mobile":{"background-color":"var(--ast-global-color-5)","background-image":"","background-repeat":"repeat","background-position":"center center","background-size":"auto","background-attachment":"scroll","background-type":"","background-media":"","overlay-type":"","overlay-color":"","overlay-opacity":"","overlay-gradient":""}},"footnotes":""},"class_list":["post-4645","page","type-page","status-publish","hentry"],"uagb_featured_image_src":{"full":false,"thumbnail":false,"medium":false,"medium_large":false,"large":false,"1536x1536":false,"2048x2048":false,"trp-custom-language-flag":false,"woocommerce_thumbnail":false,"woocommerce_single":false,"woocommerce_gallery_thumbnail":false},"uagb_author_info":{"display_name":"Daniel Efrain Lemus Santos","author_link":"https:\/\/turismo-sigap.conap.gob.gt\/en\/author\/daniellemus\/"},"uagb_comment_info":0,"uagb_excerpt":"Ruta del mundo Maya PETEN Aventura Ruta Mundo Maya: Esta ruta, ubicada en el departamento de Pet\u00e9n, refleja la majestuosidad de la Cultura Maya y su legado, que se puede apreciar hoy en los imponentes sitios arqueol\u00f3gicos que narran una historia de m\u00e1s de 2,500 a\u00f1os de ocupaci\u00f3n. Las antiguas ciudades mayas combinadas con exuberantes&hellip;","_links":{"self":[{"href":"https:\/\/turismo-sigap.conap.gob.gt\/en\/wp-json\/wp\/v2\/pages\/4645","targetHints":{"allow":["GET"]}}],"collection":[{"href":"https:\/\/turismo-sigap.conap.gob.gt\/en\/wp-json\/wp\/v2\/pages"}],"about":[{"href":"https:\/\/turismo-sigap.conap.gob.gt\/en\/wp-json\/wp\/v2\/types\/page"}],"author":[{"embeddable":true,"href":"https:\/\/turismo-sigap.conap.gob.gt\/en\/wp-json\/wp\/v2\/users\/2"}],"replies":[{"embeddable":true,"href":"https:\/\/turismo-sigap.conap.gob.gt\/en\/wp-json\/wp\/v2\/comments?post=4645"}],"version-history":[{"count":115,"href":"https:\/\/turismo-sigap.conap.gob.gt\/en\/wp-json\/wp\/v2\/pages\/4645\/revisions"}],"predecessor-version":[{"id":10000,"href":"https:\/\/turismo-sigap.conap.gob.gt\/en\/wp-json\/wp\/v2\/pages\/4645\/revisions\/10000"}],"up":[{"embeddable":true,"href":"https:\/\/turismo-sigap.conap.gob.gt\/en\/wp-json\/wp\/v2\/pages\/4602"}],"wp:attachment":[{"href":"https:\/\/turismo-sigap.conap.gob.gt\/en\/wp-json\/wp\/v2\/media?parent=4645"}],"curies":[{"name":"wp","href":"https:\/\/api.w.org\/{rel}","templated":true}]}}