{"id":4647,"date":"2025-03-21T11:34:39","date_gmt":"2025-03-21T17:34:39","guid":{"rendered":"https:\/\/ex.conap.gob.gt\/?page_id=4647"},"modified":"2025-05-21T16:19:02","modified_gmt":"2025-05-21T22:19:02","slug":"ruta-de-caribe-verde-caribe-y-oriente","status":"publish","type":"page","link":"https:\/\/turismo-sigap.conap.gob.gt\/en\/rutas-turisticas\/ruta-de-caribe-verde-caribe-y-oriente\/","title":{"rendered":"Ruta de Caribe Verde &#8211; Caribe y Oriente"},"content":{"rendered":"<div data-elementor-type=\"wp-post\" data-elementor-id=\"4647\" class=\"elementor elementor-4647\">\n\t\t\t\t<div class=\"elementor-element elementor-element-36e4911 e-flex e-con-boxed e-con e-parent\" data-id=\"36e4911\" data-element_type=\"container\" data-settings=\"{&quot;background_background&quot;:&quot;classic&quot;}\">\n\t\t\t\t\t<div class=\"e-con-inner\">\n\t\t<div class=\"elementor-element elementor-element-8d332cf e-con-full e-flex e-con e-child\" data-id=\"8d332cf\" data-element_type=\"container\">\n\t\t\t\t<div class=\"elementor-element elementor-element-4bf79de elementor-widget elementor-widget-heading\" data-id=\"4bf79de\" data-element_type=\"widget\" data-widget_type=\"heading.default\">\n\t\t\t\t<div class=\"elementor-widget-container\">\n\t\t\t\t\t<h1 class=\"elementor-heading-title elementor-size-default\">Ruta de Caribe Verde - <b>CARIBE Y ORIENTE<\/b><\/h1>\t\t\t\t<\/div>\n\t\t\t\t<\/div>\n\t\t\t\t<\/div>\n\t\t\t\t\t<\/div>\n\t\t\t\t<\/div>\n\t\t<div class=\"elementor-element elementor-element-0c901ab e-flex e-con-boxed e-con e-parent\" data-id=\"0c901ab\" data-element_type=\"container\">\n\t\t\t\t\t<div class=\"e-con-inner\">\n\t\t<div class=\"elementor-element elementor-element-b71e4eb e-con-full e-flex e-con e-child\" data-id=\"b71e4eb\" data-element_type=\"container\">\n\t\t\t\t<div class=\"elementor-element elementor-element-3c525f0 elementor-widget-divider--view-line_text elementor-widget-divider--element-align-left elementor-widget elementor-widget-divider\" data-id=\"3c525f0\" data-element_type=\"widget\" data-widget_type=\"divider.default\">\n\t\t\t\t<div class=\"elementor-widget-container\">\n\t\t\t\t\t\t\t<div class=\"elementor-divider\">\n\t\t\t<span class=\"elementor-divider-separator\">\n\t\t\t\t\t\t\t<h6 class=\"elementor-divider__text elementor-divider__element\">\n\t\t\t\tAventura\t\t\t\t<\/h6>\n\t\t\t\t\t\t<\/span>\n\t\t<\/div>\n\t\t\t\t\t\t<\/div>\n\t\t\t\t<\/div>\n\t\t\t\t<div class=\"elementor-element elementor-element-52d103b elementor-widget elementor-widget-image-box\" data-id=\"52d103b\" data-element_type=\"widget\" data-widget_type=\"image-box.default\">\n\t\t\t\t<div class=\"elementor-widget-container\">\n\t\t\t\t\t<div class=\"elementor-image-box-wrapper\"><div class=\"elementor-image-box-content\"><h2 class=\"elementor-image-box-title\">Ruta de Caribe Verde - Caribe y Oriente<\/h2><p class=\"elementor-image-box-description\">Abarca los departamentos del oriente y caribe guatemalteco. En esta ruta es posible apreciar desde Chaparrales Espinosos, Bosques de Monta\u00f1a y exuberantes Selvas Tropicales Lluviosas caracter\u00edsticas de la Costa Atl\u00e1ntica de Guatemala. Adem\u00e1s de su diversidad ecol\u00f3gica en esta ruta tambi\u00e9n existe una gran riqueza cultural y es posible compartir con los Chorti\u2019s en Chiquimula, los Q\u2019eqchi\u2019 en Izabal e incluso Gar\u00edfunas, con sus tradiciones, gastronom\u00eda y expresiones culturales afro-descendientes en el \u00e1rea de Livingston, Izabal.<\/p><\/div><\/div>\t\t\t\t<\/div>\n\t\t\t\t<\/div>\n\t\t\t\t<\/div>\n\t\t\t\t\t<\/div>\n\t\t\t\t<\/div>\n\t\t<div class=\"elementor-element elementor-element-b967787 e-flex e-con-boxed e-con e-parent\" data-id=\"b967787\" data-element_type=\"container\">\n\t\t\t\t\t<div class=\"e-con-inner\">\n\t\t<div class=\"elementor-element elementor-element-86e67c4 e-grid e-con-full e-con e-child\" data-id=\"86e67c4\" data-element_type=\"container\" data-settings=\"{&quot;background_background&quot;:&quot;classic&quot;}\">\n\t\t\t\t<div class=\"elementor-element elementor-element-a776d79 elementor-arrows-position-outside elementor-pagination-position-outside elementor-widget elementor-widget-image-carousel\" data-id=\"a776d79\" data-element_type=\"widget\" data-settings=\"{&quot;slides_to_show&quot;:&quot;1&quot;,&quot;autoplay_speed&quot;:6000,&quot;slides_to_show_tablet&quot;:&quot;1&quot;,&quot;slides_to_show_mobile&quot;:&quot;1&quot;,&quot;speed&quot;:600,&quot;navigation&quot;:&quot;both&quot;,&quot;autoplay&quot;:&quot;yes&quot;,&quot;pause_on_hover&quot;:&quot;yes&quot;,&quot;pause_on_interaction&quot;:&quot;yes&quot;,&quot;infinite&quot;:&quot;yes&quot;,&quot;effect&quot;:&quot;slide&quot;}\" data-widget_type=\"image-carousel.default\">\n\t\t\t\t<div class=\"elementor-widget-container\">\n\t\t\t\t\t\t\t<div class=\"elementor-image-carousel-wrapper swiper\" role=\"region\" aria-roledescription=\"carousel\" aria-label=\"Carrusel de im\u00e1genes 1\" dir=\"rtl\">\n\t\t\t<div class=\"elementor-image-carousel swiper-wrapper swiper-image-stretch\" aria-live=\"off\">\n\t\t\t\t\t\t\t\t<div class=\"swiper-slide\" role=\"group\" aria-roledescription=\"slide\" aria-label=\"1 de 1\"><a data-elementor-open-lightbox=\"yes\" data-elementor-lightbox-slideshow=\"a776d79\" data-elementor-lightbox-title=\"Reserva De Biosfera Trifinio\" data-elementor-lightbox-description=\"Reserva De Biosfera Trifinio\" data-e-action-hash=\"#elementor-action%3Aaction%3Dlightbox%26settings%3DeyJpZCI6MTAwMTUsInVybCI6Imh0dHBzOlwvXC90dXJpc21vLXNpZ2FwLmNvbmFwLmdvYi5ndFwvd3AtY29udGVudFwvdXBsb2Fkc1wvMjAyNVwvMDVcL1JCLVRyaWZpbmlvLUNoYXBpbi1GaWxtcy1cdTAwYTlJTkdVQVQuanBnIiwic2xpZGVzaG93IjoiYTc3NmQ3OSJ9\" href=\"https:\/\/turismo-sigap.conap.gob.gt\/en\/rutas-turisticas\/ruta-de-caribe-verde-caribe-y-oriente\/reserva-de-biosfera-trifinio\/\" target=\"_blank\"><figure class=\"swiper-slide-inner\"><img decoding=\"async\" class=\"swiper-slide-image\" src=\"https:\/\/turismo-sigap.conap.gob.gt\/wp-content\/uploads\/2025\/05\/RB-Trifinio-Chapin-Films-\u00a9INGUAT.jpg\" alt=\"Reserva De Biosfera Trifinio\" \/><figcaption class=\"elementor-image-carousel-caption\">Reserva De Biosfera Trifinio<\/figcaption><\/figure><\/a><\/div>\t\t\t<\/div>\n\t\t\t\t\t<\/div>\n\t\t\t\t\t\t<\/div>\n\t\t\t\t<\/div>\n\t\t\t\t<div class=\"elementor-element elementor-element-c089d5c elementor-arrows-position-outside elementor-pagination-position-outside elementor-widget elementor-widget-image-carousel\" data-id=\"c089d5c\" data-element_type=\"widget\" data-settings=\"{&quot;slides_to_show&quot;:&quot;1&quot;,&quot;autoplay_speed&quot;:6000,&quot;slides_to_show_tablet&quot;:&quot;1&quot;,&quot;slides_to_show_mobile&quot;:&quot;1&quot;,&quot;speed&quot;:600,&quot;navigation&quot;:&quot;both&quot;,&quot;autoplay&quot;:&quot;yes&quot;,&quot;pause_on_hover&quot;:&quot;yes&quot;,&quot;pause_on_interaction&quot;:&quot;yes&quot;,&quot;infinite&quot;:&quot;yes&quot;,&quot;effect&quot;:&quot;slide&quot;}\" data-widget_type=\"image-carousel.default\">\n\t\t\t\t<div class=\"elementor-widget-container\">\n\t\t\t\t\t\t\t<div class=\"elementor-image-carousel-wrapper swiper\" role=\"region\" aria-roledescription=\"carousel\" aria-label=\"Carrusel de im\u00e1genes 1\" dir=\"rtl\">\n\t\t\t<div class=\"elementor-image-carousel swiper-wrapper swiper-image-stretch\" aria-live=\"off\">\n\t\t\t\t\t\t\t\t<div class=\"swiper-slide\" role=\"group\" aria-roledescription=\"slide\" aria-label=\"1 de 1\"><a data-elementor-open-lightbox=\"yes\" data-elementor-lightbox-slideshow=\"c089d5c\" data-elementor-lightbox-title=\"\u00c1rea De Usos M\u00faltiples Volc\u00e1n Y Laguna De Ipala\" data-elementor-lightbox-description=\"\u00c1rea De Usos M\u00faltiples Volc\u00e1n Y Laguna De Ipala\" data-e-action-hash=\"#elementor-action%3Aaction%3Dlightbox%26settings%3DeyJpZCI6MTAwMTksInVybCI6Imh0dHBzOlwvXC90dXJpc21vLXNpZ2FwLmNvbmFwLmdvYi5ndFwvd3AtY29udGVudFwvdXBsb2Fkc1wvMjAyNVwvMDVcL0NvbGlicmktQ29yb25hLUF6dWwuanBnIiwic2xpZGVzaG93IjoiYzA4OWQ1YyJ9\" href=\"https:\/\/turismo-sigap.conap.gob.gt\/en\/rutas-turisticas\/ruta-de-caribe-verde-caribe-y-oriente\/area-de-usos-multiples-volcan-y-laguna-de-ipala\/\" target=\"_blank\"><figure class=\"swiper-slide-inner\"><img decoding=\"async\" class=\"swiper-slide-image\" src=\"https:\/\/turismo-sigap.conap.gob.gt\/wp-content\/uploads\/2025\/05\/Colibri-Corona-Azul.jpg\" alt=\"\u00c1rea De Usos M\u00faltiples Volc\u00e1n Y Laguna De Ipala\" \/><figcaption class=\"elementor-image-carousel-caption\">\u00c1rea De Usos M\u00faltiples Volc\u00e1n Y Laguna De Ipala<\/figcaption><\/figure><\/a><\/div>\t\t\t<\/div>\n\t\t\t\t\t<\/div>\n\t\t\t\t\t\t<\/div>\n\t\t\t\t<\/div>\n\t\t\t\t<div class=\"elementor-element elementor-element-972c03e elementor-arrows-position-outside elementor-pagination-position-outside elementor-widget elementor-widget-image-carousel\" data-id=\"972c03e\" data-element_type=\"widget\" data-settings=\"{&quot;slides_to_show&quot;:&quot;1&quot;,&quot;autoplay_speed&quot;:6000,&quot;slides_to_show_tablet&quot;:&quot;1&quot;,&quot;slides_to_show_mobile&quot;:&quot;1&quot;,&quot;speed&quot;:600,&quot;navigation&quot;:&quot;both&quot;,&quot;autoplay&quot;:&quot;yes&quot;,&quot;pause_on_hover&quot;:&quot;yes&quot;,&quot;pause_on_interaction&quot;:&quot;yes&quot;,&quot;infinite&quot;:&quot;yes&quot;,&quot;effect&quot;:&quot;slide&quot;}\" data-widget_type=\"image-carousel.default\">\n\t\t\t\t<div class=\"elementor-widget-container\">\n\t\t\t\t\t\t\t<div class=\"elementor-image-carousel-wrapper swiper\" role=\"region\" aria-roledescription=\"carousel\" aria-label=\"Carrusel de im\u00e1genes 1\" dir=\"rtl\">\n\t\t\t<div class=\"elementor-image-carousel swiper-wrapper swiper-image-stretch\" aria-live=\"off\">\n\t\t\t\t\t\t\t\t<div class=\"swiper-slide\" role=\"group\" aria-roledescription=\"slide\" aria-label=\"1 de 1\"><a data-elementor-open-lightbox=\"yes\" data-elementor-lightbox-slideshow=\"972c03e\" data-elementor-lightbox-title=\"Parque Nacional R\u00edo Dulce\" data-e-action-hash=\"#elementor-action%3Aaction%3Dlightbox%26settings%3DeyJpZCI6MTAwMjEsInVybCI6Imh0dHBzOlwvXC90dXJpc21vLXNpZ2FwLmNvbmFwLmdvYi5ndFwvd3AtY29udGVudFwvdXBsb2Fkc1wvMjAyNVwvMDVcL1Jpby1EdWxjZS1cdTAwYTlJTkdVQVQtMS1jb3BpYS5qcGciLCJzbGlkZXNob3ciOiI5NzJjMDNlIn0%3D\" href=\"https:\/\/turismo-sigap.conap.gob.gt\/en\/rutas-turisticas\/ruta-de-caribe-verde-caribe-y-oriente\/parque-nacional-rio-dulce\/\" target=\"_blank\"><figure class=\"swiper-slide-inner\"><img decoding=\"async\" class=\"swiper-slide-image\" src=\"https:\/\/turismo-sigap.conap.gob.gt\/wp-content\/uploads\/2025\/05\/Rio-Dulce-\u00a9INGUAT-1-copia.jpg\" alt=\"Parque Nacional R\u00edo Dulce\" \/><figcaption class=\"elementor-image-carousel-caption\">Parque Nacional R\u00edo Dulce<\/figcaption><\/figure><\/a><\/div>\t\t\t<\/div>\n\t\t\t\t\t<\/div>\n\t\t\t\t\t\t<\/div>\n\t\t\t\t<\/div>\n\t\t\t\t<div class=\"elementor-element elementor-element-5337d40 elementor-arrows-position-outside elementor-pagination-position-outside elementor-widget elementor-widget-image-carousel\" data-id=\"5337d40\" data-element_type=\"widget\" data-settings=\"{&quot;slides_to_show&quot;:&quot;1&quot;,&quot;autoplay_speed&quot;:2000,&quot;slides_to_show_tablet&quot;:&quot;1&quot;,&quot;slides_to_show_mobile&quot;:&quot;1&quot;,&quot;navigation&quot;:&quot;both&quot;,&quot;autoplay&quot;:&quot;yes&quot;,&quot;pause_on_hover&quot;:&quot;yes&quot;,&quot;pause_on_interaction&quot;:&quot;yes&quot;,&quot;infinite&quot;:&quot;yes&quot;,&quot;effect&quot;:&quot;slide&quot;,&quot;speed&quot;:500}\" data-widget_type=\"image-carousel.default\">\n\t\t\t\t<div class=\"elementor-widget-container\">\n\t\t\t\t\t\t\t<div class=\"elementor-image-carousel-wrapper swiper\" role=\"region\" aria-roledescription=\"carousel\" aria-label=\"Carrusel de im\u00e1genes\" dir=\"ltr\">\n\t\t\t<div class=\"elementor-image-carousel swiper-wrapper swiper-image-stretch\" aria-live=\"off\">\n\t\t\t\t\t\t\t\t<div class=\"swiper-slide\" role=\"group\" aria-roledescription=\"slide\" aria-label=\"1 de 1\"><a data-elementor-open-lightbox=\"yes\" data-elementor-lightbox-slideshow=\"5337d40\" data-elementor-lightbox-title=\"Refugio De Vida Silvestre Bocas De Polochic\" data-elementor-lightbox-description=\"Refugio De Vida Silvestre Bocas De Polochic\" data-e-action-hash=\"#elementor-action%3Aaction%3Dlightbox%26settings%3DeyJpZCI6MTAwMjgsInVybCI6Imh0dHBzOlwvXC90dXJpc21vLXNpZ2FwLmNvbmFwLmdvYi5ndFwvd3AtY29udGVudFwvdXBsb2Fkc1wvMjAyNVwvMDVcL01hbmF0aS1UcmljaGVjaHVzLW1hbmF0dXMtbWFuYXR1c1x1MDBhOUNPTkFQMS5qcGciLCJzbGlkZXNob3ciOiI1MzM3ZDQwIn0%3D\" href=\"https:\/\/turismo-sigap.conap.gob.gt\/en\/rutas-turisticas\/ruta-de-caribe-verde-caribe-y-oriente\/refugio-de-vida-silvestre-bocas-de-polochic\/\"><figure class=\"swiper-slide-inner\"><img decoding=\"async\" class=\"swiper-slide-image\" src=\"https:\/\/turismo-sigap.conap.gob.gt\/wp-content\/uploads\/2025\/05\/Manati-Trichechus-manatus-manatus\u00a9CONAP1.jpg\" alt=\"Refugio De Vida Silvestre Bocas De Polochic\" \/><figcaption class=\"elementor-image-carousel-caption\">Refugio De Vida Silvestre Bocas De Polochic<\/figcaption><\/figure><\/a><\/div>\t\t\t<\/div>\n\t\t\t\t\t<\/div>\n\t\t\t\t\t\t<\/div>\n\t\t\t\t<\/div>\n\t\t\t\t<div class=\"elementor-element elementor-element-9ba128b elementor-arrows-position-outside elementor-pagination-position-outside elementor-widget elementor-widget-image-carousel\" data-id=\"9ba128b\" data-element_type=\"widget\" data-settings=\"{&quot;slides_to_show&quot;:&quot;1&quot;,&quot;autoplay_speed&quot;:2000,&quot;slides_to_show_tablet&quot;:&quot;1&quot;,&quot;slides_to_show_mobile&quot;:&quot;1&quot;,&quot;navigation&quot;:&quot;both&quot;,&quot;autoplay&quot;:&quot;yes&quot;,&quot;pause_on_hover&quot;:&quot;yes&quot;,&quot;pause_on_interaction&quot;:&quot;yes&quot;,&quot;infinite&quot;:&quot;yes&quot;,&quot;effect&quot;:&quot;slide&quot;,&quot;speed&quot;:500}\" data-widget_type=\"image-carousel.default\">\n\t\t\t\t<div class=\"elementor-widget-container\">\n\t\t\t\t\t\t\t<div class=\"elementor-image-carousel-wrapper swiper\" role=\"region\" aria-roledescription=\"carousel\" aria-label=\"Carrusel de im\u00e1genes\" dir=\"ltr\">\n\t\t\t<div class=\"elementor-image-carousel swiper-wrapper swiper-image-stretch\" aria-live=\"off\">\n\t\t\t\t\t\t\t\t<div class=\"swiper-slide\" role=\"group\" aria-roledescription=\"slide\" aria-label=\"1 de 1\"><a data-elementor-open-lightbox=\"yes\" data-elementor-lightbox-slideshow=\"9ba128b\" data-elementor-lightbox-title=\"Reserva Protectora De Manantiales Cerro San Gil\" data-elementor-lightbox-description=\"Reserva Protectora De Manantiales Cerro San Gil\" data-e-action-hash=\"#elementor-action%3Aaction%3Dlightbox%26settings%3DeyJpZCI6MTAwMzAsInVybCI6Imh0dHBzOlwvXC90dXJpc21vLXNpZ2FwLmNvbmFwLmdvYi5ndFwvd3AtY29udGVudFwvdXBsb2Fkc1wvMjAyNVwvMDVcL1x1MDBhOUl2YW4tQ2FzdHJvLmpwZyIsInNsaWRlc2hvdyI6IjliYTEyOGIifQ%3D%3D\" href=\"https:\/\/turismo-sigap.conap.gob.gt\/en\/rutas-turisticas\/ruta-de-caribe-verde-caribe-y-oriente\/reserva-protectora-de-manantiales-cerro-san-gil\/\"><figure class=\"swiper-slide-inner\"><img decoding=\"async\" class=\"swiper-slide-image\" src=\"https:\/\/turismo-sigap.conap.gob.gt\/wp-content\/uploads\/2025\/05\/\u00a9Ivan-Castro.jpg\" alt=\"Reserva Protectora De Manantiales Cerro San Gil\" \/><figcaption class=\"elementor-image-carousel-caption\">Reserva Protectora De Manantiales Cerro San Gil<\/figcaption><\/figure><\/a><\/div>\t\t\t<\/div>\n\t\t\t\t\t<\/div>\n\t\t\t\t\t\t<\/div>\n\t\t\t\t<\/div>\n\t\t\t\t<div class=\"elementor-element elementor-element-19803fa elementor-arrows-position-outside elementor-pagination-position-outside elementor-widget elementor-widget-image-carousel\" data-id=\"19803fa\" data-element_type=\"widget\" data-settings=\"{&quot;slides_to_show&quot;:&quot;1&quot;,&quot;autoplay_speed&quot;:2000,&quot;slides_to_show_tablet&quot;:&quot;1&quot;,&quot;slides_to_show_mobile&quot;:&quot;1&quot;,&quot;navigation&quot;:&quot;both&quot;,&quot;autoplay&quot;:&quot;yes&quot;,&quot;pause_on_hover&quot;:&quot;yes&quot;,&quot;pause_on_interaction&quot;:&quot;yes&quot;,&quot;infinite&quot;:&quot;yes&quot;,&quot;effect&quot;:&quot;slide&quot;,&quot;speed&quot;:500}\" data-widget_type=\"image-carousel.default\">\n\t\t\t\t<div class=\"elementor-widget-container\">\n\t\t\t\t\t\t\t<div class=\"elementor-image-carousel-wrapper swiper\" role=\"region\" aria-roledescription=\"carousel\" aria-label=\"Carrusel de im\u00e1genes\" dir=\"ltr\">\n\t\t\t<div class=\"elementor-image-carousel swiper-wrapper swiper-image-stretch\" aria-live=\"off\">\n\t\t\t\t\t\t\t\t<div class=\"swiper-slide\" role=\"group\" aria-roledescription=\"slide\" aria-label=\"1 de 1\"><a data-elementor-open-lightbox=\"yes\" data-elementor-lightbox-slideshow=\"19803fa\" data-elementor-lightbox-title=\"Biotopo Protegido Choc\u00f3n Machacas\" data-elementor-lightbox-description=\"Biotopo Protegido Choc\u00f3n Machacas\" data-e-action-hash=\"#elementor-action%3Aaction%3Dlightbox%26settings%3DeyJpZCI6MTAwMTQsInVybCI6Imh0dHBzOlwvXC90dXJpc21vLXNpZ2FwLmNvbmFwLmdvYi5ndFwvd3AtY29udGVudFwvdXBsb2Fkc1wvMjAyNVwvMDVcL0JQLUNob2Nvbi1NYWNoYWNhcy1DaGFwaW4tRmlsbXMtXHUwMGE5SU5HVUFULTEtY29waWEtMS5qcGciLCJzbGlkZXNob3ciOiIxOTgwM2ZhIn0%3D\" href=\"https:\/\/turismo-sigap.conap.gob.gt\/en\/rutas-turisticas\/ruta-de-caribe-verde-caribe-y-oriente\/biotopo-protegido-chocon-machacas\/\"><figure class=\"swiper-slide-inner\"><img decoding=\"async\" class=\"swiper-slide-image\" src=\"https:\/\/turismo-sigap.conap.gob.gt\/wp-content\/uploads\/2025\/05\/BP-Chocon-Machacas-Chapin-Films-\u00a9INGUAT-1-copia-1.jpg\" alt=\"Biotopo Protegido Choc\u00f3n Machacas\" \/><figcaption class=\"elementor-image-carousel-caption\">Biotopo Protegido Choc\u00f3n Machacas<\/figcaption><\/figure><\/a><\/div>\t\t\t<\/div>\n\t\t\t\t\t<\/div>\n\t\t\t\t\t\t<\/div>\n\t\t\t\t<\/div>\n\t\t\t\t<\/div>\n\t\t\t\t\t<\/div>\n\t\t\t\t<\/div>\n\t\t\t\t<\/div>","protected":false},"excerpt":{"rendered":"<p>Ruta de Caribe Verde &#8211; CARIBE Y ORIENTE Aventura Ruta de Caribe Verde &#8211; Caribe y Oriente Abarca los departamentos del oriente y caribe guatemalteco. En esta ruta es posible apreciar desde Chaparrales Espinosos, Bosques de Monta\u00f1a y exuberantes Selvas Tropicales Lluviosas caracter\u00edsticas de la Costa Atl\u00e1ntica de Guatemala. Adem\u00e1s de su diversidad ecol\u00f3gica en [&hellip;]<\/p>","protected":false},"author":2,"featured_media":0,"parent":4602,"menu_order":0,"comment_status":"closed","ping_status":"closed","template":"","meta":{"_surecart_dashboard_logo_width":"180px","_surecart_dashboard_show_logo":true,"_surecart_dashboard_navigation_orders":true,"_surecart_dashboard_navigation_invoices":true,"_surecart_dashboard_navigation_subscriptions":true,"_surecart_dashboard_navigation_downloads":true,"_surecart_dashboard_navigation_billing":true,"_surecart_dashboard_navigation_account":true,"_uag_custom_page_level_css":"","site-sidebar-layout":"no-sidebar","site-content-layout":"page-builder","ast-site-content-layout":"full-width-container","site-content-style":"unboxed","site-sidebar-style":"unboxed","ast-global-header-display":"","ast-banner-title-visibility":"","ast-main-header-display":"","ast-hfb-above-header-display":"","ast-hfb-below-header-display":"","ast-hfb-mobile-header-display":"","site-post-title":"disabled","ast-breadcrumbs-content":"","ast-featured-img":"disabled","footer-sml-layout":"","theme-transparent-header-meta":"enabled","adv-header-id-meta":"","stick-header-meta":"","header-above-stick-meta":"","header-main-stick-meta":"","header-below-stick-meta":"","astra-migrate-meta-layouts":"set","ast-page-background-enabled":"default","ast-page-background-meta":{"desktop":{"background-color":"","background-image":"","background-repeat":"repeat","background-position":"center center","background-size":"auto","background-attachment":"scroll","background-type":"","background-media":"","overlay-type":"","overlay-color":"","overlay-opacity":"","overlay-gradient":""},"tablet":{"background-color":"","background-image":"","background-repeat":"repeat","background-position":"center center","background-size":"auto","background-attachment":"scroll","background-type":"","background-media":"","overlay-type":"","overlay-color":"","overlay-opacity":"","overlay-gradient":""},"mobile":{"background-color":"","background-image":"","background-repeat":"repeat","background-position":"center center","background-size":"auto","background-attachment":"scroll","background-type":"","background-media":"","overlay-type":"","overlay-color":"","overlay-opacity":"","overlay-gradient":""}},"ast-content-background-meta":{"desktop":{"background-color":"var(--ast-global-color-5)","background-image":"","background-repeat":"repeat","background-position":"center center","background-size":"auto","background-attachment":"scroll","background-type":"","background-media":"","overlay-type":"","overlay-color":"","overlay-opacity":"","overlay-gradient":""},"tablet":{"background-color":"var(--ast-global-color-5)","background-image":"","background-repeat":"repeat","background-position":"center center","background-size":"auto","background-attachment":"scroll","background-type":"","background-media":"","overlay-type":"","overlay-color":"","overlay-opacity":"","overlay-gradient":""},"mobile":{"background-color":"var(--ast-global-color-5)","background-image":"","background-repeat":"repeat","background-position":"center center","background-size":"auto","background-attachment":"scroll","background-type":"","background-media":"","overlay-type":"","overlay-color":"","overlay-opacity":"","overlay-gradient":""}},"footnotes":""},"class_list":["post-4647","page","type-page","status-publish","hentry"],"uagb_featured_image_src":{"full":false,"thumbnail":false,"medium":false,"medium_large":false,"large":false,"1536x1536":false,"2048x2048":false,"trp-custom-language-flag":false,"woocommerce_thumbnail":false,"woocommerce_single":false,"woocommerce_gallery_thumbnail":false},"uagb_author_info":{"display_name":"Daniel Efrain Lemus Santos","author_link":"https:\/\/turismo-sigap.conap.gob.gt\/en\/author\/daniellemus\/"},"uagb_comment_info":0,"uagb_excerpt":"Ruta de Caribe Verde &#8211; CARIBE Y ORIENTE Aventura Ruta de Caribe Verde &#8211; Caribe y Oriente Abarca los departamentos del oriente y caribe guatemalteco. En esta ruta es posible apreciar desde Chaparrales Espinosos, Bosques de Monta\u00f1a y exuberantes Selvas Tropicales Lluviosas caracter\u00edsticas de la Costa Atl\u00e1ntica de Guatemala. Adem\u00e1s de su diversidad ecol\u00f3gica en&hellip;","_links":{"self":[{"href":"https:\/\/turismo-sigap.conap.gob.gt\/en\/wp-json\/wp\/v2\/pages\/4647","targetHints":{"allow":["GET"]}}],"collection":[{"href":"https:\/\/turismo-sigap.conap.gob.gt\/en\/wp-json\/wp\/v2\/pages"}],"about":[{"href":"https:\/\/turismo-sigap.conap.gob.gt\/en\/wp-json\/wp\/v2\/types\/page"}],"author":[{"embeddable":true,"href":"https:\/\/turismo-sigap.conap.gob.gt\/en\/wp-json\/wp\/v2\/users\/2"}],"replies":[{"embeddable":true,"href":"https:\/\/turismo-sigap.conap.gob.gt\/en\/wp-json\/wp\/v2\/comments?post=4647"}],"version-history":[{"count":31,"href":"https:\/\/turismo-sigap.conap.gob.gt\/en\/wp-json\/wp\/v2\/pages\/4647\/revisions"}],"predecessor-version":[{"id":10036,"href":"https:\/\/turismo-sigap.conap.gob.gt\/en\/wp-json\/wp\/v2\/pages\/4647\/revisions\/10036"}],"up":[{"embeddable":true,"href":"https:\/\/turismo-sigap.conap.gob.gt\/en\/wp-json\/wp\/v2\/pages\/4602"}],"wp:attachment":[{"href":"https:\/\/turismo-sigap.conap.gob.gt\/en\/wp-json\/wp\/v2\/media?parent=4647"}],"curies":[{"name":"wp","href":"https:\/\/api.w.org\/{rel}","templated":true}]}}