{"id":4648,"date":"2025-03-21T11:35:11","date_gmt":"2025-03-21T17:35:11","guid":{"rendered":"https:\/\/ex.conap.gob.gt\/?page_id=4648"},"modified":"2025-08-27T13:35:44","modified_gmt":"2025-08-27T19:35:44","slug":"ruta-aventura-dentro-de-la-selva-verapaces","status":"publish","type":"page","link":"https:\/\/turismo-sigap.conap.gob.gt\/en\/rutas-turisticas\/ruta-aventura-dentro-de-la-selva-verapaces\/","title":{"rendered":"Ruta Aventura dentro de la Selva &#8211; Verapaces"},"content":{"rendered":"<div data-elementor-type=\"wp-post\" data-elementor-id=\"4648\" class=\"elementor elementor-4648\">\n\t\t\t\t<div class=\"elementor-element elementor-element-36e4911 e-flex e-con-boxed e-con e-parent\" data-id=\"36e4911\" data-element_type=\"container\" data-settings=\"{&quot;background_background&quot;:&quot;classic&quot;}\">\n\t\t\t\t\t<div class=\"e-con-inner\">\n\t\t<div class=\"elementor-element elementor-element-8d332cf e-con-full e-flex e-con e-child\" data-id=\"8d332cf\" data-element_type=\"container\">\n\t\t\t\t<div class=\"elementor-element elementor-element-4bf79de elementor-widget elementor-widget-heading\" data-id=\"4bf79de\" data-element_type=\"widget\" data-widget_type=\"heading.default\">\n\t\t\t\t<div class=\"elementor-widget-container\">\n\t\t\t\t\t<h1 class=\"elementor-heading-title elementor-size-default\">Ruta Aventura dentro de la Selva -  <b>VERAPACES<\/b><\/h1>\t\t\t\t<\/div>\n\t\t\t\t<\/div>\n\t\t\t\t<\/div>\n\t\t\t\t\t<\/div>\n\t\t\t\t<\/div>\n\t\t<div class=\"elementor-element elementor-element-0c901ab e-flex e-con-boxed e-con e-parent\" data-id=\"0c901ab\" data-element_type=\"container\">\n\t\t\t\t\t<div class=\"e-con-inner\">\n\t\t<div class=\"elementor-element elementor-element-b71e4eb e-con-full e-flex e-con e-child\" data-id=\"b71e4eb\" data-element_type=\"container\">\n\t\t\t\t<div class=\"elementor-element elementor-element-3c525f0 elementor-widget-divider--view-line_text elementor-widget-divider--element-align-left elementor-widget elementor-widget-divider\" data-id=\"3c525f0\" data-element_type=\"widget\" data-widget_type=\"divider.default\">\n\t\t\t\t<div class=\"elementor-widget-container\">\n\t\t\t\t\t\t\t<div class=\"elementor-divider\">\n\t\t\t<span class=\"elementor-divider-separator\">\n\t\t\t\t\t\t\t<h6 class=\"elementor-divider__text elementor-divider__element\">\n\t\t\t\tAventura\t\t\t\t<\/h6>\n\t\t\t\t\t\t<\/span>\n\t\t<\/div>\n\t\t\t\t\t\t<\/div>\n\t\t\t\t<\/div>\n\t\t\t\t<div class=\"elementor-element elementor-element-52d103b elementor-widget elementor-widget-image-box\" data-id=\"52d103b\" data-element_type=\"widget\" data-widget_type=\"image-box.default\">\n\t\t\t\t<div class=\"elementor-widget-container\">\n\t\t\t\t\t<div class=\"elementor-image-box-wrapper\"><div class=\"elementor-image-box-content\"><h2 class=\"elementor-image-box-title\">Ruta Aventura dentro de la Selva - Verapaces<\/h2><p class=\"elementor-image-box-description\">En esta regi\u00f3n se encuentra el coraz\u00f3n del Corredor del Bosque Nuboso, h\u00e1bitat del Quetzal. Esta ruta permite apreciar en pocos minutos las diferencias en los rangos altitudinales, desde Chaparrales Espinosos en las partes bajas, pasando por Bosques y Selvas de Monta\u00f1a en las partes altas hasta Selvas Tropicales\nLluviosas. Es una de las dos regiones con mayor densidad de poblaci\u00f3n ind\u00edgena, en especial Q\u2019eqchi\u2019 en Alta Verapaz; Poqomchi\u2019 y Achi en Baja Verapaz. La belleza de los tejidos, la cer\u00e1mica, la calidad del caf\u00e9 e importantes celebraciones como la elecci\u00f3n de la Rabin Ajau hacen famosa a esta regi\u00f3n.\n<\/p><\/div><\/div>\t\t\t\t<\/div>\n\t\t\t\t<\/div>\n\t\t\t\t<\/div>\n\t\t\t\t\t<\/div>\n\t\t\t\t<\/div>\n\t\t<div class=\"elementor-element elementor-element-31e7531 e-flex e-con-boxed e-con e-parent\" data-id=\"31e7531\" data-element_type=\"container\">\n\t\t\t\t\t<div class=\"e-con-inner\">\n\t\t<div class=\"elementor-element elementor-element-a15ec33 e-grid e-con-full e-con e-child\" data-id=\"a15ec33\" data-element_type=\"container\" data-settings=\"{&quot;background_background&quot;:&quot;classic&quot;}\">\n\t\t\t\t<div class=\"elementor-element elementor-element-9f56826 elementor-arrows-position-outside elementor-pagination-position-outside elementor-widget elementor-widget-image-carousel\" data-id=\"9f56826\" data-element_type=\"widget\" data-settings=\"{&quot;slides_to_show&quot;:&quot;1&quot;,&quot;autoplay_speed&quot;:6000,&quot;slides_to_show_tablet&quot;:&quot;1&quot;,&quot;slides_to_show_mobile&quot;:&quot;1&quot;,&quot;speed&quot;:600,&quot;navigation&quot;:&quot;both&quot;,&quot;autoplay&quot;:&quot;yes&quot;,&quot;pause_on_hover&quot;:&quot;yes&quot;,&quot;pause_on_interaction&quot;:&quot;yes&quot;,&quot;infinite&quot;:&quot;yes&quot;,&quot;effect&quot;:&quot;slide&quot;}\" data-widget_type=\"image-carousel.default\">\n\t\t\t\t<div class=\"elementor-widget-container\">\n\t\t\t\t\t\t\t<div class=\"elementor-image-carousel-wrapper swiper\" role=\"region\" aria-roledescription=\"carousel\" aria-label=\"Carrusel de im\u00e1genes 1\" dir=\"rtl\">\n\t\t\t<div class=\"elementor-image-carousel swiper-wrapper swiper-image-stretch\" aria-live=\"off\">\n\t\t\t\t\t\t\t\t<div class=\"swiper-slide\" role=\"group\" aria-roledescription=\"slide\" aria-label=\"1 de 1\"><a data-elementor-open-lightbox=\"yes\" data-elementor-lightbox-slideshow=\"9f56826\" data-elementor-lightbox-title=\"Reserva de biosfera Sierra De Las Minas - Salto De Chilasc\u00f3\" data-elementor-lightbox-description=\"Reserva de biosfera Sierra De Las Minas - Salto De Chilasc\u00f3\" data-e-action-hash=\"#elementor-action%3Aaction%3Dlightbox%26settings%3DeyJpZCI6MTA1NzEsInVybCI6Imh0dHBzOlwvXC90dXJpc21vLXNpZ2FwLmNvbmFwLmdvYi5ndFwvd3AtY29udGVudFwvdXBsb2Fkc1wvMjAyNVwvMDhcL1R1Y2FuZXRhLUVzbWVyYWxkYS1cdTAwYTlKb3NlLUx1aXMtTG9wZXouanBnIiwic2xpZGVzaG93IjoiOWY1NjgyNiJ9\" href=\"https:\/\/turismo-sigap.conap.gob.gt\/en\/rutas-turisticas\/ruta-aventura-dentro-de-la-selva-verapaces\/reserva-de-biosfera-sierra-de-las-minas-salto-de-chilasco\/\" target=\"_blank\"><figure class=\"swiper-slide-inner\"><img decoding=\"async\" class=\"swiper-slide-image\" src=\"https:\/\/turismo-sigap.conap.gob.gt\/wp-content\/uploads\/2025\/08\/Tucaneta-Esmeralda-\u00a9Jose-Luis-Lopez.jpg\" alt=\"Reserva de biosfera Sierra De Las Minas - Salto De Chilasc\u00f3\" \/><figcaption class=\"elementor-image-carousel-caption\">Reserva de biosfera Sierra De Las Minas - Salto De Chilasc\u00f3<\/figcaption><\/figure><\/a><\/div>\t\t\t<\/div>\n\t\t\t\t\t<\/div>\n\t\t\t\t\t\t<\/div>\n\t\t\t\t<\/div>\n\t\t\t\t<div class=\"elementor-element elementor-element-74cb089 elementor-arrows-position-outside elementor-pagination-position-outside elementor-widget elementor-widget-image-carousel\" data-id=\"74cb089\" data-element_type=\"widget\" data-settings=\"{&quot;slides_to_show&quot;:&quot;1&quot;,&quot;autoplay_speed&quot;:6000,&quot;slides_to_show_tablet&quot;:&quot;1&quot;,&quot;slides_to_show_mobile&quot;:&quot;1&quot;,&quot;speed&quot;:600,&quot;navigation&quot;:&quot;both&quot;,&quot;autoplay&quot;:&quot;yes&quot;,&quot;pause_on_hover&quot;:&quot;yes&quot;,&quot;pause_on_interaction&quot;:&quot;yes&quot;,&quot;infinite&quot;:&quot;yes&quot;,&quot;effect&quot;:&quot;slide&quot;}\" data-widget_type=\"image-carousel.default\">\n\t\t\t\t<div class=\"elementor-widget-container\">\n\t\t\t\t\t\t\t<div class=\"elementor-image-carousel-wrapper swiper\" role=\"region\" aria-roledescription=\"carousel\" aria-label=\"Carrusel de im\u00e1genes 1\" dir=\"rtl\">\n\t\t\t<div class=\"elementor-image-carousel swiper-wrapper swiper-image-stretch\" aria-live=\"off\">\n\t\t\t\t\t\t\t\t<div class=\"swiper-slide\" role=\"group\" aria-roledescription=\"slide\" aria-label=\"1 de 1\"><a data-elementor-open-lightbox=\"yes\" data-elementor-lightbox-slideshow=\"74cb089\" data-elementor-lightbox-title=\"Biotopo Protegido Del Quetzal Mario Dary Rivera\" data-elementor-lightbox-description=\"Biotopo Protegido Del Quetzal Mario Dary Rivera\" data-e-action-hash=\"#elementor-action%3Aaction%3Dlightbox%26settings%3DeyJpZCI6MTA2MzgsInVybCI6Imh0dHBzOlwvXC90dXJpc21vLXNpZ2FwLmNvbmFwLmdvYi5ndFwvd3AtY29udGVudFwvdXBsb2Fkc1wvMjAyNVwvMDhcL0Jpb3RvcG8tZGVsLVF1ZXR6YWwtXHUwMGE5Q09OQVAtMy5qcGciLCJzbGlkZXNob3ciOiI3NGNiMDg5In0%3D\" href=\"https:\/\/turismo-sigap.conap.gob.gt\/en\/rutas-turisticas\/ruta-aventura-dentro-de-la-selva-verapaces\/biotopo-protegido-del-quetzal-mario-dary-rivera\/\" target=\"_blank\"><figure class=\"swiper-slide-inner\"><img decoding=\"async\" class=\"swiper-slide-image\" src=\"https:\/\/turismo-sigap.conap.gob.gt\/wp-content\/uploads\/2025\/08\/Biotopo-del-Quetzal-\u00a9CONAP-3.jpg\" alt=\"Biotopo Protegido Del Quetzal Mario Dary Rivera\" \/><figcaption class=\"elementor-image-carousel-caption\">Biotopo Protegido Del Quetzal Mario Dary Rivera<\/figcaption><\/figure><\/a><\/div>\t\t\t<\/div>\n\t\t\t\t\t<\/div>\n\t\t\t\t\t\t<\/div>\n\t\t\t\t<\/div>\n\t\t\t\t<div class=\"elementor-element elementor-element-804107b elementor-arrows-position-outside elementor-pagination-position-outside elementor-widget elementor-widget-image-carousel\" data-id=\"804107b\" data-element_type=\"widget\" data-settings=\"{&quot;slides_to_show&quot;:&quot;1&quot;,&quot;autoplay_speed&quot;:6000,&quot;slides_to_show_tablet&quot;:&quot;1&quot;,&quot;slides_to_show_mobile&quot;:&quot;1&quot;,&quot;speed&quot;:600,&quot;navigation&quot;:&quot;both&quot;,&quot;autoplay&quot;:&quot;yes&quot;,&quot;pause_on_hover&quot;:&quot;yes&quot;,&quot;pause_on_interaction&quot;:&quot;yes&quot;,&quot;infinite&quot;:&quot;yes&quot;,&quot;effect&quot;:&quot;slide&quot;}\" data-widget_type=\"image-carousel.default\">\n\t\t\t\t<div class=\"elementor-widget-container\">\n\t\t\t\t\t\t\t<div class=\"elementor-image-carousel-wrapper swiper\" role=\"region\" aria-roledescription=\"carousel\" aria-label=\"Carrusel de im\u00e1genes 1\" dir=\"rtl\">\n\t\t\t<div class=\"elementor-image-carousel swiper-wrapper swiper-image-stretch\" aria-live=\"off\">\n\t\t\t\t\t\t\t\t<div class=\"swiper-slide\" role=\"group\" aria-roledescription=\"slide\" aria-label=\"1 de 1\"><a data-elementor-open-lightbox=\"yes\" data-elementor-lightbox-slideshow=\"804107b\" data-elementor-lightbox-title=\"Reserva Natural Privada Ram Tzul\" data-elementor-lightbox-description=\"Reserva Natural Privada Ram Tzul\" data-e-action-hash=\"#elementor-action%3Aaction%3Dlightbox%26settings%3DeyJpZCI6MTA2NDMsInVybCI6Imh0dHBzOlwvXC90dXJpc21vLXNpZ2FwLmNvbmFwLmdvYi5ndFwvd3AtY29udGVudFwvdXBsb2Fkc1wvMjAyNVwvMDhcL1JOUC1SYW0tVHp1bC1cdTAwYTlJTkdVQVQtMS1jb3BpYS5qcGciLCJzbGlkZXNob3ciOiI4MDQxMDdiIn0%3D\" href=\"https:\/\/turismo-sigap.conap.gob.gt\/en\/rutas-turisticas\/ruta-aventura-dentro-de-la-selva-verapaces\/reserva-natural-privada-ram-tzul\/\" target=\"_blank\"><figure class=\"swiper-slide-inner\"><img decoding=\"async\" class=\"swiper-slide-image\" src=\"https:\/\/turismo-sigap.conap.gob.gt\/wp-content\/uploads\/2025\/08\/RNP-Ram-Tzul-\u00a9INGUAT-1-copia.jpg\" alt=\"Reserva Natural Privada Ram Tzul\" \/><figcaption class=\"elementor-image-carousel-caption\">Reserva Natural Privada Ram Tzul<\/figcaption><\/figure><\/a><\/div>\t\t\t<\/div>\n\t\t\t\t\t<\/div>\n\t\t\t\t\t\t<\/div>\n\t\t\t\t<\/div>\n\t\t\t\t<div class=\"elementor-element elementor-element-c4fa1e5 elementor-arrows-position-outside elementor-pagination-position-outside elementor-widget elementor-widget-image-carousel\" data-id=\"c4fa1e5\" data-element_type=\"widget\" data-settings=\"{&quot;slides_to_show&quot;:&quot;1&quot;,&quot;autoplay_speed&quot;:6000,&quot;slides_to_show_tablet&quot;:&quot;1&quot;,&quot;slides_to_show_mobile&quot;:&quot;1&quot;,&quot;speed&quot;:600,&quot;navigation&quot;:&quot;both&quot;,&quot;autoplay&quot;:&quot;yes&quot;,&quot;pause_on_hover&quot;:&quot;yes&quot;,&quot;pause_on_interaction&quot;:&quot;yes&quot;,&quot;infinite&quot;:&quot;yes&quot;,&quot;effect&quot;:&quot;slide&quot;}\" data-widget_type=\"image-carousel.default\">\n\t\t\t\t<div class=\"elementor-widget-container\">\n\t\t\t\t\t\t\t<div class=\"elementor-image-carousel-wrapper swiper\" role=\"region\" aria-roledescription=\"carousel\" aria-label=\"Carrusel de im\u00e1genes 1\" dir=\"rtl\">\n\t\t\t<div class=\"elementor-image-carousel swiper-wrapper swiper-image-stretch\" aria-live=\"off\">\n\t\t\t\t\t\t\t\t<div class=\"swiper-slide\" role=\"group\" aria-roledescription=\"slide\" aria-label=\"1 de 1\"><a data-elementor-open-lightbox=\"yes\" data-elementor-lightbox-slideshow=\"c4fa1e5\" data-elementor-lightbox-title=\"Reserva Natural Privada Country Delight\" data-elementor-lightbox-description=\"Reserva Natural Privada Country Delight\" data-e-action-hash=\"#elementor-action%3Aaction%3Dlightbox%26settings%3DeyJpZCI6MTA1OTksInVybCI6Imh0dHBzOlwvXC90dXJpc21vLXNpZ2FwLmNvbmFwLmdvYi5ndFwvd3AtY29udGVudFwvdXBsb2Fkc1wvMjAyNVwvMDhcL1JOUC1Db3VudHJ5LURlbGlnaHQtXHUwMGE5Q09OQVAtMS5qcGciLCJzbGlkZXNob3ciOiJjNGZhMWU1In0%3D\" href=\"https:\/\/turismo-sigap.conap.gob.gt\/en\/rutas-turisticas\/ruta-aventura-dentro-de-la-selva-verapaces\/reserva-natural-privada-country-delight\/\" target=\"_blank\"><figure class=\"swiper-slide-inner\"><img decoding=\"async\" class=\"swiper-slide-image\" src=\"https:\/\/turismo-sigap.conap.gob.gt\/wp-content\/uploads\/2025\/08\/RNP-Country-Delight-\u00a9CONAP-1.jpg\" alt=\"Reserva Natural Privada Country Delight\" \/><figcaption class=\"elementor-image-carousel-caption\">Reserva Natural Privada Country Delight<\/figcaption><\/figure><\/a><\/div>\t\t\t<\/div>\n\t\t\t\t\t<\/div>\n\t\t\t\t\t\t<\/div>\n\t\t\t\t<\/div>\n\t\t\t\t<div class=\"elementor-element elementor-element-2fbf005 elementor-arrows-position-outside elementor-pagination-position-outside elementor-widget elementor-widget-image-carousel\" data-id=\"2fbf005\" data-element_type=\"widget\" data-settings=\"{&quot;slides_to_show&quot;:&quot;1&quot;,&quot;autoplay_speed&quot;:6000,&quot;slides_to_show_tablet&quot;:&quot;1&quot;,&quot;slides_to_show_mobile&quot;:&quot;1&quot;,&quot;speed&quot;:600,&quot;navigation&quot;:&quot;both&quot;,&quot;autoplay&quot;:&quot;yes&quot;,&quot;pause_on_hover&quot;:&quot;yes&quot;,&quot;pause_on_interaction&quot;:&quot;yes&quot;,&quot;infinite&quot;:&quot;yes&quot;,&quot;effect&quot;:&quot;slide&quot;}\" data-widget_type=\"image-carousel.default\">\n\t\t\t\t<div class=\"elementor-widget-container\">\n\t\t\t\t\t\t\t<div class=\"elementor-image-carousel-wrapper swiper\" role=\"region\" aria-roledescription=\"carousel\" aria-label=\"Carrusel de im\u00e1genes 1\" dir=\"rtl\">\n\t\t\t<div class=\"elementor-image-carousel swiper-wrapper swiper-image-stretch\" aria-live=\"off\">\n\t\t\t\t\t\t\t\t<div class=\"swiper-slide\" role=\"group\" aria-roledescription=\"slide\" aria-label=\"1 de 1\"><a data-elementor-open-lightbox=\"yes\" data-elementor-lightbox-slideshow=\"2fbf005\" data-elementor-lightbox-title=\"Reserva Natural Privada Centro de Conservaci\u00f3n  Orquigonia\" data-elementor-lightbox-description=\"Reserva Natural Privada Centro de Conservaci\u00f3n  Orquigonia\" data-e-action-hash=\"#elementor-action%3Aaction%3Dlightbox%26settings%3DeyJpZCI6MTA2MDksInVybCI6Imh0dHBzOlwvXC90dXJpc21vLXNpZ2FwLmNvbmFwLmdvYi5ndFwvd3AtY29udGVudFwvdXBsb2Fkc1wvMjAyNVwvMDhcL09ycXVpZ29uaWEtXHUwMGE5Q09OQVAtMzMuanBnIiwic2xpZGVzaG93IjoiMmZiZjAwNSJ9\" href=\"https:\/\/turismo-sigap.conap.gob.gt\/en\/rutas-turisticas\/ruta-aventura-dentro-de-la-selva-verapaces\/reserva-natural-privada-centro-de-conservacion-orquigonia\/\" target=\"_blank\"><figure class=\"swiper-slide-inner\"><img decoding=\"async\" class=\"swiper-slide-image\" src=\"https:\/\/turismo-sigap.conap.gob.gt\/wp-content\/uploads\/2025\/08\/Orquigonia-\u00a9CONAP-33.jpg\" alt=\"Reserva Natural Privada Centro de Conservaci\u00f3n  Orquigonia\" \/><figcaption class=\"elementor-image-carousel-caption\">Reserva Natural Privada Centro de Conservaci\u00f3n  Orquigonia<\/figcaption><\/figure><\/a><\/div>\t\t\t<\/div>\n\t\t\t\t\t<\/div>\n\t\t\t\t\t\t<\/div>\n\t\t\t\t<\/div>\n\t\t\t\t<div class=\"elementor-element elementor-element-b668c20 elementor-arrows-position-outside elementor-pagination-position-outside elementor-widget elementor-widget-image-carousel\" data-id=\"b668c20\" data-element_type=\"widget\" data-settings=\"{&quot;slides_to_show&quot;:&quot;1&quot;,&quot;autoplay_speed&quot;:2000,&quot;slides_to_show_tablet&quot;:&quot;1&quot;,&quot;slides_to_show_mobile&quot;:&quot;1&quot;,&quot;navigation&quot;:&quot;both&quot;,&quot;autoplay&quot;:&quot;yes&quot;,&quot;pause_on_hover&quot;:&quot;yes&quot;,&quot;pause_on_interaction&quot;:&quot;yes&quot;,&quot;infinite&quot;:&quot;yes&quot;,&quot;effect&quot;:&quot;slide&quot;,&quot;speed&quot;:500}\" data-widget_type=\"image-carousel.default\">\n\t\t\t\t<div class=\"elementor-widget-container\">\n\t\t\t\t\t\t\t<div class=\"elementor-image-carousel-wrapper swiper\" role=\"region\" aria-roledescription=\"carousel\" aria-label=\"Carrusel de im\u00e1genes\" dir=\"ltr\">\n\t\t\t<div class=\"elementor-image-carousel swiper-wrapper swiper-image-stretch\" aria-live=\"off\">\n\t\t\t\t\t\t\t\t<div class=\"swiper-slide\" role=\"group\" aria-roledescription=\"slide\" aria-label=\"1 de 1\"><a data-elementor-open-lightbox=\"yes\" data-elementor-lightbox-slideshow=\"b668c20\" data-elementor-lightbox-title=\"Parques Nacional Las Victorias\" data-elementor-lightbox-description=\"Parques Nacional Las Victorias\" data-e-action-hash=\"#elementor-action%3Aaction%3Dlightbox%26settings%3DeyJpZCI6MTA2MzQsInVybCI6Imh0dHBzOlwvXC90dXJpc21vLXNpZ2FwLmNvbmFwLmdvYi5ndFwvd3AtY29udGVudFwvdXBsb2Fkc1wvMjAyNVwvMDhcL1BOLUxhcy1WaWN0b3JpYXMtXHUwMGE5Q09OQVAtNC5qcGciLCJzbGlkZXNob3ciOiJiNjY4YzIwIn0%3D\" href=\"https:\/\/turismo-sigap.conap.gob.gt\/en\/rutas-turisticas\/ruta-aventura-dentro-de-la-selva-verapaces\/parque-nacional-las-victorias\/\"><figure class=\"swiper-slide-inner\"><img decoding=\"async\" class=\"swiper-slide-image\" src=\"https:\/\/turismo-sigap.conap.gob.gt\/wp-content\/uploads\/2025\/08\/PN-Las-Victorias-\u00a9CONAP-4.jpg\" alt=\"Parques Nacional Las Victorias\" \/><figcaption class=\"elementor-image-carousel-caption\">Parques Nacional Las Victorias<\/figcaption><\/figure><\/a><\/div>\t\t\t<\/div>\n\t\t\t\t\t<\/div>\n\t\t\t\t\t\t<\/div>\n\t\t\t\t<\/div>\n\t\t\t\t<div class=\"elementor-element elementor-element-d1ed9d4 elementor-arrows-position-outside elementor-pagination-position-outside elementor-widget elementor-widget-image-carousel\" data-id=\"d1ed9d4\" data-element_type=\"widget\" data-settings=\"{&quot;slides_to_show&quot;:&quot;1&quot;,&quot;autoplay_speed&quot;:2000,&quot;slides_to_show_tablet&quot;:&quot;1&quot;,&quot;slides_to_show_mobile&quot;:&quot;1&quot;,&quot;navigation&quot;:&quot;both&quot;,&quot;autoplay&quot;:&quot;yes&quot;,&quot;pause_on_hover&quot;:&quot;yes&quot;,&quot;pause_on_interaction&quot;:&quot;yes&quot;,&quot;infinite&quot;:&quot;yes&quot;,&quot;effect&quot;:&quot;slide&quot;,&quot;speed&quot;:500}\" data-widget_type=\"image-carousel.default\">\n\t\t\t\t<div class=\"elementor-widget-container\">\n\t\t\t\t\t\t\t<div class=\"elementor-image-carousel-wrapper swiper\" role=\"region\" aria-roledescription=\"carousel\" aria-label=\"Carrusel de im\u00e1genes\" dir=\"ltr\">\n\t\t\t<div class=\"elementor-image-carousel swiper-wrapper swiper-image-stretch\" aria-live=\"off\">\n\t\t\t\t\t\t\t\t<div class=\"swiper-slide\" role=\"group\" aria-roledescription=\"slide\" aria-label=\"1 de 1\"><a data-elementor-open-lightbox=\"yes\" data-elementor-lightbox-slideshow=\"d1ed9d4\" data-elementor-lightbox-title=\"Parque Nacional Laguna Lachu\u00e1\" data-elementor-lightbox-description=\"Parque Nacional Laguna Lachu\u00e1\" data-e-action-hash=\"#elementor-action%3Aaction%3Dlightbox%26settings%3DeyJpZCI6MTA2MzAsInVybCI6Imh0dHBzOlwvXC90dXJpc21vLXNpZ2FwLmNvbmFwLmdvYi5ndFwvd3AtY29udGVudFwvdXBsb2Fkc1wvMjAyNVwvMDhcL1BOLUxhY2h1YS1cdTAwYTlDT05BUC02LmpwZyIsInNsaWRlc2hvdyI6ImQxZWQ5ZDQifQ%3D%3D\" href=\"https:\/\/turismo-sigap.conap.gob.gt\/en\/rutas-turisticas\/ruta-aventura-dentro-de-la-selva-verapaces\/parque-nacional-laguna-lachua\/\"><figure class=\"swiper-slide-inner\"><img decoding=\"async\" class=\"swiper-slide-image\" src=\"https:\/\/turismo-sigap.conap.gob.gt\/wp-content\/uploads\/2025\/08\/PN-Lachua-\u00a9CONAP-6.jpg\" alt=\"Parque Nacional Laguna Lachu\u00e1\" \/><figcaption class=\"elementor-image-carousel-caption\">Parque Nacional Laguna Lachu\u00e1<\/figcaption><\/figure><\/a><\/div>\t\t\t<\/div>\n\t\t\t\t\t<\/div>\n\t\t\t\t\t\t<\/div>\n\t\t\t\t<\/div>\n\t\t\t\t<div class=\"elementor-element elementor-element-165f130 elementor-arrows-position-outside elementor-pagination-position-outside elementor-widget elementor-widget-image-carousel\" data-id=\"165f130\" data-element_type=\"widget\" data-settings=\"{&quot;slides_to_show&quot;:&quot;1&quot;,&quot;autoplay_speed&quot;:2000,&quot;slides_to_show_tablet&quot;:&quot;1&quot;,&quot;slides_to_show_mobile&quot;:&quot;1&quot;,&quot;navigation&quot;:&quot;both&quot;,&quot;autoplay&quot;:&quot;yes&quot;,&quot;pause_on_hover&quot;:&quot;yes&quot;,&quot;pause_on_interaction&quot;:&quot;yes&quot;,&quot;infinite&quot;:&quot;yes&quot;,&quot;effect&quot;:&quot;slide&quot;,&quot;speed&quot;:500}\" data-widget_type=\"image-carousel.default\">\n\t\t\t\t<div class=\"elementor-widget-container\">\n\t\t\t\t\t\t\t<div class=\"elementor-image-carousel-wrapper swiper\" role=\"region\" aria-roledescription=\"carousel\" aria-label=\"Carrusel de im\u00e1genes\" dir=\"ltr\">\n\t\t\t<div class=\"elementor-image-carousel swiper-wrapper swiper-image-stretch\" aria-live=\"off\">\n\t\t\t\t\t\t\t\t<div class=\"swiper-slide\" role=\"group\" aria-roledescription=\"slide\" aria-label=\"1 de 1\"><a data-elementor-open-lightbox=\"yes\" data-elementor-lightbox-slideshow=\"165f130\" data-elementor-lightbox-title=\"Parque Nacional Grutas de Lanquin\" data-elementor-lightbox-description=\"Parque Nacional Grutas de Lanquin\" data-e-action-hash=\"#elementor-action%3Aaction%3Dlightbox%26settings%3DeyJpZCI6MTA2MjYsInVybCI6Imh0dHBzOlwvXC90dXJpc21vLXNpZ2FwLmNvbmFwLmdvYi5ndFwvd3AtY29udGVudFwvdXBsb2Fkc1wvMjAyNVwvMDhcL0dydXRhcy1kZS1MYW5xdWluLVx1MDBhOUNPTkFQLTMuanBnIiwic2xpZGVzaG93IjoiMTY1ZjEzMCJ9\" href=\"https:\/\/turismo-sigap.conap.gob.gt\/en\/rutas-turisticas\/ruta-aventura-dentro-de-la-selva-verapaces\/parque-nacional-grutas-de-lanquin\/\"><figure class=\"swiper-slide-inner\"><img decoding=\"async\" class=\"swiper-slide-image\" src=\"https:\/\/turismo-sigap.conap.gob.gt\/wp-content\/uploads\/2025\/08\/Grutas-de-Lanquin-\u00a9CONAP-3.jpg\" alt=\"Parque Nacional Grutas de Lanquin\" \/><figcaption class=\"elementor-image-carousel-caption\">Parque Nacional Grutas de Lanquin<\/figcaption><\/figure><\/a><\/div>\t\t\t<\/div>\n\t\t\t\t\t<\/div>\n\t\t\t\t\t\t<\/div>\n\t\t\t\t<\/div>\n\t\t\t\t<div class=\"elementor-element elementor-element-32b444a elementor-arrows-position-outside elementor-pagination-position-outside elementor-widget elementor-widget-image-carousel\" data-id=\"32b444a\" data-element_type=\"widget\" data-settings=\"{&quot;slides_to_show&quot;:&quot;1&quot;,&quot;autoplay_speed&quot;:2000,&quot;slides_to_show_tablet&quot;:&quot;1&quot;,&quot;slides_to_show_mobile&quot;:&quot;1&quot;,&quot;navigation&quot;:&quot;both&quot;,&quot;autoplay&quot;:&quot;yes&quot;,&quot;pause_on_hover&quot;:&quot;yes&quot;,&quot;pause_on_interaction&quot;:&quot;yes&quot;,&quot;infinite&quot;:&quot;yes&quot;,&quot;effect&quot;:&quot;slide&quot;,&quot;speed&quot;:500}\" data-widget_type=\"image-carousel.default\">\n\t\t\t\t<div class=\"elementor-widget-container\">\n\t\t\t\t\t\t\t<div class=\"elementor-image-carousel-wrapper swiper\" role=\"region\" aria-roledescription=\"carousel\" aria-label=\"Carrusel de im\u00e1genes\" dir=\"ltr\">\n\t\t\t<div class=\"elementor-image-carousel swiper-wrapper swiper-image-stretch\" aria-live=\"off\">\n\t\t\t\t\t\t\t\t<div class=\"swiper-slide\" role=\"group\" aria-roledescription=\"slide\" aria-label=\"1 de 1\"><a data-elementor-open-lightbox=\"yes\" data-elementor-lightbox-slideshow=\"32b444a\" data-elementor-lightbox-title=\"Monumento Natural Semuc Champey\" data-elementor-lightbox-description=\"Monumento Natural Semuc Champey\" data-e-action-hash=\"#elementor-action%3Aaction%3Dlightbox%26settings%3DeyJpZCI6MTA2NDcsInVybCI6Imh0dHBzOlwvXC90dXJpc21vLXNpZ2FwLmNvbmFwLmdvYi5ndFwvd3AtY29udGVudFwvdXBsb2Fkc1wvMjAyNVwvMDhcL01vbnVtZW50by1TZW11Yy1DaGFtcGV5LVx1MDBhOUNPTkFQLTIuanBnIiwic2xpZGVzaG93IjoiMzJiNDQ0YSJ9\" href=\"https:\/\/turismo-sigap.conap.gob.gt\/en\/rutas-turisticas\/ruta-aventura-dentro-de-la-selva-verapaces\/monumento-natural-semuc-champey\/\"><figure class=\"swiper-slide-inner\"><img decoding=\"async\" class=\"swiper-slide-image\" src=\"https:\/\/turismo-sigap.conap.gob.gt\/wp-content\/uploads\/2025\/08\/Monumento-Semuc-Champey-\u00a9CONAP-2.jpg\" alt=\"Monumento Natural\" \/><figcaption class=\"elementor-image-carousel-caption\">Monumento Natural Semuc Champey<\/figcaption><\/figure><\/a><\/div>\t\t\t<\/div>\n\t\t\t\t\t<\/div>\n\t\t\t\t\t\t<\/div>\n\t\t\t\t<\/div>\n\t\t\t\t<div class=\"elementor-element elementor-element-9c9c291 elementor-arrows-position-outside elementor-pagination-position-outside elementor-widget elementor-widget-image-carousel\" data-id=\"9c9c291\" data-element_type=\"widget\" data-settings=\"{&quot;slides_to_show&quot;:&quot;1&quot;,&quot;autoplay_speed&quot;:2000,&quot;slides_to_show_tablet&quot;:&quot;1&quot;,&quot;slides_to_show_mobile&quot;:&quot;1&quot;,&quot;navigation&quot;:&quot;both&quot;,&quot;autoplay&quot;:&quot;yes&quot;,&quot;pause_on_hover&quot;:&quot;yes&quot;,&quot;pause_on_interaction&quot;:&quot;yes&quot;,&quot;infinite&quot;:&quot;yes&quot;,&quot;effect&quot;:&quot;slide&quot;,&quot;speed&quot;:500}\" data-widget_type=\"image-carousel.default\">\n\t\t\t\t<div class=\"elementor-widget-container\">\n\t\t\t\t\t\t\t<div class=\"elementor-image-carousel-wrapper swiper\" role=\"region\" aria-roledescription=\"carousel\" aria-label=\"Carrusel de im\u00e1genes\" dir=\"ltr\">\n\t\t\t<div class=\"elementor-image-carousel swiper-wrapper swiper-image-stretch\" aria-live=\"off\">\n\t\t\t\t\t\t\t\t<div class=\"swiper-slide\" role=\"group\" aria-roledescription=\"slide\" aria-label=\"1 de 1\"><a data-elementor-open-lightbox=\"yes\" data-elementor-lightbox-slideshow=\"9c9c291\" data-elementor-lightbox-title=\"Parque Recreativo Natural Municipal Las Conchas\" data-elementor-lightbox-description=\"Parque Recreativo Natural Municipal Las Conchas\" data-e-action-hash=\"#elementor-action%3Aaction%3Dlightbox%26settings%3DeyJpZCI6MTA2MTgsInVybCI6Imh0dHBzOlwvXC90dXJpc21vLXNpZ2FwLmNvbmFwLmdvYi5ndFwvd3AtY29udGVudFwvdXBsb2Fkc1wvMjAyNVwvMDhcL0xhcy1Db25jaGFzLVx1MDBhOS1JTkdVQVQtMTQuanBnIiwic2xpZGVzaG93IjoiOWM5YzI5MSJ9\" href=\"https:\/\/turismo-sigap.conap.gob.gt\/en\/rutas-turisticas\/ruta-aventura-dentro-de-la-selva-verapaces\/parque-recreativo-natural-municipal-las-conchas\/\"><figure class=\"swiper-slide-inner\"><img decoding=\"async\" class=\"swiper-slide-image\" src=\"https:\/\/turismo-sigap.conap.gob.gt\/wp-content\/uploads\/2025\/08\/Las-Conchas-\u00a9-INGUAT-14.jpg\" alt=\"Parque Recreativo Natural Municipal Las Conchas\" \/><figcaption class=\"elementor-image-carousel-caption\">Parque Recreativo Natural Municipal Las Conchas<\/figcaption><\/figure><\/a><\/div>\t\t\t<\/div>\n\t\t\t\t\t<\/div>\n\t\t\t\t\t\t<\/div>\n\t\t\t\t<\/div>\n\t\t\t\t<div class=\"elementor-element elementor-element-18a2fc5 elementor-arrows-position-outside elementor-pagination-position-outside elementor-widget elementor-widget-image-carousel\" data-id=\"18a2fc5\" data-element_type=\"widget\" data-settings=\"{&quot;slides_to_show&quot;:&quot;1&quot;,&quot;autoplay_speed&quot;:2000,&quot;slides_to_show_tablet&quot;:&quot;1&quot;,&quot;slides_to_show_mobile&quot;:&quot;1&quot;,&quot;navigation&quot;:&quot;both&quot;,&quot;autoplay&quot;:&quot;yes&quot;,&quot;pause_on_hover&quot;:&quot;yes&quot;,&quot;pause_on_interaction&quot;:&quot;yes&quot;,&quot;infinite&quot;:&quot;yes&quot;,&quot;effect&quot;:&quot;slide&quot;,&quot;speed&quot;:500}\" data-widget_type=\"image-carousel.default\">\n\t\t\t\t<div class=\"elementor-widget-container\">\n\t\t\t\t\t\t\t<div class=\"elementor-image-carousel-wrapper swiper\" role=\"region\" aria-roledescription=\"carousel\" aria-label=\"Carrusel de im\u00e1genes\" dir=\"ltr\">\n\t\t\t<div class=\"elementor-image-carousel swiper-wrapper swiper-image-stretch\" aria-live=\"off\">\n\t\t\t\t\t\t\t\t<div class=\"swiper-slide\" role=\"group\" aria-roledescription=\"slide\" aria-label=\"1 de 1\"><a data-elementor-open-lightbox=\"yes\" data-elementor-lightbox-slideshow=\"18a2fc5\" data-elementor-lightbox-title=\"Reserva Natural Privada Chelemha\" data-elementor-lightbox-description=\"Reserva Natural Privada Chelemha\" data-e-action-hash=\"#elementor-action%3Aaction%3Dlightbox%26settings%3DeyJpZCI6MTA2MTMsInVybCI6Imh0dHBzOlwvXC90dXJpc21vLXNpZ2FwLmNvbmFwLmdvYi5ndFwvd3AtY29udGVudFwvdXBsb2Fkc1wvMjAyNVwvMDhcL0NoZWxlbUhhLVx1MDBhOUNPTkFQLTIuanBnIiwic2xpZGVzaG93IjoiMThhMmZjNSJ9\" href=\"https:\/\/turismo-sigap.conap.gob.gt\/en\/rutas-turisticas\/ruta-aventura-dentro-de-la-selva-verapaces\/reserva-natural-privada-chelemha\/\"><figure class=\"swiper-slide-inner\"><img decoding=\"async\" class=\"swiper-slide-image\" src=\"https:\/\/turismo-sigap.conap.gob.gt\/wp-content\/uploads\/2025\/08\/ChelemHa-\u00a9CONAP-2.jpg\" alt=\"Reserva Natural Privada Chelemha\" \/><figcaption class=\"elementor-image-carousel-caption\">Reserva Natural Privada Chelemha<\/figcaption><\/figure><\/a><\/div>\t\t\t<\/div>\n\t\t\t\t\t<\/div>\n\t\t\t\t\t\t<\/div>\n\t\t\t\t<\/div>\n\t\t\t\t<\/div>\n\t\t\t\t\t<\/div>\n\t\t\t\t<\/div>\n\t\t\t\t<\/div>","protected":false},"excerpt":{"rendered":"<p>Ruta Aventura dentro de la Selva &#8211; VERAPACES Aventura Ruta Aventura dentro de la Selva &#8211; Verapaces En esta regi\u00f3n se encuentra el coraz\u00f3n del Corredor del Bosque Nuboso, h\u00e1bitat del Quetzal. Esta ruta permite apreciar en pocos minutos las diferencias en los rangos altitudinales, desde Chaparrales Espinosos en las partes bajas, pasando por Bosques [&hellip;]<\/p>","protected":false},"author":2,"featured_media":0,"parent":4602,"menu_order":0,"comment_status":"closed","ping_status":"closed","template":"","meta":{"_surecart_dashboard_logo_width":"180px","_surecart_dashboard_show_logo":true,"_surecart_dashboard_navigation_orders":true,"_surecart_dashboard_navigation_invoices":true,"_surecart_dashboard_navigation_subscriptions":true,"_surecart_dashboard_navigation_downloads":true,"_surecart_dashboard_navigation_billing":true,"_surecart_dashboard_navigation_account":true,"_uag_custom_page_level_css":"","site-sidebar-layout":"no-sidebar","site-content-layout":"page-builder","ast-site-content-layout":"full-width-container","site-content-style":"unboxed","site-sidebar-style":"unboxed","ast-global-header-display":"","ast-banner-title-visibility":"","ast-main-header-display":"","ast-hfb-above-header-display":"","ast-hfb-below-header-display":"","ast-hfb-mobile-header-display":"","site-post-title":"disabled","ast-breadcrumbs-content":"","ast-featured-img":"disabled","footer-sml-layout":"","theme-transparent-header-meta":"enabled","adv-header-id-meta":"","stick-header-meta":"","header-above-stick-meta":"","header-main-stick-meta":"","header-below-stick-meta":"","astra-migrate-meta-layouts":"set","ast-page-background-enabled":"default","ast-page-background-meta":{"desktop":{"background-color":"","background-image":"","background-repeat":"repeat","background-position":"center center","background-size":"auto","background-attachment":"scroll","background-type":"","background-media":"","overlay-type":"","overlay-color":"","overlay-opacity":"","overlay-gradient":""},"tablet":{"background-color":"","background-image":"","background-repeat":"repeat","background-position":"center center","background-size":"auto","background-attachment":"scroll","background-type":"","background-media":"","overlay-type":"","overlay-color":"","overlay-opacity":"","overlay-gradient":""},"mobile":{"background-color":"","background-image":"","background-repeat":"repeat","background-position":"center center","background-size":"auto","background-attachment":"scroll","background-type":"","background-media":"","overlay-type":"","overlay-color":"","overlay-opacity":"","overlay-gradient":""}},"ast-content-background-meta":{"desktop":{"background-color":"var(--ast-global-color-5)","background-image":"","background-repeat":"repeat","background-position":"center center","background-size":"auto","background-attachment":"scroll","background-type":"","background-media":"","overlay-type":"","overlay-color":"","overlay-opacity":"","overlay-gradient":""},"tablet":{"background-color":"var(--ast-global-color-5)","background-image":"","background-repeat":"repeat","background-position":"center center","background-size":"auto","background-attachment":"scroll","background-type":"","background-media":"","overlay-type":"","overlay-color":"","overlay-opacity":"","overlay-gradient":""},"mobile":{"background-color":"var(--ast-global-color-5)","background-image":"","background-repeat":"repeat","background-position":"center center","background-size":"auto","background-attachment":"scroll","background-type":"","background-media":"","overlay-type":"","overlay-color":"","overlay-opacity":"","overlay-gradient":""}},"footnotes":""},"class_list":["post-4648","page","type-page","status-publish","hentry"],"uagb_featured_image_src":{"full":false,"thumbnail":false,"medium":false,"medium_large":false,"large":false,"1536x1536":false,"2048x2048":false,"trp-custom-language-flag":false,"woocommerce_thumbnail":false,"woocommerce_single":false,"woocommerce_gallery_thumbnail":false},"uagb_author_info":{"display_name":"Daniel Efrain Lemus Santos","author_link":"https:\/\/turismo-sigap.conap.gob.gt\/en\/author\/daniellemus\/"},"uagb_comment_info":0,"uagb_excerpt":"Ruta Aventura dentro de la Selva &#8211; VERAPACES Aventura Ruta Aventura dentro de la Selva &#8211; Verapaces En esta regi\u00f3n se encuentra el coraz\u00f3n del Corredor del Bosque Nuboso, h\u00e1bitat del Quetzal. Esta ruta permite apreciar en pocos minutos las diferencias en los rangos altitudinales, desde Chaparrales Espinosos en las partes bajas, pasando por Bosques&hellip;","_links":{"self":[{"href":"https:\/\/turismo-sigap.conap.gob.gt\/en\/wp-json\/wp\/v2\/pages\/4648","targetHints":{"allow":["GET"]}}],"collection":[{"href":"https:\/\/turismo-sigap.conap.gob.gt\/en\/wp-json\/wp\/v2\/pages"}],"about":[{"href":"https:\/\/turismo-sigap.conap.gob.gt\/en\/wp-json\/wp\/v2\/types\/page"}],"author":[{"embeddable":true,"href":"https:\/\/turismo-sigap.conap.gob.gt\/en\/wp-json\/wp\/v2\/users\/2"}],"replies":[{"embeddable":true,"href":"https:\/\/turismo-sigap.conap.gob.gt\/en\/wp-json\/wp\/v2\/comments?post=4648"}],"version-history":[{"count":70,"href":"https:\/\/turismo-sigap.conap.gob.gt\/en\/wp-json\/wp\/v2\/pages\/4648\/revisions"}],"predecessor-version":[{"id":10650,"href":"https:\/\/turismo-sigap.conap.gob.gt\/en\/wp-json\/wp\/v2\/pages\/4648\/revisions\/10650"}],"up":[{"embeddable":true,"href":"https:\/\/turismo-sigap.conap.gob.gt\/en\/wp-json\/wp\/v2\/pages\/4602"}],"wp:attachment":[{"href":"https:\/\/turismo-sigap.conap.gob.gt\/en\/wp-json\/wp\/v2\/media?parent=4648"}],"curies":[{"name":"wp","href":"https:\/\/api.w.org\/{rel}","templated":true}]}}