{"id":4649,"date":"2025-03-21T11:35:42","date_gmt":"2025-03-21T17:35:42","guid":{"rendered":"https:\/\/ex.conap.gob.gt\/?page_id=4649"},"modified":"2026-01-28T09:40:36","modified_gmt":"2026-01-28T15:40:36","slug":"ruta-de-volcanes-paisaje-y-cultura-altiplano","status":"publish","type":"page","link":"https:\/\/turismo-sigap.conap.gob.gt\/en\/rutas-turisticas\/ruta-de-volcanes-paisaje-y-cultura-altiplano\/","title":{"rendered":"Ruta de Volcanes, Paisaje y Cultura &#8211; Altiplano"},"content":{"rendered":"<div data-elementor-type=\"wp-post\" data-elementor-id=\"4649\" class=\"elementor elementor-4649\">\n\t\t\t\t<div class=\"elementor-element elementor-element-36e4911 e-flex e-con-boxed e-con e-parent\" data-id=\"36e4911\" data-element_type=\"container\" data-settings=\"{&quot;background_background&quot;:&quot;classic&quot;}\">\n\t\t\t\t\t<div class=\"e-con-inner\">\n\t\t<div class=\"elementor-element elementor-element-8d332cf e-con-full e-flex e-con e-child\" data-id=\"8d332cf\" data-element_type=\"container\">\n\t\t\t\t<div class=\"elementor-element elementor-element-4bf79de elementor-widget elementor-widget-heading\" data-id=\"4bf79de\" data-element_type=\"widget\" data-widget_type=\"heading.default\">\n\t\t\t\t<div class=\"elementor-widget-container\">\n\t\t\t\t\t<h1 class=\"elementor-heading-title elementor-size-default\">Ruta de Volcanes, <b> Paisaje y Cultura - Altiplano<\/b><\/h1>\t\t\t\t<\/div>\n\t\t\t\t<\/div>\n\t\t\t\t<\/div>\n\t\t\t\t\t<\/div>\n\t\t\t\t<\/div>\n\t\t<div class=\"elementor-element elementor-element-0c901ab e-flex e-con-boxed e-con e-parent\" data-id=\"0c901ab\" data-element_type=\"container\">\n\t\t\t\t\t<div class=\"e-con-inner\">\n\t\t<div class=\"elementor-element elementor-element-b71e4eb e-con-full e-flex e-con e-child\" data-id=\"b71e4eb\" data-element_type=\"container\">\n\t\t\t\t<div class=\"elementor-element elementor-element-3c525f0 elementor-widget-divider--view-line_text elementor-widget-divider--element-align-left elementor-widget elementor-widget-divider\" data-id=\"3c525f0\" data-element_type=\"widget\" data-widget_type=\"divider.default\">\n\t\t\t\t<div class=\"elementor-widget-container\">\n\t\t\t\t\t\t\t<div class=\"elementor-divider\">\n\t\t\t<span class=\"elementor-divider-separator\">\n\t\t\t\t\t\t\t<h6 class=\"elementor-divider__text elementor-divider__element\">\n\t\t\t\tAventura\t\t\t\t<\/h6>\n\t\t\t\t\t\t<\/span>\n\t\t<\/div>\n\t\t\t\t\t\t<\/div>\n\t\t\t\t<\/div>\n\t\t\t\t<div class=\"elementor-element elementor-element-52d103b elementor-widget elementor-widget-image-box\" data-id=\"52d103b\" data-element_type=\"widget\" data-widget_type=\"image-box.default\">\n\t\t\t\t<div class=\"elementor-widget-container\">\n\t\t\t\t\t<div class=\"elementor-image-box-wrapper\"><div class=\"elementor-image-box-content\"><h2 class=\"elementor-image-box-title\">Ruta de Volcanes, Paisaje y Cultura - Altiplano<\/h2><p class=\"elementor-image-box-description\">Es la regi\u00f3n de Guatemala con mayor densidad de poblaci\u00f3n ind\u00edgena, lo cual se evidencia en las m\u00faltiples expresiones que hacen de ella la m\u00e1s rica en diversidad y cultura. Ac\u00e1 conviven Kaqchikeles en el \u00e1rea Central; K\u2019iche\u2019s en Totonicap\u00e1n, Quetzaltenango y parte de Solol\u00e1; Mames en San Marcos y Huehuetenango; Ixiles al norte de Quich\u00e9 y otros grupos al norte de Huehuetenango. La hermosura de los tejidos multicolores, su gastronom\u00eda, as\u00ed como la producci\u00f3n artesanal hacen de la regi\u00f3n un lugar de Paisajes y Cultura.<\/p><\/div><\/div>\t\t\t\t<\/div>\n\t\t\t\t<\/div>\n\t\t<div class=\"elementor-element elementor-element-9cd3d18 e-grid e-con-full e-con e-child\" data-id=\"9cd3d18\" data-element_type=\"container\">\n\t\t\t\t<div class=\"elementor-element elementor-element-381913f elementor-arrows-position-outside elementor-pagination-position-outside elementor-widget elementor-widget-image-carousel\" data-id=\"381913f\" data-element_type=\"widget\" data-settings=\"{&quot;slides_to_show&quot;:&quot;1&quot;,&quot;autoplay_speed&quot;:6000,&quot;slides_to_show_tablet&quot;:&quot;1&quot;,&quot;slides_to_show_mobile&quot;:&quot;1&quot;,&quot;speed&quot;:600,&quot;navigation&quot;:&quot;both&quot;,&quot;autoplay&quot;:&quot;yes&quot;,&quot;pause_on_hover&quot;:&quot;yes&quot;,&quot;pause_on_interaction&quot;:&quot;yes&quot;,&quot;infinite&quot;:&quot;yes&quot;,&quot;effect&quot;:&quot;slide&quot;}\" data-widget_type=\"image-carousel.default\">\n\t\t\t\t<div class=\"elementor-widget-container\">\n\t\t\t\t\t\t\t<div class=\"elementor-image-carousel-wrapper swiper\" role=\"region\" aria-roledescription=\"carousel\" aria-label=\"Carrusel de im\u00e1genes 1\" dir=\"rtl\">\n\t\t\t<div class=\"elementor-image-carousel swiper-wrapper swiper-image-stretch\" aria-live=\"off\">\n\t\t\t\t\t\t\t\t<div class=\"swiper-slide\" role=\"group\" aria-roledescription=\"slide\" aria-label=\"1 of 1\" data-no-translation-aria-label=\"\"><a data-elementor-open-lightbox=\"yes\" data-elementor-lightbox-slideshow=\"381913f\" data-elementor-lightbox-title=\"Reserva Forestal Protectora De Manantiales Cordillera Alux\" data-elementor-lightbox-description=\"Reserva Forestal Protectora De Manantiales Cordillera Alux\" data-e-action-hash=\"#elementor-action%3Aaction%3Dlightbox%26settings%3DeyJpZCI6MTA2NTEsInVybCI6Imh0dHBzOlwvXC90dXJpc21vLXNpZ2FwLmNvbmFwLmdvYi5ndFwvd3AtY29udGVudFwvdXBsb2Fkc1wvMjAyNVwvMDhcL1x1MDBhOUNPTkFQLUFsdXgtNC5qcGciLCJzbGlkZXNob3ciOiIzODE5MTNmIn0%3D\" href=\"https:\/\/turismo-sigap.conap.gob.gt\/en\/rutas-turisticas\/ruta-de-volcanes-paisaje-y-cultura-altiplano\/29-reserva-forestal-protectora-de-manantiales-cordillera-alux\/\" target=\"_blank\"><figure class=\"swiper-slide-inner\"><img decoding=\"async\" class=\"swiper-slide-image\" src=\"https:\/\/turismo-sigap.conap.gob.gt\/wp-content\/uploads\/2025\/08\/\u00a9CONAP-Alux-4.jpg\" alt=\"Reserva Forestal Protectora De Manantiales Cordillera Alux\" \/><figcaption class=\"elementor-image-carousel-caption\">Reserva Forestal Protectora De Manantiales Cordillera Alux<\/figcaption><\/figure><\/a><\/div>\t\t\t<\/div>\n\t\t\t\t\t<\/div>\n\t\t\t\t\t\t<\/div>\n\t\t\t\t<\/div>\n\t\t\t\t<div class=\"elementor-element elementor-element-0cf740b elementor-arrows-position-outside elementor-pagination-position-outside elementor-widget elementor-widget-image-carousel\" data-id=\"0cf740b\" data-element_type=\"widget\" data-settings=\"{&quot;slides_to_show&quot;:&quot;1&quot;,&quot;autoplay_speed&quot;:6000,&quot;slides_to_show_tablet&quot;:&quot;1&quot;,&quot;slides_to_show_mobile&quot;:&quot;1&quot;,&quot;speed&quot;:600,&quot;navigation&quot;:&quot;both&quot;,&quot;autoplay&quot;:&quot;yes&quot;,&quot;pause_on_hover&quot;:&quot;yes&quot;,&quot;pause_on_interaction&quot;:&quot;yes&quot;,&quot;infinite&quot;:&quot;yes&quot;,&quot;effect&quot;:&quot;slide&quot;}\" data-widget_type=\"image-carousel.default\">\n\t\t\t\t<div class=\"elementor-widget-container\">\n\t\t\t\t\t\t\t<div class=\"elementor-image-carousel-wrapper swiper\" role=\"region\" aria-roledescription=\"carousel\" aria-label=\"Carrusel de im\u00e1genes 1\" dir=\"rtl\">\n\t\t\t<div class=\"elementor-image-carousel swiper-wrapper swiper-image-stretch\" aria-live=\"off\">\n\t\t\t\t\t\t\t\t<div class=\"swiper-slide\" role=\"group\" aria-roledescription=\"slide\" aria-label=\"1 of 1\" data-no-translation-aria-label=\"\"><a data-elementor-open-lightbox=\"yes\" data-elementor-lightbox-slideshow=\"0cf740b\" data-elementor-lightbox-title=\"Parque Regional Municipal Astillero Municipal Volc\u00e1n De Acatenango\" data-elementor-lightbox-description=\" Parque Regional Municipal Astillero Municipal Volc\u00e1n De Acatenango\" data-e-action-hash=\"#elementor-action%3Aaction%3Dlightbox%26settings%3DeyJpZCI6MTA2ODcsInVybCI6Imh0dHBzOlwvXC90dXJpc21vLXNpZ2FwLmNvbmFwLmdvYi5ndFwvd3AtY29udGVudFwvdXBsb2Fkc1wvMjAyNVwvMDhcL1ZvbGNhbi1BY2F0ZW5hbmdvLVx1MDBhOUlOR1VBVC0xLmpwZyIsInNsaWRlc2hvdyI6IjBjZjc0MGIifQ%3D%3D\" href=\"https:\/\/turismo-sigap.conap.gob.gt\/en\/rutas-turisticas\/ruta-de-volcanes-paisaje-y-cultura-altiplano\/parque-regional-municipal-astillero-municipal-volcan-de-acatenango\/\" target=\"_blank\"><figure class=\"swiper-slide-inner\"><img decoding=\"async\" class=\"swiper-slide-image\" src=\"https:\/\/turismo-sigap.conap.gob.gt\/wp-content\/uploads\/2025\/08\/Volcan-Acatenango-\u00a9INGUAT-1.jpg\" alt=\"Parque Regional Municipal Astillero Municipal Volc\u00e1n De Acatenango\" \/><figcaption class=\"elementor-image-carousel-caption\">Parque Regional Municipal Astillero Municipal Volc\u00e1n De Acatenango<\/figcaption><\/figure><\/a><\/div>\t\t\t<\/div>\n\t\t\t\t\t<\/div>\n\t\t\t\t\t\t<\/div>\n\t\t\t\t<\/div>\n\t\t\t\t<div class=\"elementor-element elementor-element-44b9f98 elementor-arrows-position-outside elementor-pagination-position-outside elementor-widget elementor-widget-image-carousel\" data-id=\"44b9f98\" data-element_type=\"widget\" data-settings=\"{&quot;slides_to_show&quot;:&quot;1&quot;,&quot;autoplay_speed&quot;:6000,&quot;slides_to_show_tablet&quot;:&quot;1&quot;,&quot;slides_to_show_mobile&quot;:&quot;1&quot;,&quot;speed&quot;:600,&quot;navigation&quot;:&quot;both&quot;,&quot;autoplay&quot;:&quot;yes&quot;,&quot;pause_on_hover&quot;:&quot;yes&quot;,&quot;pause_on_interaction&quot;:&quot;yes&quot;,&quot;infinite&quot;:&quot;yes&quot;,&quot;effect&quot;:&quot;slide&quot;}\" data-widget_type=\"image-carousel.default\">\n\t\t\t\t<div class=\"elementor-widget-container\">\n\t\t\t\t\t\t\t<div class=\"elementor-image-carousel-wrapper swiper\" role=\"region\" aria-roledescription=\"carousel\" aria-label=\"Carrusel de im\u00e1genes 1\" dir=\"rtl\">\n\t\t\t<div class=\"elementor-image-carousel swiper-wrapper swiper-image-stretch\" aria-live=\"off\">\n\t\t\t\t\t\t\t\t<div class=\"swiper-slide\" role=\"group\" aria-roledescription=\"slide\" aria-label=\"1 of 1\" data-no-translation-aria-label=\"\"><a data-elementor-open-lightbox=\"yes\" data-elementor-lightbox-slideshow=\"44b9f98\" data-elementor-lightbox-title=\"Zona De Veda Definitiva Volc\u00e1n De Agua\" data-elementor-lightbox-description=\" Zona De Veda Definitiva Volc\u00e1n De Agua\" data-e-action-hash=\"#elementor-action%3Aaction%3Dlightbox%26settings%3DeyJpZCI6MTA2NTUsInVybCI6Imh0dHBzOlwvXC90dXJpc21vLXNpZ2FwLmNvbmFwLmdvYi5ndFwvd3AtY29udGVudFwvdXBsb2Fkc1wvMjAyNVwvMDhcL1ZvbGNhbi1kZS1BZ3VhLUlOR1VBVC02LmpwZyIsInNsaWRlc2hvdyI6IjQ0YjlmOTgifQ%3D%3D\" href=\"https:\/\/turismo-sigap.conap.gob.gt\/en\/rutas-turisticas\/ruta-de-volcanes-paisaje-y-cultura-altiplano\/zona-de-veda-definitiva-volcan-de-agua\/\" target=\"_blank\"><figure class=\"swiper-slide-inner\"><img decoding=\"async\" class=\"swiper-slide-image\" src=\"https:\/\/turismo-sigap.conap.gob.gt\/wp-content\/uploads\/2025\/08\/Volcan-de-Agua-INGUAT-6.jpg\" alt=\"Zona De Veda Definitiva Volc\u00e1n De Agua\" \/><figcaption class=\"elementor-image-carousel-caption\">Zona De Veda Definitiva Volc\u00e1n De Agua<\/figcaption><\/figure><\/a><\/div>\t\t\t<\/div>\n\t\t\t\t\t<\/div>\n\t\t\t\t\t\t<\/div>\n\t\t\t\t<\/div>\n\t\t\t\t<div class=\"elementor-element elementor-element-061a16c elementor-arrows-position-outside elementor-pagination-position-outside elementor-widget elementor-widget-image-carousel\" data-id=\"061a16c\" data-element_type=\"widget\" data-settings=\"{&quot;slides_to_show&quot;:&quot;1&quot;,&quot;autoplay_speed&quot;:6000,&quot;slides_to_show_tablet&quot;:&quot;1&quot;,&quot;slides_to_show_mobile&quot;:&quot;1&quot;,&quot;speed&quot;:600,&quot;navigation&quot;:&quot;both&quot;,&quot;autoplay&quot;:&quot;yes&quot;,&quot;pause_on_hover&quot;:&quot;yes&quot;,&quot;pause_on_interaction&quot;:&quot;yes&quot;,&quot;infinite&quot;:&quot;yes&quot;,&quot;effect&quot;:&quot;slide&quot;}\" data-widget_type=\"image-carousel.default\">\n\t\t\t\t<div class=\"elementor-widget-container\">\n\t\t\t\t\t\t\t<div class=\"elementor-image-carousel-wrapper swiper\" role=\"region\" aria-roledescription=\"carousel\" aria-label=\"Carrusel de im\u00e1genes 1\" dir=\"rtl\">\n\t\t\t<div class=\"elementor-image-carousel swiper-wrapper swiper-image-stretch\" aria-live=\"off\">\n\t\t\t\t\t\t\t\t<div class=\"swiper-slide\" role=\"group\" aria-roledescription=\"slide\" aria-label=\"1 of 1\" data-no-translation-aria-label=\"\"><a data-elementor-open-lightbox=\"yes\" data-elementor-lightbox-slideshow=\"061a16c\" data-elementor-lightbox-title=\"Parque Nacional Iximche\" data-elementor-lightbox-description=\"Parque Nacional Iximche\" data-e-action-hash=\"#elementor-action%3Aaction%3Dlightbox%26settings%3DeyJpZCI6MTA2NjIsInVybCI6Imh0dHBzOlwvXC90dXJpc21vLXNpZ2FwLmNvbmFwLmdvYi5ndFwvd3AtY29udGVudFwvdXBsb2Fkc1wvMjAyNVwvMDhcLzQ5LmpwZyIsInNsaWRlc2hvdyI6IjA2MWExNmMifQ%3D%3D\" href=\"https:\/\/turismo-sigap.conap.gob.gt\/en\/rutas-turisticas\/ruta-de-volcanes-paisaje-y-cultura-altiplano\/parque-nacional-iximche\/\" target=\"_blank\"><figure class=\"swiper-slide-inner\"><img decoding=\"async\" class=\"swiper-slide-image\" src=\"https:\/\/turismo-sigap.conap.gob.gt\/wp-content\/uploads\/2025\/08\/49.jpg\" alt=\"Parque Nacional Iximche\" \/><figcaption class=\"elementor-image-carousel-caption\">Parque Nacional Iximche<\/figcaption><\/figure><\/a><\/div>\t\t\t<\/div>\n\t\t\t\t\t<\/div>\n\t\t\t\t\t\t<\/div>\n\t\t\t\t<\/div>\n\t\t\t\t<div class=\"elementor-element elementor-element-ddcb09d elementor-arrows-position-outside elementor-pagination-position-outside elementor-widget elementor-widget-image-carousel\" data-id=\"ddcb09d\" data-element_type=\"widget\" data-settings=\"{&quot;slides_to_show&quot;:&quot;1&quot;,&quot;autoplay_speed&quot;:6000,&quot;slides_to_show_tablet&quot;:&quot;1&quot;,&quot;slides_to_show_mobile&quot;:&quot;1&quot;,&quot;speed&quot;:600,&quot;navigation&quot;:&quot;both&quot;,&quot;autoplay&quot;:&quot;yes&quot;,&quot;pause_on_hover&quot;:&quot;yes&quot;,&quot;pause_on_interaction&quot;:&quot;yes&quot;,&quot;infinite&quot;:&quot;yes&quot;,&quot;effect&quot;:&quot;slide&quot;}\" data-widget_type=\"image-carousel.default\">\n\t\t\t\t<div class=\"elementor-widget-container\">\n\t\t\t\t\t\t\t<div class=\"elementor-image-carousel-wrapper swiper\" role=\"region\" aria-roledescription=\"carousel\" aria-label=\"Carrusel de im\u00e1genes 1\" dir=\"rtl\">\n\t\t\t<div class=\"elementor-image-carousel swiper-wrapper swiper-image-stretch\" aria-live=\"off\">\n\t\t\t\t\t\t\t\t<div class=\"swiper-slide\" role=\"group\" aria-roledescription=\"slide\" aria-label=\"1 of 1\" data-no-translation-aria-label=\"\"><a data-elementor-open-lightbox=\"yes\" data-elementor-lightbox-slideshow=\"ddcb09d\" data-elementor-lightbox-title=\"Reserva De Uso M\u00faltiple Cuenca Del Lago De Atitl\u00e1n\" data-elementor-lightbox-description=\"Reserva De Uso M\u00faltiple Cuenca Del Lago De Atitl\u00e1n\" data-e-action-hash=\"#elementor-action%3Aaction%3Dlightbox%26settings%3DeyJpZCI6MTA2NjcsInVybCI6Imh0dHBzOlwvXC90dXJpc21vLXNpZ2FwLmNvbmFwLmdvYi5ndFwvd3AtY29udGVudFwvdXBsb2Fkc1wvMjAyNVwvMDhcL0N1ZW5jYS1MYWdvLUFtYXRpdGxhbi1jb3BpYS5qcGciLCJzbGlkZXNob3ciOiJkZGNiMDlkIn0%3D\" href=\"https:\/\/turismo-sigap.conap.gob.gt\/en\/rutas-turisticas\/ruta-de-volcanes-paisaje-y-cultura-altiplano\/reserva-de-uso-multiple-cuenca-del-lago-de-atitlan\/\" target=\"_blank\"><figure class=\"swiper-slide-inner\"><img decoding=\"async\" class=\"swiper-slide-image\" src=\"https:\/\/turismo-sigap.conap.gob.gt\/wp-content\/uploads\/2025\/08\/Cuenca-Lago-Amatitlan-copia.jpg\" alt=\"Reserva De Uso M\u00faltiple Cuenca Del Lago De Atitl\u00e1n\" \/><figcaption class=\"elementor-image-carousel-caption\">Reserva De Uso M\u00faltiple Cuenca Del Lago De Atitl\u00e1n<\/figcaption><\/figure><\/a><\/div>\t\t\t<\/div>\n\t\t\t\t\t<\/div>\n\t\t\t\t\t\t<\/div>\n\t\t\t\t<\/div>\n\t\t\t\t<div class=\"elementor-element elementor-element-ef81d09 elementor-arrows-position-outside elementor-pagination-position-outside elementor-widget elementor-widget-image-carousel\" data-id=\"ef81d09\" data-element_type=\"widget\" data-settings=\"{&quot;slides_to_show&quot;:&quot;1&quot;,&quot;autoplay_speed&quot;:6000,&quot;slides_to_show_tablet&quot;:&quot;1&quot;,&quot;slides_to_show_mobile&quot;:&quot;1&quot;,&quot;speed&quot;:600,&quot;navigation&quot;:&quot;both&quot;,&quot;autoplay&quot;:&quot;yes&quot;,&quot;pause_on_hover&quot;:&quot;yes&quot;,&quot;pause_on_interaction&quot;:&quot;yes&quot;,&quot;infinite&quot;:&quot;yes&quot;,&quot;effect&quot;:&quot;slide&quot;}\" data-widget_type=\"image-carousel.default\">\n\t\t\t\t<div class=\"elementor-widget-container\">\n\t\t\t\t\t\t\t<div class=\"elementor-image-carousel-wrapper swiper\" role=\"region\" aria-roledescription=\"carousel\" aria-label=\"Carrusel de im\u00e1genes 1\" dir=\"rtl\">\n\t\t\t<div class=\"elementor-image-carousel swiper-wrapper swiper-image-stretch\" aria-live=\"off\">\n\t\t\t\t\t\t\t\t<div class=\"swiper-slide\" role=\"group\" aria-roledescription=\"slide\" aria-label=\"1 of 1\" data-no-translation-aria-label=\"\"><a data-elementor-open-lightbox=\"yes\" data-elementor-lightbox-slideshow=\"ef81d09\" data-elementor-lightbox-title=\"Reserva Natural Privada Parque Ecol\u00f3gico Coraz\u00f3n Del Bosque\" data-elementor-lightbox-description=\" Reserva Natural Privada Parque Ecol\u00f3gico Coraz\u00f3n Del Bosque\" data-e-action-hash=\"#elementor-action%3Aaction%3Dlightbox%26settings%3DeyJpZCI6MTA2NzEsInVybCI6Imh0dHBzOlwvXC90dXJpc21vLXNpZ2FwLmNvbmFwLmdvYi5ndFwvd3AtY29udGVudFwvdXBsb2Fkc1wvMjAyNVwvMDhcL2NvcmF6b24tZGVsLWJvc3F1ZS1cdTAwYTlSb255LU1lamlhMi5qcGciLCJzbGlkZXNob3ciOiJlZjgxZDA5In0%3D\" href=\"https:\/\/turismo-sigap.conap.gob.gt\/en\/rutas-turisticas\/ruta-de-volcanes-paisaje-y-cultura-altiplano\/reserva-natural-privada-parque-ecologico-corazon-del-bosque\/\" target=\"_blank\"><figure class=\"swiper-slide-inner\"><img decoding=\"async\" class=\"swiper-slide-image\" src=\"https:\/\/turismo-sigap.conap.gob.gt\/wp-content\/uploads\/2025\/08\/corazon-del-bosque-\u00a9Rony-Mejia2.jpg\" alt=\"Reserva Natural Privada Parque Ecol\u00f3gico Coraz\u00f3n Del Bosque\" \/><figcaption class=\"elementor-image-carousel-caption\">Reserva Natural Privada Parque Ecol\u00f3gico Coraz\u00f3n Del Bosque<\/figcaption><\/figure><\/a><\/div>\t\t\t<\/div>\n\t\t\t\t\t<\/div>\n\t\t\t\t\t\t<\/div>\n\t\t\t\t<\/div>\n\t\t\t\t<div class=\"elementor-element elementor-element-9b20571 elementor-arrows-position-outside elementor-pagination-position-outside elementor-widget elementor-widget-image-carousel\" data-id=\"9b20571\" data-element_type=\"widget\" data-settings=\"{&quot;slides_to_show&quot;:&quot;1&quot;,&quot;autoplay_speed&quot;:6000,&quot;slides_to_show_tablet&quot;:&quot;1&quot;,&quot;slides_to_show_mobile&quot;:&quot;1&quot;,&quot;speed&quot;:600,&quot;navigation&quot;:&quot;both&quot;,&quot;autoplay&quot;:&quot;yes&quot;,&quot;pause_on_hover&quot;:&quot;yes&quot;,&quot;pause_on_interaction&quot;:&quot;yes&quot;,&quot;infinite&quot;:&quot;yes&quot;,&quot;effect&quot;:&quot;slide&quot;}\" data-widget_type=\"image-carousel.default\">\n\t\t\t\t<div class=\"elementor-widget-container\">\n\t\t\t\t\t\t\t<div class=\"elementor-image-carousel-wrapper swiper\" role=\"region\" aria-roledescription=\"carousel\" aria-label=\"Carrusel de im\u00e1genes 1\" dir=\"rtl\">\n\t\t\t<div class=\"elementor-image-carousel swiper-wrapper swiper-image-stretch\" aria-live=\"off\">\n\t\t\t\t\t\t\t\t<div class=\"swiper-slide\" role=\"group\" aria-roledescription=\"slide\" aria-label=\"1 of 1\" data-no-translation-aria-label=\"\"><a data-elementor-open-lightbox=\"yes\" data-elementor-lightbox-slideshow=\"9b20571\" data-elementor-lightbox-title=\"Parque Regional Municipal Cerro Chuiraxamol\u00f3\" data-elementor-lightbox-description=\"Parque Regional Municipal Cerro Chuiraxamol\u00f3\" data-e-action-hash=\"#elementor-action%3Aaction%3Dlightbox%26settings%3DeyJpZCI6MTA2NzUsInVybCI6Imh0dHBzOlwvXC90dXJpc21vLXNpZ2FwLmNvbmFwLmdvYi5ndFwvd3AtY29udGVudFwvdXBsb2Fkc1wvMjAyNVwvMDhcL0NodWktUmF4LUFtb2xvLTlDT05BUC5qcGciLCJzbGlkZXNob3ciOiI5YjIwNTcxIn0%3D\" href=\"https:\/\/turismo-sigap.conap.gob.gt\/en\/rutas-turisticas\/ruta-de-volcanes-paisaje-y-cultura-altiplano\/parque-regional-municipal-cerro-chuiraxamolo\/\" target=\"_blank\"><figure class=\"swiper-slide-inner\"><img decoding=\"async\" class=\"swiper-slide-image\" src=\"https:\/\/turismo-sigap.conap.gob.gt\/wp-content\/uploads\/2025\/08\/Chui-Rax-Amolo-9CONAP.jpg\" alt=\"Parque Regional Municipal Cerro Chuiraxamol\u00f3\" \/><figcaption class=\"elementor-image-carousel-caption\">Parque Regional Municipal Cerro Chuiraxamol\u00f3<\/figcaption><\/figure><\/a><\/div>\t\t\t<\/div>\n\t\t\t\t\t<\/div>\n\t\t\t\t\t\t<\/div>\n\t\t\t\t<\/div>\n\t\t\t\t<div class=\"elementor-element elementor-element-492e054 elementor-arrows-position-outside elementor-pagination-position-outside elementor-widget elementor-widget-image-carousel\" data-id=\"492e054\" data-element_type=\"widget\" data-settings=\"{&quot;slides_to_show&quot;:&quot;1&quot;,&quot;autoplay_speed&quot;:6000,&quot;slides_to_show_tablet&quot;:&quot;1&quot;,&quot;slides_to_show_mobile&quot;:&quot;1&quot;,&quot;speed&quot;:600,&quot;navigation&quot;:&quot;both&quot;,&quot;autoplay&quot;:&quot;yes&quot;,&quot;pause_on_hover&quot;:&quot;yes&quot;,&quot;pause_on_interaction&quot;:&quot;yes&quot;,&quot;infinite&quot;:&quot;yes&quot;,&quot;effect&quot;:&quot;slide&quot;}\" data-widget_type=\"image-carousel.default\">\n\t\t\t\t<div class=\"elementor-widget-container\">\n\t\t\t\t\t\t\t<div class=\"elementor-image-carousel-wrapper swiper\" role=\"region\" aria-roledescription=\"carousel\" aria-label=\"Carrusel de im\u00e1genes 1\" dir=\"rtl\">\n\t\t\t<div class=\"elementor-image-carousel swiper-wrapper swiper-image-stretch\" aria-live=\"off\">\n\t\t\t\t\t\t\t\t<div class=\"swiper-slide\" role=\"group\" aria-roledescription=\"slide\" aria-label=\"1 of 1\" data-no-translation-aria-label=\"\"><a data-elementor-open-lightbox=\"yes\" data-elementor-lightbox-slideshow=\"492e054\" data-elementor-lightbox-title=\"Parque Regional Municipal El Mirador Rey Tepepul\" data-elementor-lightbox-description=\"Parque Regional Municipal El Mirador Rey Tepepul\" data-e-action-hash=\"#elementor-action%3Aaction%3Dlightbox%26settings%3DeyJpZCI6MTA2NzksInVybCI6Imh0dHBzOlwvXC90dXJpc21vLXNpZ2FwLmNvbmFwLmdvYi5ndFwvd3AtY29udGVudFwvdXBsb2Fkc1wvMjAyNVwvMDhcL0F0aXRsYW4tQ09OQVAtMTcuanBnIiwic2xpZGVzaG93IjoiNDkyZTA1NCJ9\" href=\"https:\/\/turismo-sigap.conap.gob.gt\/en\/rutas-turisticas\/ruta-de-volcanes-paisaje-y-cultura-altiplano\/parque-regional-municipal-el-mirador-rey-tepepul\/\" target=\"_blank\"><figure class=\"swiper-slide-inner\"><img decoding=\"async\" class=\"swiper-slide-image\" src=\"https:\/\/turismo-sigap.conap.gob.gt\/wp-content\/uploads\/2025\/08\/Atitlan-CONAP-17.jpg\" alt=\"Parque Regional Municipal El Mirador Rey Tepepul\" \/><figcaption class=\"elementor-image-carousel-caption\">Parque Regional Municipal El Mirador Rey Tepepul<\/figcaption><\/figure><\/a><\/div>\t\t\t<\/div>\n\t\t\t\t\t<\/div>\n\t\t\t\t\t\t<\/div>\n\t\t\t\t<\/div>\n\t\t\t\t<div class=\"elementor-element elementor-element-95a2670 elementor-arrows-position-outside elementor-pagination-position-outside elementor-widget elementor-widget-image-carousel\" data-id=\"95a2670\" data-element_type=\"widget\" data-settings=\"{&quot;slides_to_show&quot;:&quot;1&quot;,&quot;autoplay_speed&quot;:6000,&quot;slides_to_show_tablet&quot;:&quot;1&quot;,&quot;slides_to_show_mobile&quot;:&quot;1&quot;,&quot;speed&quot;:600,&quot;navigation&quot;:&quot;both&quot;,&quot;autoplay&quot;:&quot;yes&quot;,&quot;pause_on_hover&quot;:&quot;yes&quot;,&quot;pause_on_interaction&quot;:&quot;yes&quot;,&quot;infinite&quot;:&quot;yes&quot;,&quot;effect&quot;:&quot;slide&quot;}\" data-widget_type=\"image-carousel.default\">\n\t\t\t\t<div class=\"elementor-widget-container\">\n\t\t\t\t\t\t\t<div class=\"elementor-image-carousel-wrapper swiper\" role=\"region\" aria-roledescription=\"carousel\" aria-label=\"Carrusel de im\u00e1genes 1\" dir=\"rtl\">\n\t\t\t<div class=\"elementor-image-carousel swiper-wrapper swiper-image-stretch\" aria-live=\"off\">\n\t\t\t\t\t\t\t\t<div class=\"swiper-slide\" role=\"group\" aria-roledescription=\"slide\" aria-label=\"1 of 1\" data-no-translation-aria-label=\"\"><a data-elementor-open-lightbox=\"yes\" data-elementor-lightbox-slideshow=\"95a2670\" data-elementor-lightbox-title=\"Parque Nacional Cerro Del Ba\u00fal\" data-elementor-lightbox-description=\"Parque Nacional Cerro Del Ba\u00fal\" data-e-action-hash=\"#elementor-action%3Aaction%3Dlightbox%26settings%3DeyJpZCI6MTA2ODMsInVybCI6Imh0dHBzOlwvXC90dXJpc21vLXNpZ2FwLmNvbmFwLmdvYi5ndFwvd3AtY29udGVudFwvdXBsb2Fkc1wvMjAyNVwvMDhcL0NlcnJvLUVsLUJhdWwtXHUwMGE5SU5HVUFULTMuanBnIiwic2xpZGVzaG93IjoiOTVhMjY3MCJ9\" href=\"https:\/\/turismo-sigap.conap.gob.gt\/en\/rutas-turisticas\/ruta-de-volcanes-paisaje-y-cultura-altiplano\/parque-nacional-cerro-del-baul\/\" target=\"_blank\"><figure class=\"swiper-slide-inner\"><img decoding=\"async\" class=\"swiper-slide-image\" src=\"https:\/\/turismo-sigap.conap.gob.gt\/wp-content\/uploads\/2025\/08\/Cerro-El-Baul-\u00a9INGUAT-3.jpg\" alt=\"Parque Nacional Cerro Del Ba\u00fal\" \/><figcaption class=\"elementor-image-carousel-caption\">Parque Nacional Cerro Del Ba\u00fal<\/figcaption><\/figure><\/a><\/div>\t\t\t<\/div>\n\t\t\t\t\t<\/div>\n\t\t\t\t\t\t<\/div>\n\t\t\t\t<\/div>\n\t\t\t\t<div class=\"elementor-element elementor-element-5fcee7f elementor-arrows-position-outside elementor-pagination-position-outside elementor-widget elementor-widget-image-carousel\" data-id=\"5fcee7f\" data-element_type=\"widget\" data-settings=\"{&quot;slides_to_show&quot;:&quot;1&quot;,&quot;autoplay_speed&quot;:6000,&quot;slides_to_show_tablet&quot;:&quot;1&quot;,&quot;slides_to_show_mobile&quot;:&quot;1&quot;,&quot;speed&quot;:600,&quot;navigation&quot;:&quot;both&quot;,&quot;autoplay&quot;:&quot;yes&quot;,&quot;pause_on_hover&quot;:&quot;yes&quot;,&quot;pause_on_interaction&quot;:&quot;yes&quot;,&quot;infinite&quot;:&quot;yes&quot;,&quot;effect&quot;:&quot;slide&quot;}\" data-widget_type=\"image-carousel.default\">\n\t\t\t\t<div class=\"elementor-widget-container\">\n\t\t\t\t\t\t\t<div class=\"elementor-image-carousel-wrapper swiper\" role=\"region\" aria-roledescription=\"carousel\" aria-label=\"Carrusel de im\u00e1genes 1\" dir=\"rtl\">\n\t\t\t<div class=\"elementor-image-carousel swiper-wrapper swiper-image-stretch\" aria-live=\"off\">\n\t\t\t\t\t\t\t\t<div class=\"swiper-slide\" role=\"group\" aria-roledescription=\"slide\" aria-label=\"1 of 1\" data-no-translation-aria-label=\"\"><a data-elementor-open-lightbox=\"yes\" data-elementor-lightbox-slideshow=\"5fcee7f\" data-elementor-lightbox-title=\"Zona De Veda Definitiva Volc\u00e1n Santa Mar\u00eda\" data-elementor-lightbox-description=\" Zona De Veda Definitiva Volc\u00e1n Santa Mar\u00eda\" data-e-action-hash=\"#elementor-action%3Aaction%3Dlightbox%26settings%3DeyJpZCI6MTA3MjUsInVybCI6Imh0dHBzOlwvXC90dXJpc21vLXNpZ2FwLmNvbmFwLmdvYi5ndFwvd3AtY29udGVudFwvdXBsb2Fkc1wvMjAyNVwvMDhcL1NhbnRhX01hcmlhX1ZvbGNhbm8uanBnIiwic2xpZGVzaG93IjoiNWZjZWU3ZiJ9\" href=\"https:\/\/turismo-sigap.conap.gob.gt\/en\/rutas-turisticas\/ruta-de-volcanes-paisaje-y-cultura-altiplano\/zona-de-veda-definitiva-volcan-santa-maria\/\" target=\"_blank\"><figure class=\"swiper-slide-inner\"><img decoding=\"async\" class=\"swiper-slide-image\" src=\"https:\/\/turismo-sigap.conap.gob.gt\/wp-content\/uploads\/2025\/08\/Santa_Maria_Volcano.jpg\" alt=\"Zona De Veda Definitiva Volc\u00e1n Santa Mar\u00eda\" \/><figcaption class=\"elementor-image-carousel-caption\">Zona De Veda Definitiva Volc\u00e1n Santa Mar\u00eda<\/figcaption><\/figure><\/a><\/div>\t\t\t<\/div>\n\t\t\t\t\t<\/div>\n\t\t\t\t\t\t<\/div>\n\t\t\t\t<\/div>\n\t\t\t\t<div class=\"elementor-element elementor-element-dcd776e elementor-arrows-position-outside elementor-pagination-position-outside elementor-widget elementor-widget-image-carousel\" data-id=\"dcd776e\" data-element_type=\"widget\" data-settings=\"{&quot;slides_to_show&quot;:&quot;1&quot;,&quot;autoplay_speed&quot;:2000,&quot;slides_to_show_tablet&quot;:&quot;1&quot;,&quot;slides_to_show_mobile&quot;:&quot;1&quot;,&quot;navigation&quot;:&quot;both&quot;,&quot;autoplay&quot;:&quot;yes&quot;,&quot;pause_on_hover&quot;:&quot;yes&quot;,&quot;pause_on_interaction&quot;:&quot;yes&quot;,&quot;infinite&quot;:&quot;yes&quot;,&quot;effect&quot;:&quot;slide&quot;,&quot;speed&quot;:500}\" data-widget_type=\"image-carousel.default\">\n\t\t\t\t<div class=\"elementor-widget-container\">\n\t\t\t\t\t\t\t<div class=\"elementor-image-carousel-wrapper swiper\" role=\"region\" aria-roledescription=\"carousel\" aria-label=\"Carrusel de im\u00e1genes\" dir=\"ltr\">\n\t\t\t<div class=\"elementor-image-carousel swiper-wrapper swiper-image-stretch\" aria-live=\"off\">\n\t\t\t\t\t\t\t\t<div class=\"swiper-slide\" role=\"group\" aria-roledescription=\"slide\" aria-label=\"1 of 1\" data-no-translation-aria-label=\"\"><a data-elementor-open-lightbox=\"yes\" data-elementor-lightbox-slideshow=\"dcd776e\" data-elementor-lightbox-title=\"Zona De Veda Definitiva Volc\u00e1n Santiaguito \u201cMirador Manhermans\u201d\" data-elementor-lightbox-description=\" Zona De Veda Definitiva Volc\u00e1n Santiaguito \u201cMirador Manhermans\u201d\" data-e-action-hash=\"#elementor-action%3Aaction%3Dlightbox%26settings%3DeyJpZCI6MTA3MjksInVybCI6Imh0dHBzOlwvXC90dXJpc21vLXNpZ2FwLmNvbmFwLmdvYi5ndFwvd3AtY29udGVudFwvdXBsb2Fkc1wvMjAyNVwvMDhcL1x1MDBhOUNPTkFQLTQuanBnIiwic2xpZGVzaG93IjoiZGNkNzc2ZSJ9\" href=\"https:\/\/turismo-sigap.conap.gob.gt\/en\/rutas-turisticas\/ruta-de-volcanes-paisaje-y-cultura-altiplano\/zona-de-veda-definitiva-volcan-santiaguito-mirador-manhermans\/\"><figure class=\"swiper-slide-inner\"><img decoding=\"async\" class=\"swiper-slide-image\" src=\"https:\/\/turismo-sigap.conap.gob.gt\/wp-content\/uploads\/2025\/08\/\u00a9CONAP-4.jpg\" alt=\"Zona De Veda Definitiva Volc\u00e1n Santiaguito \u201cMirador Manhermans\u201d\" \/><figcaption class=\"elementor-image-carousel-caption\"> Zona De Veda Definitiva Volc\u00e1n Santiaguito \u201cMirador Manhermans\u201d<\/figcaption><\/figure><\/a><\/div>\t\t\t<\/div>\n\t\t\t\t\t<\/div>\n\t\t\t\t\t\t<\/div>\n\t\t\t\t<\/div>\n\t\t\t\t<div class=\"elementor-element elementor-element-4513694 elementor-arrows-position-outside elementor-pagination-position-outside elementor-widget elementor-widget-image-carousel\" data-id=\"4513694\" data-element_type=\"widget\" data-settings=\"{&quot;slides_to_show&quot;:&quot;1&quot;,&quot;autoplay_speed&quot;:2000,&quot;slides_to_show_tablet&quot;:&quot;1&quot;,&quot;slides_to_show_mobile&quot;:&quot;1&quot;,&quot;navigation&quot;:&quot;both&quot;,&quot;autoplay&quot;:&quot;yes&quot;,&quot;pause_on_hover&quot;:&quot;yes&quot;,&quot;pause_on_interaction&quot;:&quot;yes&quot;,&quot;infinite&quot;:&quot;yes&quot;,&quot;effect&quot;:&quot;slide&quot;,&quot;speed&quot;:500}\" data-widget_type=\"image-carousel.default\">\n\t\t\t\t<div class=\"elementor-widget-container\">\n\t\t\t\t\t\t\t<div class=\"elementor-image-carousel-wrapper swiper\" role=\"region\" aria-roledescription=\"carousel\" aria-label=\"Carrusel de im\u00e1genes\" dir=\"ltr\">\n\t\t\t<div class=\"elementor-image-carousel swiper-wrapper swiper-image-stretch\" aria-live=\"off\">\n\t\t\t\t\t\t\t\t<div class=\"swiper-slide\" role=\"group\" aria-roledescription=\"slide\" aria-label=\"1 of 1\" data-no-translation-aria-label=\"\"><a data-elementor-open-lightbox=\"yes\" data-elementor-lightbox-slideshow=\"4513694\" data-elementor-lightbox-title=\"Parque Regional Municipal Concepcion Chiquirichapa\" data-elementor-lightbox-description=\" Parque Regional Municipal Concepcion Chiquirichapa\" data-e-action-hash=\"#elementor-action%3Aaction%3Dlightbox%26settings%3DeyJpZCI6MTA2OTUsInVybCI6Imh0dHBzOlwvXC90dXJpc21vLXNpZ2FwLmNvbmFwLmdvYi5ndFwvd3AtY29udGVudFwvdXBsb2Fkc1wvMjAyNVwvMDhcL0NoaXF1aXJpY2hhcGEtQ09OQVAtMS5qcGciLCJzbGlkZXNob3ciOiI0NTEzNjk0In0%3D\" href=\"https:\/\/turismo-sigap.conap.gob.gt\/en\/rutas-turisticas\/ruta-de-volcanes-paisaje-y-cultura-altiplano\/parque-regional-municipal-concepcion-chiquirichapa\/\"><figure class=\"swiper-slide-inner\"><img decoding=\"async\" class=\"swiper-slide-image\" src=\"https:\/\/turismo-sigap.conap.gob.gt\/wp-content\/uploads\/2025\/08\/Chiquirichapa-CONAP-1.jpg\" alt=\"Parque Regional Municipal Concepcion Chiquirichapa\" \/><figcaption class=\"elementor-image-carousel-caption\"> Parque Regional Municipal Concepcion Chiquirichapa<\/figcaption><\/figure><\/a><\/div>\t\t\t<\/div>\n\t\t\t\t\t<\/div>\n\t\t\t\t\t\t<\/div>\n\t\t\t\t<\/div>\n\t\t\t\t<div class=\"elementor-element elementor-element-86b91b7 elementor-arrows-position-outside elementor-pagination-position-outside elementor-widget elementor-widget-image-carousel\" data-id=\"86b91b7\" data-element_type=\"widget\" data-settings=\"{&quot;slides_to_show&quot;:&quot;1&quot;,&quot;autoplay_speed&quot;:2000,&quot;slides_to_show_tablet&quot;:&quot;1&quot;,&quot;slides_to_show_mobile&quot;:&quot;1&quot;,&quot;navigation&quot;:&quot;both&quot;,&quot;autoplay&quot;:&quot;yes&quot;,&quot;pause_on_hover&quot;:&quot;yes&quot;,&quot;pause_on_interaction&quot;:&quot;yes&quot;,&quot;infinite&quot;:&quot;yes&quot;,&quot;effect&quot;:&quot;slide&quot;,&quot;speed&quot;:500}\" data-widget_type=\"image-carousel.default\">\n\t\t\t\t<div class=\"elementor-widget-container\">\n\t\t\t\t\t\t\t<div class=\"elementor-image-carousel-wrapper swiper\" role=\"region\" aria-roledescription=\"carousel\" aria-label=\"Carrusel de im\u00e1genes\" dir=\"ltr\">\n\t\t\t<div class=\"elementor-image-carousel swiper-wrapper swiper-image-stretch\" aria-live=\"off\">\n\t\t\t\t\t\t\t\t<div class=\"swiper-slide\" role=\"group\" aria-roledescription=\"slide\" aria-label=\"1 of 1\" data-no-translation-aria-label=\"\"><a data-elementor-open-lightbox=\"yes\" data-elementor-lightbox-slideshow=\"86b91b7\" data-elementor-lightbox-title=\"Zona De Veda Definitiva Volc\u00e1n Chicabal\" data-elementor-lightbox-description=\"Zona De Veda Definitiva Volc\u00e1n Chicabal\" data-e-action-hash=\"#elementor-action%3Aaction%3Dlightbox%26settings%3DeyJpZCI6MTA2OTksInVybCI6Imh0dHBzOlwvXC90dXJpc21vLXNpZ2FwLmNvbmFwLmdvYi5ndFwvd3AtY29udGVudFwvdXBsb2Fkc1wvMjAyNVwvMDhcL1pWRC1Wb2xjYW4tQ2hpY2FiYWwtXHUwMGE5SU5HVUFULTIuanBnIiwic2xpZGVzaG93IjoiODZiOTFiNyJ9\" href=\"https:\/\/turismo-sigap.conap.gob.gt\/en\/rutas-turisticas\/ruta-de-volcanes-paisaje-y-cultura-altiplano\/zona-de-veda-definitiva-volcan-chicabal\/\"><figure class=\"swiper-slide-inner\"><img decoding=\"async\" class=\"swiper-slide-image\" src=\"https:\/\/turismo-sigap.conap.gob.gt\/wp-content\/uploads\/2025\/08\/ZVD-Volcan-Chicabal-\u00a9INGUAT-2.jpg\" alt=\"Zona De Veda Definitiva Volc\u00e1n Chicabal\" \/><figcaption class=\"elementor-image-carousel-caption\">Zona De Veda Definitiva Volc\u00e1n Chicabal<\/figcaption><\/figure><\/a><\/div>\t\t\t<\/div>\n\t\t\t\t\t<\/div>\n\t\t\t\t\t\t<\/div>\n\t\t\t\t<\/div>\n\t\t\t\t<div class=\"elementor-element elementor-element-5be7efc elementor-arrows-position-outside elementor-pagination-position-outside elementor-widget elementor-widget-image-carousel\" data-id=\"5be7efc\" data-element_type=\"widget\" data-settings=\"{&quot;slides_to_show&quot;:&quot;1&quot;,&quot;autoplay_speed&quot;:2000,&quot;slides_to_show_tablet&quot;:&quot;1&quot;,&quot;slides_to_show_mobile&quot;:&quot;1&quot;,&quot;navigation&quot;:&quot;both&quot;,&quot;autoplay&quot;:&quot;yes&quot;,&quot;pause_on_hover&quot;:&quot;yes&quot;,&quot;pause_on_interaction&quot;:&quot;yes&quot;,&quot;infinite&quot;:&quot;yes&quot;,&quot;effect&quot;:&quot;slide&quot;,&quot;speed&quot;:500}\" data-widget_type=\"image-carousel.default\">\n\t\t\t\t<div class=\"elementor-widget-container\">\n\t\t\t\t\t\t\t<div class=\"elementor-image-carousel-wrapper swiper\" role=\"region\" aria-roledescription=\"carousel\" aria-label=\"Carrusel de im\u00e1genes\" dir=\"ltr\">\n\t\t\t<div class=\"elementor-image-carousel swiper-wrapper swiper-image-stretch\" aria-live=\"off\">\n\t\t\t\t\t\t\t\t<div class=\"swiper-slide\" role=\"group\" aria-roledescription=\"slide\" aria-label=\"1 of 1\" data-no-translation-aria-label=\"\"><a data-elementor-open-lightbox=\"yes\" data-elementor-lightbox-slideshow=\"5be7efc\" data-elementor-lightbox-title=\"Parque Nacional Riscos De Momostenango\" data-elementor-lightbox-description=\"Parque Nacional Riscos De Momostenango\" data-e-action-hash=\"#elementor-action%3Aaction%3Dlightbox%26settings%3DeyJpZCI6MTA3MDMsInVybCI6Imh0dHBzOlwvXC90dXJpc21vLXNpZ2FwLmNvbmFwLmdvYi5ndFwvd3AtY29udGVudFwvdXBsb2Fkc1wvMjAyNVwvMDhcL1BOLVJpc2Nvcy1kZS1Nb21vc3RlbmFuZ28tXHUwMGE5SU5HVUFULTEuanBnIiwic2xpZGVzaG93IjoiNWJlN2VmYyJ9\" href=\"https:\/\/turismo-sigap.conap.gob.gt\/en\/rutas-turisticas\/ruta-de-volcanes-paisaje-y-cultura-altiplano\/parque-nacional-riscos-de-momostenango\/\"><figure class=\"swiper-slide-inner\"><img decoding=\"async\" class=\"swiper-slide-image\" src=\"https:\/\/turismo-sigap.conap.gob.gt\/wp-content\/uploads\/2025\/08\/PN-Riscos-de-Momostenango-\u00a9INGUAT-1.jpg\" alt=\"Parque Nacional Riscos De Momostenango\" \/><figcaption class=\"elementor-image-carousel-caption\">Parque Nacional Riscos De Momostenango<\/figcaption><\/figure><\/a><\/div>\t\t\t<\/div>\n\t\t\t\t\t<\/div>\n\t\t\t\t\t\t<\/div>\n\t\t\t\t<\/div>\n\t\t\t\t<div class=\"elementor-element elementor-element-f8ed954 elementor-arrows-position-outside elementor-pagination-position-outside elementor-widget elementor-widget-image-carousel\" data-id=\"f8ed954\" data-element_type=\"widget\" data-settings=\"{&quot;slides_to_show&quot;:&quot;1&quot;,&quot;autoplay_speed&quot;:2000,&quot;slides_to_show_tablet&quot;:&quot;1&quot;,&quot;slides_to_show_mobile&quot;:&quot;1&quot;,&quot;navigation&quot;:&quot;both&quot;,&quot;autoplay&quot;:&quot;yes&quot;,&quot;pause_on_hover&quot;:&quot;yes&quot;,&quot;pause_on_interaction&quot;:&quot;yes&quot;,&quot;infinite&quot;:&quot;yes&quot;,&quot;effect&quot;:&quot;slide&quot;,&quot;speed&quot;:500}\" data-widget_type=\"image-carousel.default\">\n\t\t\t\t<div class=\"elementor-widget-container\">\n\t\t\t\t\t\t\t<div class=\"elementor-image-carousel-wrapper swiper\" role=\"region\" aria-roledescription=\"carousel\" aria-label=\"Carrusel de im\u00e1genes\" dir=\"ltr\">\n\t\t\t<div class=\"elementor-image-carousel swiper-wrapper swiper-image-stretch\" aria-live=\"off\">\n\t\t\t\t\t\t\t\t<div class=\"swiper-slide\" role=\"group\" aria-roledescription=\"slide\" aria-label=\"1 of 1\" data-no-translation-aria-label=\"\"><a data-elementor-open-lightbox=\"yes\" data-elementor-lightbox-slideshow=\"f8ed954\" data-elementor-lightbox-title=\"Parque Regional Municipal Astillero Municipal De San Marcos\" data-elementor-lightbox-description=\" Parque Regional Municipal Astillero Municipal De San Marcos\" data-e-action-hash=\"#elementor-action%3Aaction%3Dlightbox%26settings%3DeyJpZCI6MTA3MDUsInVybCI6Imh0dHBzOlwvXC90dXJpc21vLXNpZ2FwLmNvbmFwLmdvYi5ndFwvd3AtY29udGVudFwvdXBsb2Fkc1wvMjAyNVwvMDhcL1BSTS1Bc3RpbGxlcm8tTXVuaWNpcGFsLWRlLVNhbi1NYXJjb3MtQ2FwaW4tRmlsbXMtY29ydGVzaWEtZGUtSU5HVUFULTEuanBnIiwic2xpZGVzaG93IjoiZjhlZDk1NCJ9\" href=\"https:\/\/turismo-sigap.conap.gob.gt\/en\/rutas-turisticas\/ruta-de-volcanes-paisaje-y-cultura-altiplano\/parque-regional-municipal-astillero-municipal-de-san-marcos\/\"><figure class=\"swiper-slide-inner\"><img decoding=\"async\" class=\"swiper-slide-image\" src=\"https:\/\/turismo-sigap.conap.gob.gt\/wp-content\/uploads\/2025\/08\/PRM-Astillero-Municipal-de-San-Marcos-Capin-Films-cortesia-de-INGUAT-1.jpg\" alt=\"Parque Regional Municipal Astillero Municipal De San Marcos\" \/><figcaption class=\"elementor-image-carousel-caption\"> Parque Regional Municipal Astillero Municipal De San Marcos<\/figcaption><\/figure><\/a><\/div>\t\t\t<\/div>\n\t\t\t\t\t<\/div>\n\t\t\t\t\t\t<\/div>\n\t\t\t\t<\/div>\n\t\t\t\t<div class=\"elementor-element elementor-element-4ee49e6 elementor-arrows-position-outside elementor-pagination-position-outside elementor-widget elementor-widget-image-carousel\" data-id=\"4ee49e6\" data-element_type=\"widget\" data-settings=\"{&quot;slides_to_show&quot;:&quot;1&quot;,&quot;autoplay_speed&quot;:2000,&quot;slides_to_show_tablet&quot;:&quot;1&quot;,&quot;slides_to_show_mobile&quot;:&quot;1&quot;,&quot;navigation&quot;:&quot;both&quot;,&quot;autoplay&quot;:&quot;yes&quot;,&quot;pause_on_hover&quot;:&quot;yes&quot;,&quot;pause_on_interaction&quot;:&quot;yes&quot;,&quot;infinite&quot;:&quot;yes&quot;,&quot;effect&quot;:&quot;slide&quot;,&quot;speed&quot;:500}\" data-widget_type=\"image-carousel.default\">\n\t\t\t\t<div class=\"elementor-widget-container\">\n\t\t\t\t\t\t\t<div class=\"elementor-image-carousel-wrapper swiper\" role=\"region\" aria-roledescription=\"carousel\" aria-label=\"Carrusel de im\u00e1genes\" dir=\"ltr\">\n\t\t\t<div class=\"elementor-image-carousel swiper-wrapper swiper-image-stretch\" aria-live=\"off\">\n\t\t\t\t\t\t\t\t<div class=\"swiper-slide\" role=\"group\" aria-roledescription=\"slide\" aria-label=\"1 of 1\" data-no-translation-aria-label=\"\"><a data-elementor-open-lightbox=\"yes\" data-elementor-lightbox-slideshow=\"4ee49e6\" data-elementor-lightbox-title=\"Parque Regional Municipal Quetzal\u00ed\" data-elementor-lightbox-description=\" Parque Regional Municipal Quetzal\u00ed\" data-e-action-hash=\"#elementor-action%3Aaction%3Dlightbox%26settings%3DeyJpZCI6MTA3MDksInVybCI6Imh0dHBzOlwvXC90dXJpc21vLXNpZ2FwLmNvbmFwLmdvYi5ndFwvd3AtY29udGVudFwvdXBsb2Fkc1wvMjAyNVwvMDhcL1BSTS1RdWV0emFsaS1DaGFwaW4tRmlsbXMtY29ydGVzaWEtZGUtSU5HVUFULTUtY29waWEuanBnIiwic2xpZGVzaG93IjoiNGVlNDllNiJ9\" href=\"https:\/\/turismo-sigap.conap.gob.gt\/en\/rutas-turisticas\/ruta-de-volcanes-paisaje-y-cultura-altiplano\/parque-regional-municipal-quetzali\/\"><figure class=\"swiper-slide-inner\"><img decoding=\"async\" class=\"swiper-slide-image\" src=\"https:\/\/turismo-sigap.conap.gob.gt\/wp-content\/uploads\/2025\/08\/PRM-Quetzali-Chapin-Films-cortesia-de-INGUAT-5-copia.jpg\" alt=\"Parque Regional Municipal Quetzal\u00ed\" \/><figcaption class=\"elementor-image-carousel-caption\"> Parque Regional Municipal Quetzal\u00ed<\/figcaption><\/figure><\/a><\/div>\t\t\t<\/div>\n\t\t\t\t\t<\/div>\n\t\t\t\t\t\t<\/div>\n\t\t\t\t<\/div>\n\t\t\t\t<div class=\"elementor-element elementor-element-6546f5a elementor-arrows-position-outside elementor-pagination-position-outside elementor-widget elementor-widget-image-carousel\" data-id=\"6546f5a\" data-element_type=\"widget\" data-settings=\"{&quot;slides_to_show&quot;:&quot;1&quot;,&quot;autoplay_speed&quot;:2000,&quot;slides_to_show_tablet&quot;:&quot;1&quot;,&quot;slides_to_show_mobile&quot;:&quot;1&quot;,&quot;navigation&quot;:&quot;both&quot;,&quot;autoplay&quot;:&quot;yes&quot;,&quot;pause_on_hover&quot;:&quot;yes&quot;,&quot;pause_on_interaction&quot;:&quot;yes&quot;,&quot;infinite&quot;:&quot;yes&quot;,&quot;effect&quot;:&quot;slide&quot;,&quot;speed&quot;:500}\" data-widget_type=\"image-carousel.default\">\n\t\t\t\t<div class=\"elementor-widget-container\">\n\t\t\t\t\t\t\t<div class=\"elementor-image-carousel-wrapper swiper\" role=\"region\" aria-roledescription=\"carousel\" aria-label=\"Carrusel de im\u00e1genes\" dir=\"ltr\">\n\t\t\t<div class=\"elementor-image-carousel swiper-wrapper swiper-image-stretch\" aria-live=\"off\">\n\t\t\t\t\t\t\t\t<div class=\"swiper-slide\" role=\"group\" aria-roledescription=\"slide\" aria-label=\"1 of 1\" data-no-translation-aria-label=\"\"><a data-elementor-open-lightbox=\"yes\" data-elementor-lightbox-slideshow=\"6546f5a\" data-elementor-lightbox-title=\"Parque Regional Municipal San Rafael Pie De La Cuesta\" data-elementor-lightbox-description=\"Parque Regional Municipal San Rafael Pie De La Cuesta\" data-e-action-hash=\"#elementor-action%3Aaction%3Dlightbox%26settings%3DeyJpZCI6MTA3MTMsInVybCI6Imh0dHBzOlwvXC90dXJpc21vLXNpZ2FwLmNvbmFwLmdvYi5ndFwvd3AtY29udGVudFwvdXBsb2Fkc1wvMjAyNVwvMDhcL1BSTS1TYW4tUmFmYWVsLVBpZS1kZS1sYS1DdWVzdGEtXHUwMGE5SU5HVUFULTUuanBnIiwic2xpZGVzaG93IjoiNjU0NmY1YSJ9\" href=\"https:\/\/turismo-sigap.conap.gob.gt\/en\/rutas-turisticas\/ruta-de-volcanes-paisaje-y-cultura-altiplano\/parque-regional-municipal-san-rafael-pie-de-la-cuesta\/\"><figure class=\"swiper-slide-inner\"><img decoding=\"async\" class=\"swiper-slide-image\" src=\"https:\/\/turismo-sigap.conap.gob.gt\/wp-content\/uploads\/2025\/08\/PRM-San-Rafael-Pie-de-la-Cuesta-\u00a9INGUAT-5.jpg\" alt=\"Parque Regional Municipal San Rafael Pie De La Cuesta\" \/><figcaption class=\"elementor-image-carousel-caption\">Parque Regional Municipal San Rafael Pie De La Cuesta<\/figcaption><\/figure><\/a><\/div>\t\t\t<\/div>\n\t\t\t\t\t<\/div>\n\t\t\t\t\t\t<\/div>\n\t\t\t\t<\/div>\n\t\t\t\t<div class=\"elementor-element elementor-element-e604728 elementor-arrows-position-outside elementor-pagination-position-outside elementor-widget elementor-widget-image-carousel\" data-id=\"e604728\" data-element_type=\"widget\" data-settings=\"{&quot;slides_to_show&quot;:&quot;1&quot;,&quot;autoplay_speed&quot;:2000,&quot;slides_to_show_tablet&quot;:&quot;1&quot;,&quot;slides_to_show_mobile&quot;:&quot;1&quot;,&quot;navigation&quot;:&quot;both&quot;,&quot;autoplay&quot;:&quot;yes&quot;,&quot;pause_on_hover&quot;:&quot;yes&quot;,&quot;pause_on_interaction&quot;:&quot;yes&quot;,&quot;infinite&quot;:&quot;yes&quot;,&quot;effect&quot;:&quot;slide&quot;,&quot;speed&quot;:500}\" data-widget_type=\"image-carousel.default\">\n\t\t\t\t<div class=\"elementor-widget-container\">\n\t\t\t\t\t\t\t<div class=\"elementor-image-carousel-wrapper swiper\" role=\"region\" aria-roledescription=\"carousel\" aria-label=\"Carrusel de im\u00e1genes\" dir=\"ltr\">\n\t\t\t<div class=\"elementor-image-carousel swiper-wrapper swiper-image-stretch\" aria-live=\"off\">\n\t\t\t\t\t\t\t\t<div class=\"swiper-slide\" role=\"group\" aria-roledescription=\"slide\" aria-label=\"1 of 1\" data-no-translation-aria-label=\"\"><a data-elementor-open-lightbox=\"yes\" data-elementor-lightbox-slideshow=\"e604728\" data-elementor-lightbox-title=\"Parque Regional Municipal Sibinal (Canjul\u00e1, Tacan\u00e1, Los Maijones Y Tocapote)\" data-elementor-lightbox-description=\" Parque Regional Municipal Sibinal (Canjul\u00e1, Tacan\u00e1, Los Maijones Y Tocapote)\" data-e-action-hash=\"#elementor-action%3Aaction%3Dlightbox%26settings%3DeyJpZCI6MTA3MzMsInVybCI6Imh0dHBzOlwvXC90dXJpc21vLXNpZ2FwLmNvbmFwLmdvYi5ndFwvd3AtY29udGVudFwvdXBsb2Fkc1wvMjAyNVwvMDhcL1dzVGpLTldTWGNJSGNueEw0OUZULmpwZyIsInNsaWRlc2hvdyI6ImU2MDQ3MjgifQ%3D%3D\" href=\"https:\/\/turismo-sigap.conap.gob.gt\/en\/rutas-turisticas\/ruta-de-volcanes-paisaje-y-cultura-altiplano\/parque-regional-municipal-sibinal-canjula-tacana-los-maijones-y-tocapote\/\"><figure class=\"swiper-slide-inner\"><img decoding=\"async\" class=\"swiper-slide-image\" src=\"https:\/\/turismo-sigap.conap.gob.gt\/wp-content\/uploads\/2025\/08\/WsTjKNWSXcIHcnxL49FT.jpg\" alt=\"Parque Regional Municipal Sibinal (Canjul\u00e1, Tacan\u00e1, Los Maijones Y Tocapote)\" \/><figcaption class=\"elementor-image-carousel-caption\"> Parque Regional Municipal Sibinal (Canjul\u00e1, Tacan\u00e1, Los Maijones Y Tocapote)<\/figcaption><\/figure><\/a><\/div>\t\t\t<\/div>\n\t\t\t\t\t<\/div>\n\t\t\t\t\t\t<\/div>\n\t\t\t\t<\/div>\n\t\t\t\t<div class=\"elementor-element elementor-element-e6dc9ed elementor-arrows-position-outside elementor-pagination-position-outside elementor-widget elementor-widget-image-carousel\" data-id=\"e6dc9ed\" data-element_type=\"widget\" data-settings=\"{&quot;slides_to_show&quot;:&quot;1&quot;,&quot;autoplay_speed&quot;:2000,&quot;slides_to_show_tablet&quot;:&quot;1&quot;,&quot;slides_to_show_mobile&quot;:&quot;1&quot;,&quot;navigation&quot;:&quot;both&quot;,&quot;autoplay&quot;:&quot;yes&quot;,&quot;pause_on_hover&quot;:&quot;yes&quot;,&quot;pause_on_interaction&quot;:&quot;yes&quot;,&quot;infinite&quot;:&quot;yes&quot;,&quot;effect&quot;:&quot;slide&quot;,&quot;speed&quot;:500}\" data-widget_type=\"image-carousel.default\">\n\t\t\t\t<div class=\"elementor-widget-container\">\n\t\t\t\t\t\t\t<div class=\"elementor-image-carousel-wrapper swiper\" role=\"region\" aria-roledescription=\"carousel\" aria-label=\"Carrusel de im\u00e1genes\" dir=\"ltr\">\n\t\t\t<div class=\"elementor-image-carousel swiper-wrapper swiper-image-stretch\" aria-live=\"off\">\n\t\t\t\t\t\t\t\t<div class=\"swiper-slide\" role=\"group\" aria-roledescription=\"slide\" aria-label=\"1 of 1\" data-no-translation-aria-label=\"\"><a data-elementor-open-lightbox=\"yes\" data-elementor-lightbox-slideshow=\"e6dc9ed\" data-elementor-lightbox-title=\"Parque Regional Municipal K&#039;Ojlab&#039;L Tze\u00b4 Te Tnom Todos Santos Cuchumat\u00e1n\" data-elementor-lightbox-description=\"Parque Regional MunicipalK&#039;Ojlab&#039;L Tze\u00b4 Te Tnom Todos Santos Cuchumat\u00e1n\" data-e-action-hash=\"#elementor-action%3Aaction%3Dlightbox%26settings%3DeyJpZCI6MTA3MTcsInVybCI6Imh0dHBzOlwvXC90dXJpc21vLXNpZ2FwLmNvbmFwLmdvYi5ndFwvd3AtY29udGVudFwvdXBsb2Fkc1wvMjAyNVwvMDhcL1RvZG9zLVNhbnRvcy1BeGVsLVNhbXVlbC1NYXRpYXMtUGVyZXotNC5qcGciLCJzbGlkZXNob3ciOiJlNmRjOWVkIn0%3D\" href=\"https:\/\/turismo-sigap.conap.gob.gt\/en\/rutas-turisticas\/ruta-de-volcanes-paisaje-y-cultura-altiplano\/parque-regional-municipal-kojlabl-tze-te-tnom-todos-santos-cuchumatan\/\"><figure class=\"swiper-slide-inner\"><img decoding=\"async\" class=\"swiper-slide-image\" src=\"https:\/\/turismo-sigap.conap.gob.gt\/wp-content\/uploads\/2025\/08\/Todos-Santos-Axel-Samuel-Matias-Perez-4.jpg\" alt=\"Parque Regional Municipal K&#039;Ojlab&#039;L Tze\u00b4 Te Tnom Todos Santos Cuchumat\u00e1n\" \/><figcaption class=\"elementor-image-carousel-caption\">Parque Regional Municipal\nK'Ojlab'L Tze\u00b4 Te Tnom Todos Santos Cuchumat\u00e1n<\/figcaption><\/figure><\/a><\/div>\t\t\t<\/div>\n\t\t\t\t\t<\/div>\n\t\t\t\t\t\t<\/div>\n\t\t\t\t<\/div>\n\t\t\t\t<div class=\"elementor-element elementor-element-081dce4 elementor-arrows-position-outside elementor-pagination-position-outside elementor-widget elementor-widget-image-carousel\" data-id=\"081dce4\" data-element_type=\"widget\" data-settings=\"{&quot;slides_to_show&quot;:&quot;1&quot;,&quot;autoplay_speed&quot;:6000,&quot;slides_to_show_tablet&quot;:&quot;1&quot;,&quot;slides_to_show_mobile&quot;:&quot;1&quot;,&quot;speed&quot;:600,&quot;navigation&quot;:&quot;both&quot;,&quot;autoplay&quot;:&quot;yes&quot;,&quot;pause_on_hover&quot;:&quot;yes&quot;,&quot;pause_on_interaction&quot;:&quot;yes&quot;,&quot;infinite&quot;:&quot;yes&quot;,&quot;effect&quot;:&quot;slide&quot;}\" data-widget_type=\"image-carousel.default\">\n\t\t\t\t<div class=\"elementor-widget-container\">\n\t\t\t\t\t\t\t<div class=\"elementor-image-carousel-wrapper swiper\" role=\"region\" aria-roledescription=\"carousel\" aria-label=\"Carrusel de im\u00e1genes 1\" dir=\"rtl\">\n\t\t\t<div class=\"elementor-image-carousel swiper-wrapper swiper-image-stretch\" aria-live=\"off\">\n\t\t\t\t\t\t\t\t<div class=\"swiper-slide\" role=\"group\" aria-roledescription=\"slide\" aria-label=\"1 of 1\" data-no-translation-aria-label=\"\"><a data-elementor-open-lightbox=\"yes\" data-elementor-lightbox-slideshow=\"081dce4\" data-elementor-lightbox-title=\"Parque Regional Municipal Bosque Yul Ha Saj Ha El Limonar\" data-elementor-lightbox-description=\"Parque Regional Municipal Bosque Yul Ha Saj Ha El Limonar\" data-e-action-hash=\"#elementor-action%3Aaction%3Dlightbox%26settings%3DeyJpZCI6MTA3MjEsInVybCI6Imh0dHBzOlwvXC90dXJpc21vLXNpZ2FwLmNvbmFwLmdvYi5ndFwvd3AtY29udGVudFwvdXBsb2Fkc1wvMjAyNVwvMDhcL1BSTS1FbC1MaW1vbmFyLUNoYXBpbi1GaWxtcy1jb3J0ZXNpYS1kZS1JTkdVQVQtMy5qcGciLCJzbGlkZXNob3ciOiIwODFkY2U0In0%3D\" href=\"https:\/\/turismo-sigap.conap.gob.gt\/en\/rutas-turisticas\/ruta-de-volcanes-paisaje-y-cultura-altiplano\/parque-regional-municipal-bosque-yul-ha-saj-ha-el-limonar\/\" target=\"_blank\"><figure class=\"swiper-slide-inner\"><img decoding=\"async\" class=\"swiper-slide-image\" src=\"https:\/\/turismo-sigap.conap.gob.gt\/wp-content\/uploads\/2025\/08\/PRM-El-Limonar-Chapin-Films-cortesia-de-INGUAT-3.jpg\" alt=\"Parque Regional Municipal Bosque Yul Ha Saj Ha El Limonar\" \/><figcaption class=\"elementor-image-carousel-caption\">Parque Regional Municipal Bosque Yul Ha Saj Ha El Limonar<\/figcaption><\/figure><\/a><\/div>\t\t\t<\/div>\n\t\t\t\t\t<\/div>\n\t\t\t\t\t\t<\/div>\n\t\t\t\t<\/div>\n\t\t\t\t<\/div>\n\t\t\t\t<\/div>\n\t\t\t\t\t<\/div>\n\t\t\t\t<\/div>\n\t\t\t\t<\/div>","protected":false},"excerpt":{"rendered":"<p>Ruta de Volcanes, Paisaje y Cultura &#8211; Altiplano Aventura Ruta de Volcanes, Paisaje y Cultura &#8211; Altiplano Es la regi\u00f3n de Guatemala con mayor densidad de poblaci\u00f3n ind\u00edgena, lo cual se evidencia en las m\u00faltiples expresiones que hacen de ella la m\u00e1s rica en diversidad y cultura. Ac\u00e1 conviven Kaqchikeles en el \u00e1rea Central; K\u2019iche\u2019s [&hellip;]<\/p>","protected":false},"author":2,"featured_media":0,"parent":4602,"menu_order":0,"comment_status":"closed","ping_status":"closed","template":"","meta":{"_surecart_dashboard_logo_width":"180px","_surecart_dashboard_show_logo":true,"_surecart_dashboard_navigation_orders":true,"_surecart_dashboard_navigation_invoices":true,"_surecart_dashboard_navigation_subscriptions":true,"_surecart_dashboard_navigation_downloads":true,"_surecart_dashboard_navigation_billing":true,"_surecart_dashboard_navigation_account":true,"_uag_custom_page_level_css":"","site-sidebar-layout":"no-sidebar","site-content-layout":"page-builder","ast-site-content-layout":"full-width-container","site-content-style":"unboxed","site-sidebar-style":"unboxed","ast-global-header-display":"","ast-banner-title-visibility":"","ast-main-header-display":"","ast-hfb-above-header-display":"","ast-hfb-below-header-display":"","ast-hfb-mobile-header-display":"","site-post-title":"disabled","ast-breadcrumbs-content":"","ast-featured-img":"disabled","footer-sml-layout":"","theme-transparent-header-meta":"enabled","adv-header-id-meta":"","stick-header-meta":"","header-above-stick-meta":"","header-main-stick-meta":"","header-below-stick-meta":"","astra-migrate-meta-layouts":"set","ast-page-background-enabled":"default","ast-page-background-meta":{"desktop":{"background-color":"","background-image":"","background-repeat":"repeat","background-position":"center center","background-size":"auto","background-attachment":"scroll","background-type":"","background-media":"","overlay-type":"","overlay-color":"","overlay-opacity":"","overlay-gradient":""},"tablet":{"background-color":"","background-image":"","background-repeat":"repeat","background-position":"center center","background-size":"auto","background-attachment":"scroll","background-type":"","background-media":"","overlay-type":"","overlay-color":"","overlay-opacity":"","overlay-gradient":""},"mobile":{"background-color":"","background-image":"","background-repeat":"repeat","background-position":"center center","background-size":"auto","background-attachment":"scroll","background-type":"","background-media":"","overlay-type":"","overlay-color":"","overlay-opacity":"","overlay-gradient":""}},"ast-content-background-meta":{"desktop":{"background-color":"var(--ast-global-color-5)","background-image":"","background-repeat":"repeat","background-position":"center center","background-size":"auto","background-attachment":"scroll","background-type":"","background-media":"","overlay-type":"","overlay-color":"","overlay-opacity":"","overlay-gradient":""},"tablet":{"background-color":"var(--ast-global-color-5)","background-image":"","background-repeat":"repeat","background-position":"center center","background-size":"auto","background-attachment":"scroll","background-type":"","background-media":"","overlay-type":"","overlay-color":"","overlay-opacity":"","overlay-gradient":""},"mobile":{"background-color":"var(--ast-global-color-5)","background-image":"","background-repeat":"repeat","background-position":"center center","background-size":"auto","background-attachment":"scroll","background-type":"","background-media":"","overlay-type":"","overlay-color":"","overlay-opacity":"","overlay-gradient":""}},"footnotes":""},"class_list":["post-4649","page","type-page","status-publish","hentry"],"uagb_featured_image_src":{"full":false,"thumbnail":false,"medium":false,"medium_large":false,"large":false,"1536x1536":false,"2048x2048":false,"trp-custom-language-flag":false,"woocommerce_thumbnail":false,"woocommerce_single":false,"woocommerce_gallery_thumbnail":false},"uagb_author_info":{"display_name":"Daniel Efrain Lemus Santos","author_link":"https:\/\/turismo-sigap.conap.gob.gt\/en\/author\/daniellemus\/"},"uagb_comment_info":0,"uagb_excerpt":"Ruta de Volcanes, Paisaje y Cultura &#8211; Altiplano Aventura Ruta de Volcanes, Paisaje y Cultura &#8211; Altiplano Es la regi\u00f3n de Guatemala con mayor densidad de poblaci\u00f3n ind\u00edgena, lo cual se evidencia en las m\u00faltiples expresiones que hacen de ella la m\u00e1s rica en diversidad y cultura. Ac\u00e1 conviven Kaqchikeles en el \u00e1rea Central; K\u2019iche\u2019s&hellip;","_links":{"self":[{"href":"https:\/\/turismo-sigap.conap.gob.gt\/en\/wp-json\/wp\/v2\/pages\/4649","targetHints":{"allow":["GET"]}}],"collection":[{"href":"https:\/\/turismo-sigap.conap.gob.gt\/en\/wp-json\/wp\/v2\/pages"}],"about":[{"href":"https:\/\/turismo-sigap.conap.gob.gt\/en\/wp-json\/wp\/v2\/types\/page"}],"author":[{"embeddable":true,"href":"https:\/\/turismo-sigap.conap.gob.gt\/en\/wp-json\/wp\/v2\/users\/2"}],"replies":[{"embeddable":true,"href":"https:\/\/turismo-sigap.conap.gob.gt\/en\/wp-json\/wp\/v2\/comments?post=4649"}],"version-history":[{"count":91,"href":"https:\/\/turismo-sigap.conap.gob.gt\/en\/wp-json\/wp\/v2\/pages\/4649\/revisions"}],"predecessor-version":[{"id":10815,"href":"https:\/\/turismo-sigap.conap.gob.gt\/en\/wp-json\/wp\/v2\/pages\/4649\/revisions\/10815"}],"up":[{"embeddable":true,"href":"https:\/\/turismo-sigap.conap.gob.gt\/en\/wp-json\/wp\/v2\/pages\/4602"}],"wp:attachment":[{"href":"https:\/\/turismo-sigap.conap.gob.gt\/en\/wp-json\/wp\/v2\/media?parent=4649"}],"curies":[{"name":"wp","href":"https:\/\/api.w.org\/{rel}","templated":true}]}}