{"id":6991,"date":"2025-04-08T12:18:34","date_gmt":"2025-04-08T18:18:34","guid":{"rendered":"https:\/\/ex.conap.gob.gt\/?page_id=6991"},"modified":"2025-05-20T11:17:34","modified_gmt":"2025-05-20T17:17:34","slug":"reserva-de-biosfera-sierra-de-las-minas-salto-de-chilasco","status":"publish","type":"page","link":"https:\/\/turismo-sigap.conap.gob.gt\/en\/rutas-turisticas\/ruta-aventura-dentro-de-la-selva-verapaces\/reserva-de-biosfera-sierra-de-las-minas-salto-de-chilasco\/","title":{"rendered":"Reserva De Biosfera Sierra De Las Minas &#8211; Salto De Chilasc\u00f3"},"content":{"rendered":"<div data-elementor-type=\"wp-post\" data-elementor-id=\"6991\" class=\"elementor elementor-6991\">\n\t\t\t\t<div class=\"elementor-element elementor-element-5f02ddf e-flex e-con-boxed e-con e-parent\" data-id=\"5f02ddf\" data-element_type=\"container\" data-settings=\"{&quot;background_background&quot;:&quot;classic&quot;}\">\n\t\t\t\t\t<div class=\"e-con-inner\">\n\t\t<div class=\"elementor-element elementor-element-0502d81 e-con-full e-flex e-con e-child\" data-id=\"0502d81\" data-element_type=\"container\">\n\t\t\t\t<div class=\"elementor-element elementor-element-03d202b elementor-widget elementor-widget-heading\" data-id=\"03d202b\" data-element_type=\"widget\" data-widget_type=\"heading.default\">\n\t\t\t\t<div class=\"elementor-widget-container\">\n\t\t\t\t\t<h2 class=\"elementor-heading-title elementor-size-default\">Reserva De Biosfera <br><b>Sierra De Las Minas - Salto De Chilasc\u00f3<\/b><\/h2>\t\t\t\t<\/div>\n\t\t\t\t<\/div>\n\t\t\t\t<\/div>\n\t\t\t\t<div class=\"elementor-element elementor-element-7a80d55 elementor-absolute elementor-widget elementor-widget-text-editor\" data-id=\"7a80d55\" data-element_type=\"widget\" data-settings=\"{&quot;_position&quot;:&quot;absolute&quot;}\" data-widget_type=\"text-editor.default\">\n\t\t\t\t<div class=\"elementor-widget-container\">\n\t\t\t\t\t\t\t\t\t<p>\u00a9Juan M. Qui\u00f1\u00f3nez-Guzm\u00e1n<\/p>\t\t\t\t\t\t\t\t<\/div>\n\t\t\t\t<\/div>\n\t\t\t\t\t<\/div>\n\t\t\t\t<\/div>\n\t\t<div class=\"elementor-element elementor-element-ce23579 e-transform e-flex e-con-boxed e-con e-parent\" data-id=\"ce23579\" data-element_type=\"container\" data-settings=\"{&quot;_transform_translateY_effect&quot;:{&quot;unit&quot;:&quot;px&quot;,&quot;size&quot;:-146,&quot;sizes&quot;:[]},&quot;_transform_translateY_effect_mobile&quot;:{&quot;unit&quot;:&quot;px&quot;,&quot;size&quot;:-122,&quot;sizes&quot;:[]},&quot;_transform_translateX_effect&quot;:{&quot;unit&quot;:&quot;px&quot;,&quot;size&quot;:&quot;&quot;,&quot;sizes&quot;:[]},&quot;_transform_translateX_effect_tablet&quot;:{&quot;unit&quot;:&quot;px&quot;,&quot;size&quot;:&quot;&quot;,&quot;sizes&quot;:[]},&quot;_transform_translateX_effect_mobile&quot;:{&quot;unit&quot;:&quot;px&quot;,&quot;size&quot;:&quot;&quot;,&quot;sizes&quot;:[]},&quot;_transform_translateY_effect_tablet&quot;:{&quot;unit&quot;:&quot;px&quot;,&quot;size&quot;:&quot;&quot;,&quot;sizes&quot;:[]}}\">\n\t\t\t\t\t<div class=\"e-con-inner\">\n\t\t<div class=\"elementor-element elementor-element-89a7aec e-con-full e-transform e-flex e-con e-child\" data-id=\"89a7aec\" data-element_type=\"container\" data-settings=\"{&quot;_transform_translateY_effect&quot;:{&quot;unit&quot;:&quot;px&quot;,&quot;size&quot;:73,&quot;sizes&quot;:[]},&quot;_transform_translateX_effect_mobile&quot;:{&quot;unit&quot;:&quot;px&quot;,&quot;size&quot;:-10,&quot;sizes&quot;:[]},&quot;_transform_translateX_effect_tablet&quot;:{&quot;unit&quot;:&quot;px&quot;,&quot;size&quot;:-40,&quot;sizes&quot;:[]},&quot;_transform_translateX_effect&quot;:{&quot;unit&quot;:&quot;px&quot;,&quot;size&quot;:&quot;&quot;,&quot;sizes&quot;:[]},&quot;_transform_translateY_effect_tablet&quot;:{&quot;unit&quot;:&quot;px&quot;,&quot;size&quot;:&quot;&quot;,&quot;sizes&quot;:[]},&quot;_transform_translateY_effect_mobile&quot;:{&quot;unit&quot;:&quot;px&quot;,&quot;size&quot;:&quot;&quot;,&quot;sizes&quot;:[]}}\">\n\t\t\t\t<div class=\"elementor-element elementor-element-412dd3b elementor-widget-mobile__width-initial elementor-absolute elementor-widget__width-initial elementor-widget-tablet__width-initial elementor-widget elementor-widget-image\" data-id=\"412dd3b\" data-element_type=\"widget\" data-settings=\"{&quot;_position&quot;:&quot;absolute&quot;}\" data-widget_type=\"image.default\">\n\t\t\t\t<div class=\"elementor-widget-container\">\n\t\t\t\t\t\t\t\t\t\t\t\t\t\t\t<img fetchpriority=\"high\" decoding=\"async\" width=\"450\" height=\"450\" src=\"https:\/\/turismo-sigap.conap.gob.gt\/wp-content\/uploads\/2025\/04\/iconos-artes-10.png\" class=\"attachment-full size-full wp-image-6456\" alt=\"\" srcset=\"https:\/\/turismo-sigap.conap.gob.gt\/wp-content\/uploads\/2025\/04\/iconos-artes-10.png 450w, https:\/\/turismo-sigap.conap.gob.gt\/wp-content\/uploads\/2025\/04\/iconos-artes-10-300x300.png 300w, https:\/\/turismo-sigap.conap.gob.gt\/wp-content\/uploads\/2025\/04\/iconos-artes-10-150x150.png 150w, https:\/\/turismo-sigap.conap.gob.gt\/wp-content\/uploads\/2025\/04\/iconos-artes-10-12x12.png 12w, https:\/\/turismo-sigap.conap.gob.gt\/wp-content\/uploads\/2025\/04\/iconos-artes-10-100x100.png 100w\" sizes=\"(max-width: 450px) 100vw, 450px\" \/>\t\t\t\t\t\t\t\t\t\t\t\t\t\t\t<\/div>\n\t\t\t\t<\/div>\n\t\t\t\t<div class=\"elementor-element elementor-element-9faffca elementor-widget-mobile__width-initial elementor-absolute elementor-widget__width-initial elementor-widget-tablet__width-initial elementor-widget elementor-widget-image\" data-id=\"9faffca\" data-element_type=\"widget\" data-settings=\"{&quot;_position&quot;:&quot;absolute&quot;}\" data-widget_type=\"image.default\">\n\t\t\t\t<div class=\"elementor-widget-container\">\n\t\t\t\t\t\t\t\t\t\t\t\t\t\t\t<img decoding=\"async\" width=\"450\" height=\"450\" src=\"https:\/\/turismo-sigap.conap.gob.gt\/wp-content\/uploads\/2025\/04\/iconos-artes-04.png\" class=\"attachment-full size-full wp-image-6450\" alt=\"\" srcset=\"https:\/\/turismo-sigap.conap.gob.gt\/wp-content\/uploads\/2025\/04\/iconos-artes-04.png 450w, https:\/\/turismo-sigap.conap.gob.gt\/wp-content\/uploads\/2025\/04\/iconos-artes-04-300x300.png 300w, https:\/\/turismo-sigap.conap.gob.gt\/wp-content\/uploads\/2025\/04\/iconos-artes-04-150x150.png 150w, https:\/\/turismo-sigap.conap.gob.gt\/wp-content\/uploads\/2025\/04\/iconos-artes-04-12x12.png 12w, https:\/\/turismo-sigap.conap.gob.gt\/wp-content\/uploads\/2025\/04\/iconos-artes-04-100x100.png 100w\" sizes=\"(max-width: 450px) 100vw, 450px\" \/>\t\t\t\t\t\t\t\t\t\t\t\t\t\t\t<\/div>\n\t\t\t\t<\/div>\n\t\t\t\t<div class=\"elementor-element elementor-element-5e4c1df elementor-widget-mobile__width-initial elementor-absolute elementor-widget__width-initial elementor-widget-tablet__width-initial elementor-widget elementor-widget-image\" data-id=\"5e4c1df\" data-element_type=\"widget\" data-settings=\"{&quot;_position&quot;:&quot;absolute&quot;}\" data-widget_type=\"image.default\">\n\t\t\t\t<div class=\"elementor-widget-container\">\n\t\t\t\t\t\t\t\t\t\t\t\t\t\t\t<img decoding=\"async\" width=\"450\" height=\"450\" src=\"https:\/\/turismo-sigap.conap.gob.gt\/wp-content\/uploads\/2025\/04\/iconos-artes-06.png\" class=\"attachment-full size-full wp-image-6452\" alt=\"\" srcset=\"https:\/\/turismo-sigap.conap.gob.gt\/wp-content\/uploads\/2025\/04\/iconos-artes-06.png 450w, https:\/\/turismo-sigap.conap.gob.gt\/wp-content\/uploads\/2025\/04\/iconos-artes-06-300x300.png 300w, https:\/\/turismo-sigap.conap.gob.gt\/wp-content\/uploads\/2025\/04\/iconos-artes-06-150x150.png 150w, https:\/\/turismo-sigap.conap.gob.gt\/wp-content\/uploads\/2025\/04\/iconos-artes-06-12x12.png 12w, https:\/\/turismo-sigap.conap.gob.gt\/wp-content\/uploads\/2025\/04\/iconos-artes-06-100x100.png 100w\" sizes=\"(max-width: 450px) 100vw, 450px\" \/>\t\t\t\t\t\t\t\t\t\t\t\t\t\t\t<\/div>\n\t\t\t\t<\/div>\n\t\t\t\t<div class=\"elementor-element elementor-element-ab61aba elementor-widget-mobile__width-initial elementor-absolute e-transform elementor-widget__width-initial elementor-widget-tablet__width-initial elementor-widget elementor-widget-image\" data-id=\"ab61aba\" data-element_type=\"widget\" data-settings=\"{&quot;_position&quot;:&quot;absolute&quot;,&quot;_transform_translateX_effect_mobile&quot;:{&quot;unit&quot;:&quot;px&quot;,&quot;size&quot;:-13,&quot;sizes&quot;:[]},&quot;_transform_translateY_effect_mobile&quot;:{&quot;unit&quot;:&quot;px&quot;,&quot;size&quot;:3,&quot;sizes&quot;:[]},&quot;_transform_translateX_effect&quot;:{&quot;unit&quot;:&quot;px&quot;,&quot;size&quot;:&quot;&quot;,&quot;sizes&quot;:[]},&quot;_transform_translateX_effect_tablet&quot;:{&quot;unit&quot;:&quot;px&quot;,&quot;size&quot;:&quot;&quot;,&quot;sizes&quot;:[]},&quot;_transform_translateY_effect&quot;:{&quot;unit&quot;:&quot;px&quot;,&quot;size&quot;:&quot;&quot;,&quot;sizes&quot;:[]},&quot;_transform_translateY_effect_tablet&quot;:{&quot;unit&quot;:&quot;px&quot;,&quot;size&quot;:&quot;&quot;,&quot;sizes&quot;:[]}}\" data-widget_type=\"image.default\">\n\t\t\t\t<div class=\"elementor-widget-container\">\n\t\t\t\t\t\t\t\t\t\t\t\t\t\t\t<img loading=\"lazy\" decoding=\"async\" width=\"450\" height=\"450\" src=\"https:\/\/turismo-sigap.conap.gob.gt\/wp-content\/uploads\/2025\/04\/iconos-artes-07.png\" class=\"attachment-full size-full wp-image-6453\" alt=\"\" srcset=\"https:\/\/turismo-sigap.conap.gob.gt\/wp-content\/uploads\/2025\/04\/iconos-artes-07.png 450w, https:\/\/turismo-sigap.conap.gob.gt\/wp-content\/uploads\/2025\/04\/iconos-artes-07-300x300.png 300w, https:\/\/turismo-sigap.conap.gob.gt\/wp-content\/uploads\/2025\/04\/iconos-artes-07-150x150.png 150w, https:\/\/turismo-sigap.conap.gob.gt\/wp-content\/uploads\/2025\/04\/iconos-artes-07-12x12.png 12w, https:\/\/turismo-sigap.conap.gob.gt\/wp-content\/uploads\/2025\/04\/iconos-artes-07-100x100.png 100w\" sizes=\"(max-width: 450px) 100vw, 450px\" \/>\t\t\t\t\t\t\t\t\t\t\t\t\t\t\t<\/div>\n\t\t\t\t<\/div>\n\t\t\t\t<div class=\"elementor-element elementor-element-a01f0dc elementor-widget elementor-widget-heading\" data-id=\"a01f0dc\" data-element_type=\"widget\" data-widget_type=\"heading.default\">\n\t\t\t\t<div class=\"elementor-widget-container\">\n\t\t\t\t\t<h2 class=\"elementor-heading-title elementor-size-default\">\u00bfQu\u00e9 puedo esperar? <\/h2>\t\t\t\t<\/div>\n\t\t\t\t<\/div>\n\t\t\t\t<div class=\"elementor-element elementor-element-c43b3dd e-transform elementor-widget-divider--view-line elementor-widget elementor-widget-divider\" data-id=\"c43b3dd\" data-element_type=\"widget\" data-settings=\"{&quot;_transform_translateY_effect_mobile&quot;:{&quot;unit&quot;:&quot;px&quot;,&quot;size&quot;:-8,&quot;sizes&quot;:[]},&quot;_transform_translateX_effect&quot;:{&quot;unit&quot;:&quot;px&quot;,&quot;size&quot;:&quot;&quot;,&quot;sizes&quot;:[]},&quot;_transform_translateX_effect_tablet&quot;:{&quot;unit&quot;:&quot;px&quot;,&quot;size&quot;:&quot;&quot;,&quot;sizes&quot;:[]},&quot;_transform_translateX_effect_mobile&quot;:{&quot;unit&quot;:&quot;px&quot;,&quot;size&quot;:&quot;&quot;,&quot;sizes&quot;:[]},&quot;_transform_translateY_effect&quot;:{&quot;unit&quot;:&quot;px&quot;,&quot;size&quot;:&quot;&quot;,&quot;sizes&quot;:[]},&quot;_transform_translateY_effect_tablet&quot;:{&quot;unit&quot;:&quot;px&quot;,&quot;size&quot;:&quot;&quot;,&quot;sizes&quot;:[]}}\" data-widget_type=\"divider.default\">\n\t\t\t\t<div class=\"elementor-widget-container\">\n\t\t\t\t\t\t\t<div class=\"elementor-divider\">\n\t\t\t<span class=\"elementor-divider-separator\">\n\t\t\t\t\t\t<\/span>\n\t\t<\/div>\n\t\t\t\t\t\t<\/div>\n\t\t\t\t<\/div>\n\t\t\t\t<div class=\"elementor-element elementor-element-e871351 e-transform elementor-widget elementor-widget-text-editor\" data-id=\"e871351\" data-element_type=\"widget\" data-settings=\"{&quot;_transform_translateY_effect_mobile&quot;:{&quot;unit&quot;:&quot;px&quot;,&quot;size&quot;:-20,&quot;sizes&quot;:[]},&quot;_transform_translateX_effect&quot;:{&quot;unit&quot;:&quot;px&quot;,&quot;size&quot;:&quot;&quot;,&quot;sizes&quot;:[]},&quot;_transform_translateX_effect_tablet&quot;:{&quot;unit&quot;:&quot;px&quot;,&quot;size&quot;:&quot;&quot;,&quot;sizes&quot;:[]},&quot;_transform_translateX_effect_mobile&quot;:{&quot;unit&quot;:&quot;px&quot;,&quot;size&quot;:&quot;&quot;,&quot;sizes&quot;:[]},&quot;_transform_translateY_effect&quot;:{&quot;unit&quot;:&quot;px&quot;,&quot;size&quot;:&quot;&quot;,&quot;sizes&quot;:[]},&quot;_transform_translateY_effect_tablet&quot;:{&quot;unit&quot;:&quot;px&quot;,&quot;size&quot;:&quot;&quot;,&quot;sizes&quot;:[]}}\" data-widget_type=\"text-editor.default\">\n\t\t\t\t<div class=\"elementor-widget-container\">\n\t\t\t\t\t\t\t\t\t<p><span style=\"font-weight: 400;\">Importante y extensa reserva de biosfera; diversidad de ecosistemas; catarata de m\u00e1s de 130 metros de altura.<\/span><\/p>\t\t\t\t\t\t\t\t<\/div>\n\t\t\t\t<\/div>\n\t\t\t\t<div class=\"elementor-element elementor-element-f7179ee e-transform elementor-widget-divider--view-line elementor-widget elementor-widget-divider\" data-id=\"f7179ee\" data-element_type=\"widget\" data-settings=\"{&quot;_transform_translateY_effect_mobile&quot;:{&quot;unit&quot;:&quot;px&quot;,&quot;size&quot;:-54,&quot;sizes&quot;:[]},&quot;_transform_translateY_effect_tablet&quot;:{&quot;unit&quot;:&quot;px&quot;,&quot;size&quot;:-24,&quot;sizes&quot;:[]},&quot;_transform_translateX_effect&quot;:{&quot;unit&quot;:&quot;px&quot;,&quot;size&quot;:&quot;&quot;,&quot;sizes&quot;:[]},&quot;_transform_translateX_effect_tablet&quot;:{&quot;unit&quot;:&quot;px&quot;,&quot;size&quot;:&quot;&quot;,&quot;sizes&quot;:[]},&quot;_transform_translateX_effect_mobile&quot;:{&quot;unit&quot;:&quot;px&quot;,&quot;size&quot;:&quot;&quot;,&quot;sizes&quot;:[]},&quot;_transform_translateY_effect&quot;:{&quot;unit&quot;:&quot;px&quot;,&quot;size&quot;:&quot;&quot;,&quot;sizes&quot;:[]}}\" data-widget_type=\"divider.default\">\n\t\t\t\t<div class=\"elementor-widget-container\">\n\t\t\t\t\t\t\t<div class=\"elementor-divider\">\n\t\t\t<span class=\"elementor-divider-separator\">\n\t\t\t\t\t\t<\/span>\n\t\t<\/div>\n\t\t\t\t\t\t<\/div>\n\t\t\t\t<\/div>\n\t\t\t\t<\/div>\n\t\t<div class=\"elementor-element elementor-element-e8e4600 e-con-full e-flex e-con e-child\" data-id=\"e8e4600\" data-element_type=\"container\" data-settings=\"{&quot;background_slideshow_gallery&quot;:[{&quot;id&quot;:6995,&quot;url&quot;:&quot;https:\\\/\\\/turismo-sigap.conap.gob.gt\\\/wp-content\\\/uploads\\\/2025\\\/04\\\/Tucan-Esmeralda-Aulacorhynchus-prasinus-\\u00a9Rony-Rodriguez.jpg&quot;}],&quot;background_background&quot;:&quot;slideshow&quot;,&quot;background_slideshow_loop&quot;:&quot;yes&quot;,&quot;background_slideshow_slide_duration&quot;:5000,&quot;background_slideshow_slide_transition&quot;:&quot;fade&quot;,&quot;background_slideshow_transition_duration&quot;:500}\">\n\t\t\t\t<div class=\"elementor-element elementor-element-5cab872 elementor-absolute elementor-widget elementor-widget-text-editor\" data-id=\"5cab872\" data-element_type=\"widget\" data-settings=\"{&quot;_position&quot;:&quot;absolute&quot;}\" data-widget_type=\"text-editor.default\">\n\t\t\t\t<div class=\"elementor-widget-container\">\n\t\t\t\t\t\t\t\t\t<p>\u00a9Rony Rodriguez<\/p>\t\t\t\t\t\t\t\t<\/div>\n\t\t\t\t<\/div>\n\t\t\t\t<\/div>\n\t\t\t\t\t<\/div>\n\t\t\t\t<\/div>\n\t\t<div class=\"elementor-element elementor-element-380aefd e-transform e-flex e-con-boxed e-con e-parent\" data-id=\"380aefd\" data-element_type=\"container\" data-settings=\"{&quot;_transform_translateY_effect&quot;:{&quot;unit&quot;:&quot;px&quot;,&quot;size&quot;:98,&quot;sizes&quot;:[]},&quot;_transform_translateY_effect_mobile&quot;:{&quot;unit&quot;:&quot;px&quot;,&quot;size&quot;:390,&quot;sizes&quot;:[]},&quot;_transform_translateY_effect_tablet&quot;:{&quot;unit&quot;:&quot;px&quot;,&quot;size&quot;:219,&quot;sizes&quot;:[]},&quot;_transform_translateX_effect&quot;:{&quot;unit&quot;:&quot;px&quot;,&quot;size&quot;:&quot;&quot;,&quot;sizes&quot;:[]},&quot;_transform_translateX_effect_tablet&quot;:{&quot;unit&quot;:&quot;px&quot;,&quot;size&quot;:&quot;&quot;,&quot;sizes&quot;:[]},&quot;_transform_translateX_effect_mobile&quot;:{&quot;unit&quot;:&quot;px&quot;,&quot;size&quot;:&quot;&quot;,&quot;sizes&quot;:[]}}\">\n\t\t\t\t\t<div class=\"e-con-inner\">\n\t\t\t\t<div class=\"elementor-element elementor-element-dbf79af elementor-widget elementor-widget-heading\" data-id=\"dbf79af\" data-element_type=\"widget\" data-widget_type=\"heading.default\">\n\t\t\t\t<div class=\"elementor-widget-container\">\n\t\t\t\t\t<h2 class=\"elementor-heading-title elementor-size-default\">Recomendaciones<\/h2>\t\t\t\t<\/div>\n\t\t\t\t<\/div>\n\t\t\t\t<div class=\"elementor-element elementor-element-62cc1b0 elementor-widget elementor-widget-text-editor\" data-id=\"62cc1b0\" data-element_type=\"widget\" data-widget_type=\"text-editor.default\">\n\t\t\t\t<div class=\"elementor-widget-container\">\n\t\t\t\t\t\t\t\t\t<ul><li><span style=\"font-weight: 400;\">La visita al Salto de Chilasc\u00f3 es de 3 kil\u00f3metros (2km entre cultivos y potreros y 1km de senderos de alta dificultad), por lo que se requiere buena condici\u00f3n f\u00edsica.<\/span><\/li><li><span style=\"font-weight: 400;\"> Llevar ropa y zapatos c\u00f3modos para caminar.<\/span><\/li><li><span style=\"font-weight: 400;\">Uso de botas impermeables en invierno.<\/span><\/li><li><span style=\"font-weight: 400;\">Gorra.<\/span><\/li><li><span style=\"font-weight: 400;\">Impermeable<\/span><\/li><li><span style=\"font-weight: 400;\">Suficiente agua.\u00a0<\/span><\/li><li><span style=\"font-weight: 400;\">Se recomienda contactar a la administraci\u00f3n previo a su visita.<\/span><\/li><\/ul>\t\t\t\t\t\t\t\t<\/div>\n\t\t\t\t<\/div>\n\t\t\t\t\t<\/div>\n\t\t\t\t<\/div>\n\t\t<div class=\"elementor-element elementor-element-2ecd78c e-transform e-flex e-con-boxed e-con e-parent\" data-id=\"2ecd78c\" data-element_type=\"container\" data-settings=\"{&quot;_transform_translateY_effect&quot;:{&quot;unit&quot;:&quot;px&quot;,&quot;size&quot;:88,&quot;sizes&quot;:[]},&quot;_transform_translateY_effect_mobile&quot;:{&quot;unit&quot;:&quot;px&quot;,&quot;size&quot;:365,&quot;sizes&quot;:[]},&quot;_transform_translateY_effect_tablet&quot;:{&quot;unit&quot;:&quot;px&quot;,&quot;size&quot;:220,&quot;sizes&quot;:[]},&quot;_transform_translateX_effect&quot;:{&quot;unit&quot;:&quot;px&quot;,&quot;size&quot;:&quot;&quot;,&quot;sizes&quot;:[]},&quot;_transform_translateX_effect_tablet&quot;:{&quot;unit&quot;:&quot;px&quot;,&quot;size&quot;:&quot;&quot;,&quot;sizes&quot;:[]},&quot;_transform_translateX_effect_mobile&quot;:{&quot;unit&quot;:&quot;px&quot;,&quot;size&quot;:&quot;&quot;,&quot;sizes&quot;:[]}}\">\n\t\t\t\t\t<div class=\"e-con-inner\">\n\t\t<div class=\"elementor-element elementor-element-1b13090 e-con-full e-flex e-con e-child\" data-id=\"1b13090\" data-element_type=\"container\">\n\t\t\t\t<div class=\"elementor-element elementor-element-73cdb6e e-transform elementor-widget elementor-widget-google_maps\" data-id=\"73cdb6e\" data-element_type=\"widget\" data-settings=\"{&quot;_transform_translateX_effect&quot;:{&quot;unit&quot;:&quot;px&quot;,&quot;size&quot;:&quot;&quot;,&quot;sizes&quot;:[]},&quot;_transform_translateX_effect_tablet&quot;:{&quot;unit&quot;:&quot;px&quot;,&quot;size&quot;:&quot;&quot;,&quot;sizes&quot;:[]},&quot;_transform_translateX_effect_mobile&quot;:{&quot;unit&quot;:&quot;px&quot;,&quot;size&quot;:&quot;&quot;,&quot;sizes&quot;:[]},&quot;_transform_translateY_effect&quot;:{&quot;unit&quot;:&quot;px&quot;,&quot;size&quot;:&quot;&quot;,&quot;sizes&quot;:[]},&quot;_transform_translateY_effect_tablet&quot;:{&quot;unit&quot;:&quot;px&quot;,&quot;size&quot;:&quot;&quot;,&quot;sizes&quot;:[]},&quot;_transform_translateY_effect_mobile&quot;:{&quot;unit&quot;:&quot;px&quot;,&quot;size&quot;:&quot;&quot;,&quot;sizes&quot;:[]}}\" data-widget_type=\"google_maps.default\">\n\t\t\t\t<div class=\"elementor-widget-container\">\n\t\t\t\t\t\t\t<div class=\"elementor-custom-embed\">\n\t\t\t<iframe loading=\"lazy\"\n\t\t\t\t\tsrc=\"https:\/\/maps.google.com\/maps?q=Salto%20de%20Chilasc%C3%B3%2C%204VXG%2BW93%2C%20Chilasc%C3%B3&#038;t=m&#038;z=12&#038;output=embed&#038;iwloc=near\"\n\t\t\t\t\ttitle=\"Salto de Chilasc\u00f3, 4VXG+W93, Chilasc\u00f3\"\n\t\t\t\t\taria-label=\"Salto de Chilasc\u00f3, 4VXG+W93, Chilasc\u00f3\"\n\t\t\t><\/iframe>\n\t\t<\/div>\n\t\t\t\t\t\t<\/div>\n\t\t\t\t<\/div>\n\t\t\t\t<\/div>\n\t\t<div class=\"elementor-element elementor-element-1bebae5 e-con-full e-flex e-con e-child\" data-id=\"1bebae5\" data-element_type=\"container\">\n\t\t\t\t<div class=\"elementor-element elementor-element-bd5563a elementor-widget elementor-widget-heading\" data-id=\"bd5563a\" data-element_type=\"widget\" data-widget_type=\"heading.default\">\n\t\t\t\t<div class=\"elementor-widget-container\">\n\t\t\t\t\t<h2 class=\"elementor-heading-title elementor-size-default\">\u00bfC\u00f3mo llegar? <\/h2>\t\t\t\t<\/div>\n\t\t\t\t<\/div>\n\t\t\t\t<div class=\"elementor-element elementor-element-7d52cb6 elementor-widget elementor-widget-text-editor\" data-id=\"7d52cb6\" data-element_type=\"widget\" data-widget_type=\"text-editor.default\">\n\t\t\t\t<div class=\"elementor-widget-container\">\n\t\t\t\t\t\t\t\t\t<p><b>Tiempo estimado de llegada: <\/b><span style=\"font-weight: 400;\">3 horas<\/span><\/p><p><b>Ruta principal de acceso: <\/b><span style=\"font-weight: 400;\">CA-9 Norte<\/span><\/p><p><span style=\"font-weight: 400;\">El Salto de Chilasc\u00f3 se encuentra a 156 km de la Ciudad Capital. Para llegar se toma la CA -9 Norte y se conduce por el desv\u00edo en el km 85 (El Rancho) hacia la CA-14 rumbo a Cob\u00e1n. En el km 144.5 se encuentra el cruce se\u00f1alizado hacia Chilasc\u00f3, desde donde se recorren 12 km de terracer\u00eda en buenas condiciones hasta la oficina de informaci\u00f3n.<\/span><\/p>\t\t\t\t\t\t\t\t<\/div>\n\t\t\t\t<\/div>\n\t\t\t\t<\/div>\n\t\t\t\t\t<\/div>\n\t\t\t\t<\/div>\n\t\t<div class=\"elementor-element elementor-element-451bfbd e-transform e-flex e-con-boxed e-con e-parent\" data-id=\"451bfbd\" data-element_type=\"container\" data-settings=\"{&quot;_transform_translateY_effect&quot;:{&quot;unit&quot;:&quot;px&quot;,&quot;size&quot;:-883,&quot;sizes&quot;:[]},&quot;_transform_translateY_effect_mobile&quot;:{&quot;unit&quot;:&quot;px&quot;,&quot;size&quot;:-798,&quot;sizes&quot;:[]},&quot;_transform_translateY_effect_tablet&quot;:{&quot;unit&quot;:&quot;px&quot;,&quot;size&quot;:-823,&quot;sizes&quot;:[]},&quot;_transform_translateX_effect&quot;:{&quot;unit&quot;:&quot;px&quot;,&quot;size&quot;:&quot;&quot;,&quot;sizes&quot;:[]},&quot;_transform_translateX_effect_tablet&quot;:{&quot;unit&quot;:&quot;px&quot;,&quot;size&quot;:&quot;&quot;,&quot;sizes&quot;:[]},&quot;_transform_translateX_effect_mobile&quot;:{&quot;unit&quot;:&quot;px&quot;,&quot;size&quot;:&quot;&quot;,&quot;sizes&quot;:[]}}\">\n\t\t\t\t\t<div class=\"e-con-inner\">\n\t\t\t\t<div class=\"elementor-element elementor-element-b487b42 e-transform elementor-widget elementor-widget-text-editor\" data-id=\"b487b42\" data-element_type=\"widget\" data-settings=\"{&quot;_transform_translateY_effect_mobile&quot;:{&quot;unit&quot;:&quot;px&quot;,&quot;size&quot;:24,&quot;sizes&quot;:[]},&quot;_transform_translateX_effect&quot;:{&quot;unit&quot;:&quot;px&quot;,&quot;size&quot;:&quot;&quot;,&quot;sizes&quot;:[]},&quot;_transform_translateX_effect_tablet&quot;:{&quot;unit&quot;:&quot;px&quot;,&quot;size&quot;:&quot;&quot;,&quot;sizes&quot;:[]},&quot;_transform_translateX_effect_mobile&quot;:{&quot;unit&quot;:&quot;px&quot;,&quot;size&quot;:&quot;&quot;,&quot;sizes&quot;:[]},&quot;_transform_translateY_effect&quot;:{&quot;unit&quot;:&quot;px&quot;,&quot;size&quot;:&quot;&quot;,&quot;sizes&quot;:[]},&quot;_transform_translateY_effect_tablet&quot;:{&quot;unit&quot;:&quot;px&quot;,&quot;size&quot;:&quot;&quot;,&quot;sizes&quot;:[]}}\" data-widget_type=\"text-editor.default\">\n\t\t\t\t<div class=\"elementor-widget-container\">\n\t\t\t\t\t\t\t\t\t<p><span style=\"font-weight: 400;\">La Sierra de las Minas es una espectacular cadena de monta\u00f1as que alberga los bosques nubosos m\u00e1s extensos de Centro Am\u00e9rica. Debido a la variaci\u00f3n en el gradiente altitudinal, es posible observar desde bosques secos, bosques de pino &#8211; encino, bosques nubosos hasta bosques de cimas.\u00a0<\/span><\/p><p><span style=\"font-weight: 400;\">La Sierra de las Minas protege el 70% de las especies de fauna reportadas para Guatemala y Belice y se considera una \u201cisla\u201d de evoluci\u00f3n gen\u00e9tica, es decir con muchas especies que solo habitan en ella (end\u00e9micas). Razones que le han valido para ser reconocida internacionalmente por la UNESCO como Reserva de Biosfera.\u00a0<\/span><\/p><p><span style=\"font-weight: 400;\">Albergado en el bosque nuboso de la Sierra se encuentra el Salto de Chilasc\u00f3, que en Poqomchi\u2019 significa <\/span><i><span style=\"font-weight: 400;\">\u201cmonta\u00f1as oscuras\u201d<\/span><\/i><span style=\"font-weight: 400;\">. En este lugar es posible visitar la gigantesca catarata de m\u00e1s de 130m de altura, una de las m\u00e1s altas de Centro Am\u00e9rica. La zona de la catarata posee una belleza paisajista particular por la abundancia de su flora, fauna y por ser lugar de anidaci\u00f3n del ave s\u00edmbolo de Guatemala, el Quetzal.<\/span><\/p>\t\t\t\t\t\t\t\t<\/div>\n\t\t\t\t<\/div>\n\t\t\t\t\t<\/div>\n\t\t\t\t<\/div>\n\t\t<div class=\"elementor-element elementor-element-4133bd1 e-transform e-flex e-con-boxed e-con e-parent\" data-id=\"4133bd1\" data-element_type=\"container\" data-settings=\"{&quot;_transform_translateY_effect&quot;:{&quot;unit&quot;:&quot;px&quot;,&quot;size&quot;:-208,&quot;sizes&quot;:[]},&quot;_transform_translateY_effect_mobile&quot;:{&quot;unit&quot;:&quot;px&quot;,&quot;size&quot;:-171,&quot;sizes&quot;:[]},&quot;_transform_translateX_effect&quot;:{&quot;unit&quot;:&quot;px&quot;,&quot;size&quot;:&quot;&quot;,&quot;sizes&quot;:[]},&quot;_transform_translateX_effect_tablet&quot;:{&quot;unit&quot;:&quot;px&quot;,&quot;size&quot;:&quot;&quot;,&quot;sizes&quot;:[]},&quot;_transform_translateX_effect_mobile&quot;:{&quot;unit&quot;:&quot;px&quot;,&quot;size&quot;:&quot;&quot;,&quot;sizes&quot;:[]},&quot;_transform_translateY_effect_tablet&quot;:{&quot;unit&quot;:&quot;px&quot;,&quot;size&quot;:&quot;&quot;,&quot;sizes&quot;:[]}}\">\n\t\t\t\t\t<div class=\"e-con-inner\">\n\t\t<div class=\"elementor-element elementor-element-1bf9d53 e-con-full e-flex e-con e-child\" data-id=\"1bf9d53\" data-element_type=\"container\">\n\t\t\t\t<div class=\"elementor-element elementor-element-3d6f35a elementor-view-framed elementor-shape-circle elementor-widget elementor-widget-icon\" data-id=\"3d6f35a\" data-element_type=\"widget\" data-widget_type=\"icon.default\">\n\t\t\t\t<div class=\"elementor-widget-container\">\n\t\t\t\t\t\t\t<div class=\"elementor-icon-wrapper\">\n\t\t\t<div class=\"elementor-icon\">\n\t\t\t<svg aria-hidden=\"true\" class=\"e-font-icon-svg e-fas-map-marked-alt\" viewbox=\"0 0 576 512\" xmlns=\"http:\/\/www.w3.org\/2000\/svg\"><path d=\"M288 0c-69.59 0-126 56.41-126 126 0 56.26 82.35 158.8 113.9 196.02 6.39 7.54 17.82 7.54 24.2 0C331.65 284.8 414 182.26 414 126 414 56.41 357.59 0 288 0zm0 168c-23.2 0-42-18.8-42-42s18.8-42 42-42 42 18.8 42 42-18.8 42-42 42zM20.12 215.95A32.006 32.006 0 0 0 0 245.66v250.32c0 11.32 11.43 19.06 21.94 14.86L160 448V214.92c-8.84-15.98-16.07-31.54-21.25-46.42L20.12 215.95zM288 359.67c-14.07 0-27.38-6.18-36.51-16.96-19.66-23.2-40.57-49.62-59.49-76.72v182l192 64V266c-18.92 27.09-39.82 53.52-59.49 76.72-9.13 10.77-22.44 16.95-36.51 16.95zm266.06-198.51L416 224v288l139.88-55.95A31.996 31.996 0 0 0 576 426.34V176.02c0-11.32-11.43-19.06-21.94-14.86z\"><\/path><\/svg>\t\t\t<\/div>\n\t\t<\/div>\n\t\t\t\t\t\t<\/div>\n\t\t\t\t<\/div>\n\t\t\t\t<div class=\"elementor-element elementor-element-d8993bf elementor-widget elementor-widget-heading\" data-id=\"d8993bf\" data-element_type=\"widget\" data-widget_type=\"heading.default\">\n\t\t\t\t<div class=\"elementor-widget-container\">\n\t\t\t\t\t<h3 class=\"elementor-heading-title elementor-size-default\">Ubicaci\u00f3n<\/h3>\t\t\t\t<\/div>\n\t\t\t\t<\/div>\n\t\t\t\t<div class=\"elementor-element elementor-element-704559a elementor-widget elementor-widget-text-editor\" data-id=\"704559a\" data-element_type=\"widget\" data-widget_type=\"text-editor.default\">\n\t\t\t\t<div class=\"elementor-widget-container\">\n\t\t\t\t\t\t\t\t\t<p><b>Departamentos:<\/b><span style=\"font-weight: 400;\"> Alta Verapaz, Baja Verapaz, El Progreso, Zacapa, Izabal<\/span><\/p><p><b>Extensi\u00f3n: <\/b><span style=\"font-weight: 400;\">24,536.82 hect\u00e1reas (correspondiente a toda la Reserva de Biosfera)<\/span><\/p><p><b>A\u00f1o de declaratoria: <\/b><span style=\"font-weight: 400;\">1990<\/span><\/p>\t\t\t\t\t\t\t\t<\/div>\n\t\t\t\t<\/div>\n\t\t\t\t<\/div>\n\t\t<div class=\"elementor-element elementor-element-179f0e9 e-con-full e-flex e-con e-child\" data-id=\"179f0e9\" data-element_type=\"container\">\n\t\t\t\t<div class=\"elementor-element elementor-element-66469f6 elementor-view-framed elementor-shape-circle elementor-widget elementor-widget-icon\" data-id=\"66469f6\" data-element_type=\"widget\" data-widget_type=\"icon.default\">\n\t\t\t\t<div class=\"elementor-widget-container\">\n\t\t\t\t\t\t\t<div class=\"elementor-icon-wrapper\">\n\t\t\t<div class=\"elementor-icon\">\n\t\t\t<svg aria-hidden=\"true\" class=\"e-font-icon-svg e-fas-user-clock\" viewbox=\"0 0 640 512\" xmlns=\"http:\/\/www.w3.org\/2000\/svg\"><path d=\"M496 224c-79.6 0-144 64.4-144 144s64.4 144 144 144 144-64.4 144-144-64.4-144-144-144zm64 150.3c0 5.3-4.4 9.7-9.7 9.7h-60.6c-5.3 0-9.7-4.4-9.7-9.7v-76.6c0-5.3 4.4-9.7 9.7-9.7h12.6c5.3 0 9.7 4.4 9.7 9.7V352h38.3c5.3 0 9.7 4.4 9.7 9.7v12.6zM320 368c0-27.8 6.7-54.1 18.2-77.5-8-1.5-16.2-2.5-24.6-2.5h-16.7c-22.2 10.2-46.9 16-72.9 16s-50.6-5.8-72.9-16h-16.7C60.2 288 0 348.2 0 422.4V464c0 26.5 21.5 48 48 48h347.1c-45.3-31.9-75.1-84.5-75.1-144zm-96-112c70.7 0 128-57.3 128-128S294.7 0 224 0 96 57.3 96 128s57.3 128 128 128z\"><\/path><\/svg>\t\t\t<\/div>\n\t\t<\/div>\n\t\t\t\t\t\t<\/div>\n\t\t\t\t<\/div>\n\t\t\t\t<div class=\"elementor-element elementor-element-89eb4f3 elementor-widget elementor-widget-heading\" data-id=\"89eb4f3\" data-element_type=\"widget\" data-widget_type=\"heading.default\">\n\t\t\t\t<div class=\"elementor-widget-container\">\n\t\t\t\t\t<h3 class=\"elementor-heading-title elementor-size-default\">Horarios de atenci\u00f3n<\/h3>\t\t\t\t<\/div>\n\t\t\t\t<\/div>\n\t\t\t\t<div class=\"elementor-element elementor-element-bfbba5a elementor-widget elementor-widget-text-editor\" data-id=\"bfbba5a\" data-element_type=\"widget\" data-widget_type=\"text-editor.default\">\n\t\t\t\t<div class=\"elementor-widget-container\">\n\t\t\t\t\t\t\t\t\t<p><span style=\"font-weight: 400;\">Luness a Domingo\u00a0<\/span><span style=\"font-weight: 400;\">07:00 a 15:30 pm<\/span><\/p>\t\t\t\t\t\t\t\t<\/div>\n\t\t\t\t<\/div>\n\t\t\t\t<\/div>\n\t\t<div class=\"elementor-element elementor-element-6f6cf4c e-con-full e-flex e-con e-child\" data-id=\"6f6cf4c\" data-element_type=\"container\">\n\t\t\t\t<div class=\"elementor-element elementor-element-b707a50 elementor-view-framed elementor-shape-circle elementor-widget elementor-widget-icon\" data-id=\"b707a50\" data-element_type=\"widget\" data-widget_type=\"icon.default\">\n\t\t\t\t<div class=\"elementor-widget-container\">\n\t\t\t\t\t\t\t<div class=\"elementor-icon-wrapper\">\n\t\t\t<div class=\"elementor-icon\">\n\t\t\t<svg aria-hidden=\"true\" class=\"e-font-icon-svg e-fas-user-alt\" viewbox=\"0 0 512 512\" xmlns=\"http:\/\/www.w3.org\/2000\/svg\"><path d=\"M256 288c79.5 0 144-64.5 144-144S335.5 0 256 0 112 64.5 112 144s64.5 144 144 144zm128 32h-55.1c-22.2 10.2-46.9 16-72.9 16s-50.6-5.8-72.9-16H128C57.3 320 0 377.3 0 448v16c0 26.5 21.5 48 48 48h416c26.5 0 48-21.5 48-48v-16c0-70.7-57.3-128-128-128z\"><\/path><\/svg>\t\t\t<\/div>\n\t\t<\/div>\n\t\t\t\t\t\t<\/div>\n\t\t\t\t<\/div>\n\t\t\t\t<div class=\"elementor-element elementor-element-3d9483b elementor-widget elementor-widget-heading\" data-id=\"3d9483b\" data-element_type=\"widget\" data-widget_type=\"heading.default\">\n\t\t\t\t<div class=\"elementor-widget-container\">\n\t\t\t\t\t<h3 class=\"elementor-heading-title elementor-size-default\">Informaci\u00f3n de contacto<\/h3>\t\t\t\t<\/div>\n\t\t\t\t<\/div>\n\t\t\t\t<div class=\"elementor-element elementor-element-cf17103 elementor-widget elementor-widget-text-editor\" data-id=\"cf17103\" data-element_type=\"widget\" data-widget_type=\"text-editor.default\">\n\t\t\t\t<div class=\"elementor-widget-container\">\n\t\t\t\t\t\t\t\t\t<p><span style=\"font-weight: 400;\"><b>Administrador:<\/b><\/span><\/p><p><span style=\"font-weight: 400;\">JUNTA DIRECTIVA SIERRA DE LAS MINAS<\/span><\/p><p><b>TEL\u00c9FONO<\/b><\/p><p><span style=\"font-weight: 400;\">(+502) 4515-4958<\/span><\/p><p><span style=\"font-weight: 400;\">CONAP (+502) 7941-6532<\/span><\/p><p><span style=\"font-weight: 400;\">CONAP (+502) 7947-2417<\/span><\/p><p><b>CORREO ELECTR\u00d3NICO:<\/b><\/p><p><a href=\"mailto:asosaltochilascosalama@gmail.com\"><span style=\"font-weight: 400;\">asosaltochilascosalama@gmail.com<\/span><\/a><\/p><p><b>SITIO WEB<\/b><\/p><p><span style=\"font-weight: 400;\">\u00a0<\/span><a href=\"https:\/\/www.facebook.com\/share\/15tTgNErq8\/?mibextid=qi2Omg\"><span style=\"font-weight: 400;\">https:\/\/www.facebook.com\/share\/15tTgNErq8\/?mibextid=qi2Omg<\/span><\/a><\/p>\t\t\t\t\t\t\t\t<\/div>\n\t\t\t\t<\/div>\n\t\t\t\t<\/div>\n\t\t\t\t\t<\/div>\n\t\t\t\t<\/div>\n\t\t\t\t<\/div>","protected":false},"excerpt":{"rendered":"<p>Reserva De Biosfera Sierra De Las Minas &#8211; Salto De Chilasc\u00f3 \u00a9Juan M. Qui\u00f1\u00f3nez-Guzm\u00e1n \u00bfQu\u00e9 puedo esperar? Importante y extensa reserva de biosfera; diversidad de ecosistemas; catarata de m\u00e1s de 130 metros de altura. \u00a9Rony Rodriguez Recomendaciones La visita al Salto de Chilasc\u00f3 es de 3 kil\u00f3metros (2km entre cultivos y potreros y 1km de [&hellip;]<\/p>","protected":false},"author":2,"featured_media":0,"parent":4648,"menu_order":0,"comment_status":"closed","ping_status":"closed","template":"","meta":{"_surecart_dashboard_logo_width":"180px","_surecart_dashboard_show_logo":true,"_surecart_dashboard_navigation_orders":true,"_surecart_dashboard_navigation_invoices":true,"_surecart_dashboard_navigation_subscriptions":true,"_surecart_dashboard_navigation_downloads":true,"_surecart_dashboard_navigation_billing":true,"_surecart_dashboard_navigation_account":true,"_uag_custom_page_level_css":"","site-sidebar-layout":"no-sidebar","site-content-layout":"page-builder","ast-site-content-layout":"full-width-container","site-content-style":"unboxed","site-sidebar-style":"unboxed","ast-global-header-display":"","ast-banner-title-visibility":"","ast-main-header-display":"","ast-hfb-above-header-display":"","ast-hfb-below-header-display":"","ast-hfb-mobile-header-display":"","site-post-title":"disabled","ast-breadcrumbs-content":"","ast-featured-img":"disabled","footer-sml-layout":"","theme-transparent-header-meta":"enabled","adv-header-id-meta":"","stick-header-meta":"","header-above-stick-meta":"","header-main-stick-meta":"","header-below-stick-meta":"","astra-migrate-meta-layouts":"set","ast-page-background-enabled":"default","ast-page-background-meta":{"desktop":{"background-color":"","background-image":"","background-repeat":"repeat","background-position":"center center","background-size":"auto","background-attachment":"scroll","background-type":"","background-media":"","overlay-type":"","overlay-color":"","overlay-opacity":"","overlay-gradient":""},"tablet":{"background-color":"","background-image":"","background-repeat":"repeat","background-position":"center center","background-size":"auto","background-attachment":"scroll","background-type":"","background-media":"","overlay-type":"","overlay-color":"","overlay-opacity":"","overlay-gradient":""},"mobile":{"background-color":"","background-image":"","background-repeat":"repeat","background-position":"center center","background-size":"auto","background-attachment":"scroll","background-type":"","background-media":"","overlay-type":"","overlay-color":"","overlay-opacity":"","overlay-gradient":""}},"ast-content-background-meta":{"desktop":{"background-color":"var(--ast-global-color-5)","background-image":"","background-repeat":"repeat","background-position":"center center","background-size":"auto","background-attachment":"scroll","background-type":"","background-media":"","overlay-type":"","overlay-color":"","overlay-opacity":"","overlay-gradient":""},"tablet":{"background-color":"var(--ast-global-color-5)","background-image":"","background-repeat":"repeat","background-position":"center center","background-size":"auto","background-attachment":"scroll","background-type":"","background-media":"","overlay-type":"","overlay-color":"","overlay-opacity":"","overlay-gradient":""},"mobile":{"background-color":"var(--ast-global-color-5)","background-image":"","background-repeat":"repeat","background-position":"center center","background-size":"auto","background-attachment":"scroll","background-type":"","background-media":"","overlay-type":"","overlay-color":"","overlay-opacity":"","overlay-gradient":""}},"footnotes":""},"class_list":["post-6991","page","type-page","status-publish","hentry"],"uagb_featured_image_src":{"full":false,"thumbnail":false,"medium":false,"medium_large":false,"large":false,"1536x1536":false,"2048x2048":false,"trp-custom-language-flag":false,"woocommerce_thumbnail":false,"woocommerce_single":false,"woocommerce_gallery_thumbnail":false},"uagb_author_info":{"display_name":"Daniel Efrain Lemus Santos","author_link":"https:\/\/turismo-sigap.conap.gob.gt\/en\/author\/daniellemus\/"},"uagb_comment_info":0,"uagb_excerpt":"Reserva De Biosfera Sierra De Las Minas &#8211; Salto De Chilasc\u00f3 \u00a9Juan M. Qui\u00f1\u00f3nez-Guzm\u00e1n \u00bfQu\u00e9 puedo esperar? Importante y extensa reserva de biosfera; diversidad de ecosistemas; catarata de m\u00e1s de 130 metros de altura. \u00a9Rony Rodriguez Recomendaciones La visita al Salto de Chilasc\u00f3 es de 3 kil\u00f3metros (2km entre cultivos y potreros y 1km de&hellip;","_links":{"self":[{"href":"https:\/\/turismo-sigap.conap.gob.gt\/en\/wp-json\/wp\/v2\/pages\/6991","targetHints":{"allow":["GET"]}}],"collection":[{"href":"https:\/\/turismo-sigap.conap.gob.gt\/en\/wp-json\/wp\/v2\/pages"}],"about":[{"href":"https:\/\/turismo-sigap.conap.gob.gt\/en\/wp-json\/wp\/v2\/types\/page"}],"author":[{"embeddable":true,"href":"https:\/\/turismo-sigap.conap.gob.gt\/en\/wp-json\/wp\/v2\/users\/2"}],"replies":[{"embeddable":true,"href":"https:\/\/turismo-sigap.conap.gob.gt\/en\/wp-json\/wp\/v2\/comments?post=6991"}],"version-history":[{"count":19,"href":"https:\/\/turismo-sigap.conap.gob.gt\/en\/wp-json\/wp\/v2\/pages\/6991\/revisions"}],"predecessor-version":[{"id":9787,"href":"https:\/\/turismo-sigap.conap.gob.gt\/en\/wp-json\/wp\/v2\/pages\/6991\/revisions\/9787"}],"up":[{"embeddable":true,"href":"https:\/\/turismo-sigap.conap.gob.gt\/en\/wp-json\/wp\/v2\/pages\/4648"}],"wp:attachment":[{"href":"https:\/\/turismo-sigap.conap.gob.gt\/en\/wp-json\/wp\/v2\/media?parent=6991"}],"curies":[{"name":"wp","href":"https:\/\/api.w.org\/{rel}","templated":true}]}}