{"id":8260,"date":"2025-04-14T15:50:52","date_gmt":"2025-04-14T21:50:52","guid":{"rendered":"https:\/\/ex.conap.gob.gt\/?page_id=8260"},"modified":"2025-05-30T09:49:14","modified_gmt":"2025-05-30T15:49:14","slug":"parque-nacional-sierra-de-lacandon-sitio-arqueologico-piedras-negras","status":"publish","type":"page","link":"https:\/\/turismo-sigap.conap.gob.gt\/en\/rutas-turisticas\/ruta-del-mundo-maya-peten\/parque-nacional-sierra-de-lacandon-sitio-arqueologico-piedras-negras\/","title":{"rendered":"Parque Nacional Sierra De Lacand\u00f3n &#8220;Sitio Arqueol\u00f3gico Piedras Negras&#8221;"},"content":{"rendered":"<div data-elementor-type=\"wp-post\" data-elementor-id=\"8260\" class=\"elementor elementor-8260\">\n\t\t\t\t<div class=\"elementor-element elementor-element-5f02ddf e-flex e-con-boxed e-con e-parent\" data-id=\"5f02ddf\" data-element_type=\"container\" data-settings=\"{&quot;background_background&quot;:&quot;classic&quot;}\">\n\t\t\t\t\t<div class=\"e-con-inner\">\n\t\t<div class=\"elementor-element elementor-element-0502d81 e-con-full e-flex e-con e-child\" data-id=\"0502d81\" data-element_type=\"container\">\n\t\t\t\t<div class=\"elementor-element elementor-element-03d202b elementor-widget elementor-widget-heading\" data-id=\"03d202b\" data-element_type=\"widget\" data-widget_type=\"heading.default\">\n\t\t\t\t<div class=\"elementor-widget-container\">\n\t\t\t\t\t<h2 class=\"elementor-heading-title elementor-size-default\">Parque Nacional <br> <b>SIERRA DE LACAND\u00d3N \"SITIO ARQUEOL\u00d3GICO PIEDRAS NEGRAS\" <\/b><\/h2>\t\t\t\t<\/div>\n\t\t\t\t<\/div>\n\t\t\t\t<\/div>\n\t\t\t\t<div class=\"elementor-element elementor-element-7a80d55 elementor-absolute elementor-widget elementor-widget-text-editor\" data-id=\"7a80d55\" data-element_type=\"widget\" data-settings=\"{&quot;_position&quot;:&quot;absolute&quot;}\" data-widget_type=\"text-editor.default\">\n\t\t\t\t<div class=\"elementor-widget-container\">\n\t\t\t\t\t\t\t\t\t<p>\u00a9CONAP<\/p>\t\t\t\t\t\t\t\t<\/div>\n\t\t\t\t<\/div>\n\t\t\t\t\t<\/div>\n\t\t\t\t<\/div>\n\t\t<div class=\"elementor-element elementor-element-ce23579 e-transform e-flex e-con-boxed e-con e-parent\" data-id=\"ce23579\" data-element_type=\"container\" data-settings=\"{&quot;_transform_translateY_effect&quot;:{&quot;unit&quot;:&quot;px&quot;,&quot;size&quot;:-146,&quot;sizes&quot;:[]},&quot;_transform_translateY_effect_mobile&quot;:{&quot;unit&quot;:&quot;px&quot;,&quot;size&quot;:-122,&quot;sizes&quot;:[]},&quot;_transform_translateX_effect&quot;:{&quot;unit&quot;:&quot;px&quot;,&quot;size&quot;:&quot;&quot;,&quot;sizes&quot;:[]},&quot;_transform_translateX_effect_tablet&quot;:{&quot;unit&quot;:&quot;px&quot;,&quot;size&quot;:&quot;&quot;,&quot;sizes&quot;:[]},&quot;_transform_translateX_effect_mobile&quot;:{&quot;unit&quot;:&quot;px&quot;,&quot;size&quot;:&quot;&quot;,&quot;sizes&quot;:[]},&quot;_transform_translateY_effect_tablet&quot;:{&quot;unit&quot;:&quot;px&quot;,&quot;size&quot;:&quot;&quot;,&quot;sizes&quot;:[]}}\">\n\t\t\t\t\t<div class=\"e-con-inner\">\n\t\t<div class=\"elementor-element elementor-element-89a7aec e-con-full e-transform e-flex e-con e-child\" data-id=\"89a7aec\" data-element_type=\"container\" data-settings=\"{&quot;_transform_translateY_effect&quot;:{&quot;unit&quot;:&quot;px&quot;,&quot;size&quot;:30,&quot;sizes&quot;:[]},&quot;_transform_translateX_effect_mobile&quot;:{&quot;unit&quot;:&quot;px&quot;,&quot;size&quot;:-10,&quot;sizes&quot;:[]},&quot;_transform_translateX_effect_tablet&quot;:{&quot;unit&quot;:&quot;px&quot;,&quot;size&quot;:-40,&quot;sizes&quot;:[]},&quot;_transform_translateY_effect_mobile&quot;:{&quot;unit&quot;:&quot;px&quot;,&quot;size&quot;:83,&quot;sizes&quot;:[]},&quot;_transform_translateX_effect&quot;:{&quot;unit&quot;:&quot;px&quot;,&quot;size&quot;:&quot;&quot;,&quot;sizes&quot;:[]},&quot;_transform_translateY_effect_tablet&quot;:{&quot;unit&quot;:&quot;px&quot;,&quot;size&quot;:&quot;&quot;,&quot;sizes&quot;:[]}}\">\n\t\t\t\t<div class=\"elementor-element elementor-element-bbca48d elementor-widget-mobile__width-initial elementor-absolute e-transform elementor-widget-tablet__width-initial elementor-widget elementor-widget-image\" data-id=\"bbca48d\" data-element_type=\"widget\" data-settings=\"{&quot;_position&quot;:&quot;absolute&quot;,&quot;_transform_translateY_effect&quot;:{&quot;unit&quot;:&quot;px&quot;,&quot;size&quot;:0,&quot;sizes&quot;:[]},&quot;_transform_translateX_effect&quot;:{&quot;unit&quot;:&quot;px&quot;,&quot;size&quot;:&quot;&quot;,&quot;sizes&quot;:[]},&quot;_transform_translateX_effect_tablet&quot;:{&quot;unit&quot;:&quot;px&quot;,&quot;size&quot;:&quot;&quot;,&quot;sizes&quot;:[]},&quot;_transform_translateX_effect_mobile&quot;:{&quot;unit&quot;:&quot;px&quot;,&quot;size&quot;:&quot;&quot;,&quot;sizes&quot;:[]},&quot;_transform_translateY_effect_tablet&quot;:{&quot;unit&quot;:&quot;px&quot;,&quot;size&quot;:&quot;&quot;,&quot;sizes&quot;:[]},&quot;_transform_translateY_effect_mobile&quot;:{&quot;unit&quot;:&quot;px&quot;,&quot;size&quot;:&quot;&quot;,&quot;sizes&quot;:[]}}\" data-widget_type=\"image.default\">\n\t\t\t\t<div class=\"elementor-widget-container\">\n\t\t\t\t\t\t\t\t\t\t\t\t\t\t\t<img decoding=\"async\" width=\"150\" height=\"150\" src=\"https:\/\/turismo-sigap.conap.gob.gt\/wp-content\/uploads\/2025\/04\/iconos-artes-11-150x150.png\" class=\"attachment-thumbnail size-thumbnail wp-image-6457\" alt=\"\" srcset=\"https:\/\/turismo-sigap.conap.gob.gt\/wp-content\/uploads\/2025\/04\/iconos-artes-11-150x150.png 150w, https:\/\/turismo-sigap.conap.gob.gt\/wp-content\/uploads\/2025\/04\/iconos-artes-11-300x300.png 300w, https:\/\/turismo-sigap.conap.gob.gt\/wp-content\/uploads\/2025\/04\/iconos-artes-11-12x12.png 12w, https:\/\/turismo-sigap.conap.gob.gt\/wp-content\/uploads\/2025\/04\/iconos-artes-11-100x100.png 100w, https:\/\/turismo-sigap.conap.gob.gt\/wp-content\/uploads\/2025\/04\/iconos-artes-11.png 450w\" sizes=\"(max-width: 150px) 100vw, 150px\" \/>\t\t\t\t\t\t\t\t\t\t\t\t\t\t\t<\/div>\n\t\t\t\t<\/div>\n\t\t\t\t<div class=\"elementor-element elementor-element-dbb00f1 elementor-widget-mobile__width-initial elementor-absolute elementor-widget-tablet__width-initial elementor-widget elementor-widget-image\" data-id=\"dbb00f1\" data-element_type=\"widget\" data-settings=\"{&quot;_position&quot;:&quot;absolute&quot;}\" data-widget_type=\"image.default\">\n\t\t\t\t<div class=\"elementor-widget-container\">\n\t\t\t\t\t\t\t\t\t\t\t\t\t\t\t<img decoding=\"async\" width=\"150\" height=\"150\" src=\"https:\/\/turismo-sigap.conap.gob.gt\/wp-content\/uploads\/2025\/04\/iconos-artes-10-150x150.png\" class=\"attachment-thumbnail size-thumbnail wp-image-6456\" alt=\"\" srcset=\"https:\/\/turismo-sigap.conap.gob.gt\/wp-content\/uploads\/2025\/04\/iconos-artes-10-150x150.png 150w, https:\/\/turismo-sigap.conap.gob.gt\/wp-content\/uploads\/2025\/04\/iconos-artes-10-300x300.png 300w, https:\/\/turismo-sigap.conap.gob.gt\/wp-content\/uploads\/2025\/04\/iconos-artes-10-12x12.png 12w, https:\/\/turismo-sigap.conap.gob.gt\/wp-content\/uploads\/2025\/04\/iconos-artes-10-100x100.png 100w, https:\/\/turismo-sigap.conap.gob.gt\/wp-content\/uploads\/2025\/04\/iconos-artes-10.png 450w\" sizes=\"(max-width: 150px) 100vw, 150px\" \/>\t\t\t\t\t\t\t\t\t\t\t\t\t\t\t<\/div>\n\t\t\t\t<\/div>\n\t\t\t\t<div class=\"elementor-element elementor-element-74db534 elementor-widget-mobile__width-initial elementor-absolute elementor-widget-tablet__width-initial elementor-widget elementor-widget-image\" data-id=\"74db534\" data-element_type=\"widget\" data-settings=\"{&quot;_position&quot;:&quot;absolute&quot;}\" data-widget_type=\"image.default\">\n\t\t\t\t<div class=\"elementor-widget-container\">\n\t\t\t\t\t\t\t\t\t\t\t\t\t\t\t<img decoding=\"async\" width=\"150\" height=\"150\" src=\"https:\/\/turismo-sigap.conap.gob.gt\/wp-content\/uploads\/2025\/04\/iconos-artes-06-150x150.png\" class=\"attachment-thumbnail size-thumbnail wp-image-6452\" alt=\"\" srcset=\"https:\/\/turismo-sigap.conap.gob.gt\/wp-content\/uploads\/2025\/04\/iconos-artes-06-150x150.png 150w, https:\/\/turismo-sigap.conap.gob.gt\/wp-content\/uploads\/2025\/04\/iconos-artes-06-300x300.png 300w, https:\/\/turismo-sigap.conap.gob.gt\/wp-content\/uploads\/2025\/04\/iconos-artes-06-12x12.png 12w, https:\/\/turismo-sigap.conap.gob.gt\/wp-content\/uploads\/2025\/04\/iconos-artes-06-100x100.png 100w, https:\/\/turismo-sigap.conap.gob.gt\/wp-content\/uploads\/2025\/04\/iconos-artes-06.png 450w\" sizes=\"(max-width: 150px) 100vw, 150px\" \/>\t\t\t\t\t\t\t\t\t\t\t\t\t\t\t<\/div>\n\t\t\t\t<\/div>\n\t\t\t\t<div class=\"elementor-element elementor-element-2df5581 elementor-widget-mobile__width-initial elementor-absolute elementor-widget-tablet__width-initial elementor-widget elementor-widget-image\" data-id=\"2df5581\" data-element_type=\"widget\" data-settings=\"{&quot;_position&quot;:&quot;absolute&quot;}\" data-widget_type=\"image.default\">\n\t\t\t\t<div class=\"elementor-widget-container\">\n\t\t\t\t\t\t\t\t\t\t\t\t\t\t\t<img loading=\"lazy\" decoding=\"async\" width=\"150\" height=\"150\" src=\"https:\/\/turismo-sigap.conap.gob.gt\/wp-content\/uploads\/2025\/04\/iconos-artes-04-150x150.png\" class=\"attachment-thumbnail size-thumbnail wp-image-6450\" alt=\"\" srcset=\"https:\/\/turismo-sigap.conap.gob.gt\/wp-content\/uploads\/2025\/04\/iconos-artes-04-150x150.png 150w, https:\/\/turismo-sigap.conap.gob.gt\/wp-content\/uploads\/2025\/04\/iconos-artes-04-300x300.png 300w, https:\/\/turismo-sigap.conap.gob.gt\/wp-content\/uploads\/2025\/04\/iconos-artes-04-12x12.png 12w, https:\/\/turismo-sigap.conap.gob.gt\/wp-content\/uploads\/2025\/04\/iconos-artes-04-100x100.png 100w, https:\/\/turismo-sigap.conap.gob.gt\/wp-content\/uploads\/2025\/04\/iconos-artes-04.png 450w\" sizes=\"(max-width: 150px) 100vw, 150px\" \/>\t\t\t\t\t\t\t\t\t\t\t\t\t\t\t<\/div>\n\t\t\t\t<\/div>\n\t\t\t\t<div class=\"elementor-element elementor-element-e3843ac elementor-widget-mobile__width-initial elementor-absolute e-transform elementor-widget elementor-widget-image\" data-id=\"e3843ac\" data-element_type=\"widget\" data-settings=\"{&quot;_position&quot;:&quot;absolute&quot;,&quot;_transform_translateX_effect_mobile&quot;:{&quot;unit&quot;:&quot;px&quot;,&quot;size&quot;:-13,&quot;sizes&quot;:[]},&quot;_transform_translateY_effect_mobile&quot;:{&quot;unit&quot;:&quot;px&quot;,&quot;size&quot;:3,&quot;sizes&quot;:[]},&quot;_transform_translateX_effect&quot;:{&quot;unit&quot;:&quot;px&quot;,&quot;size&quot;:&quot;&quot;,&quot;sizes&quot;:[]},&quot;_transform_translateX_effect_tablet&quot;:{&quot;unit&quot;:&quot;px&quot;,&quot;size&quot;:&quot;&quot;,&quot;sizes&quot;:[]},&quot;_transform_translateY_effect&quot;:{&quot;unit&quot;:&quot;px&quot;,&quot;size&quot;:&quot;&quot;,&quot;sizes&quot;:[]},&quot;_transform_translateY_effect_tablet&quot;:{&quot;unit&quot;:&quot;px&quot;,&quot;size&quot;:&quot;&quot;,&quot;sizes&quot;:[]}}\" data-widget_type=\"image.default\">\n\t\t\t\t<div class=\"elementor-widget-container\">\n\t\t\t\t\t\t\t\t\t\t\t\t\t\t\t<img loading=\"lazy\" decoding=\"async\" width=\"150\" height=\"150\" src=\"https:\/\/turismo-sigap.conap.gob.gt\/wp-content\/uploads\/2025\/04\/iconos-artes-07-150x150.png\" class=\"attachment-thumbnail size-thumbnail wp-image-6453\" alt=\"\" srcset=\"https:\/\/turismo-sigap.conap.gob.gt\/wp-content\/uploads\/2025\/04\/iconos-artes-07-150x150.png 150w, https:\/\/turismo-sigap.conap.gob.gt\/wp-content\/uploads\/2025\/04\/iconos-artes-07-300x300.png 300w, https:\/\/turismo-sigap.conap.gob.gt\/wp-content\/uploads\/2025\/04\/iconos-artes-07-12x12.png 12w, https:\/\/turismo-sigap.conap.gob.gt\/wp-content\/uploads\/2025\/04\/iconos-artes-07-100x100.png 100w, https:\/\/turismo-sigap.conap.gob.gt\/wp-content\/uploads\/2025\/04\/iconos-artes-07.png 450w\" sizes=\"(max-width: 150px) 100vw, 150px\" \/>\t\t\t\t\t\t\t\t\t\t\t\t\t\t\t<\/div>\n\t\t\t\t<\/div>\n\t\t\t\t<div class=\"elementor-element elementor-element-a01f0dc elementor-widget elementor-widget-heading\" data-id=\"a01f0dc\" data-element_type=\"widget\" data-widget_type=\"heading.default\">\n\t\t\t\t<div class=\"elementor-widget-container\">\n\t\t\t\t\t<h2 class=\"elementor-heading-title elementor-size-default\">\u00bfQu\u00e9 puedo esperar?<\/h2>\t\t\t\t<\/div>\n\t\t\t\t<\/div>\n\t\t\t\t<div class=\"elementor-element elementor-element-c43b3dd e-transform elementor-widget-divider--view-line elementor-widget elementor-widget-divider\" data-id=\"c43b3dd\" data-element_type=\"widget\" data-settings=\"{&quot;_transform_translateY_effect_mobile&quot;:{&quot;unit&quot;:&quot;px&quot;,&quot;size&quot;:-8,&quot;sizes&quot;:[]},&quot;_transform_translateX_effect&quot;:{&quot;unit&quot;:&quot;px&quot;,&quot;size&quot;:&quot;&quot;,&quot;sizes&quot;:[]},&quot;_transform_translateX_effect_tablet&quot;:{&quot;unit&quot;:&quot;px&quot;,&quot;size&quot;:&quot;&quot;,&quot;sizes&quot;:[]},&quot;_transform_translateX_effect_mobile&quot;:{&quot;unit&quot;:&quot;px&quot;,&quot;size&quot;:&quot;&quot;,&quot;sizes&quot;:[]},&quot;_transform_translateY_effect&quot;:{&quot;unit&quot;:&quot;px&quot;,&quot;size&quot;:&quot;&quot;,&quot;sizes&quot;:[]},&quot;_transform_translateY_effect_tablet&quot;:{&quot;unit&quot;:&quot;px&quot;,&quot;size&quot;:&quot;&quot;,&quot;sizes&quot;:[]}}\" data-widget_type=\"divider.default\">\n\t\t\t\t<div class=\"elementor-widget-container\">\n\t\t\t\t\t\t\t<div class=\"elementor-divider\">\n\t\t\t<span class=\"elementor-divider-separator\">\n\t\t\t\t\t\t<\/span>\n\t\t<\/div>\n\t\t\t\t\t\t<\/div>\n\t\t\t\t<\/div>\n\t\t\t\t<div class=\"elementor-element elementor-element-e871351 e-transform elementor-widget elementor-widget-text-editor\" data-id=\"e871351\" data-element_type=\"widget\" data-settings=\"{&quot;_transform_translateY_effect_mobile&quot;:{&quot;unit&quot;:&quot;px&quot;,&quot;size&quot;:-20,&quot;sizes&quot;:[]},&quot;_transform_translateX_effect&quot;:{&quot;unit&quot;:&quot;px&quot;,&quot;size&quot;:&quot;&quot;,&quot;sizes&quot;:[]},&quot;_transform_translateX_effect_tablet&quot;:{&quot;unit&quot;:&quot;px&quot;,&quot;size&quot;:&quot;&quot;,&quot;sizes&quot;:[]},&quot;_transform_translateX_effect_mobile&quot;:{&quot;unit&quot;:&quot;px&quot;,&quot;size&quot;:&quot;&quot;,&quot;sizes&quot;:[]},&quot;_transform_translateY_effect&quot;:{&quot;unit&quot;:&quot;px&quot;,&quot;size&quot;:&quot;&quot;,&quot;sizes&quot;:[]},&quot;_transform_translateY_effect_tablet&quot;:{&quot;unit&quot;:&quot;px&quot;,&quot;size&quot;:&quot;&quot;,&quot;sizes&quot;:[]}}\" data-widget_type=\"text-editor.default\">\n\t\t\t\t<div class=\"elementor-widget-container\">\n\t\t\t\t\t\t\t\t\t<p>Selva tropical h\u00fameda, formaciones k\u00e1rsticas, lagos y cenotes, importante ciudad maya.<\/p>\t\t\t\t\t\t\t\t<\/div>\n\t\t\t\t<\/div>\n\t\t\t\t<div class=\"elementor-element elementor-element-f7179ee e-transform elementor-widget-divider--view-line elementor-widget elementor-widget-divider\" data-id=\"f7179ee\" data-element_type=\"widget\" data-settings=\"{&quot;_transform_translateY_effect_mobile&quot;:{&quot;unit&quot;:&quot;px&quot;,&quot;size&quot;:-54,&quot;sizes&quot;:[]},&quot;_transform_translateY_effect_tablet&quot;:{&quot;unit&quot;:&quot;px&quot;,&quot;size&quot;:-24,&quot;sizes&quot;:[]},&quot;_transform_translateY_effect&quot;:{&quot;unit&quot;:&quot;px&quot;,&quot;size&quot;:38,&quot;sizes&quot;:[]},&quot;_transform_translateX_effect&quot;:{&quot;unit&quot;:&quot;px&quot;,&quot;size&quot;:&quot;&quot;,&quot;sizes&quot;:[]},&quot;_transform_translateX_effect_tablet&quot;:{&quot;unit&quot;:&quot;px&quot;,&quot;size&quot;:&quot;&quot;,&quot;sizes&quot;:[]},&quot;_transform_translateX_effect_mobile&quot;:{&quot;unit&quot;:&quot;px&quot;,&quot;size&quot;:&quot;&quot;,&quot;sizes&quot;:[]}}\" data-widget_type=\"divider.default\">\n\t\t\t\t<div class=\"elementor-widget-container\">\n\t\t\t\t\t\t\t<div class=\"elementor-divider\">\n\t\t\t<span class=\"elementor-divider-separator\">\n\t\t\t\t\t\t<\/span>\n\t\t<\/div>\n\t\t\t\t\t\t<\/div>\n\t\t\t\t<\/div>\n\t\t\t\t<\/div>\n\t\t<div class=\"elementor-element elementor-element-e8e4600 e-con-full e-flex e-con e-child\" data-id=\"e8e4600\" data-element_type=\"container\" data-settings=\"{&quot;background_slideshow_gallery&quot;:[{&quot;id&quot;:8268,&quot;url&quot;:&quot;https:\\\/\\\/turismo-sigap.conap.gob.gt\\\/wp-content\\\/uploads\\\/2025\\\/04\\\/BP-Piedras-Negras-CONAP-3-copia.jpg&quot;}],&quot;background_background&quot;:&quot;slideshow&quot;,&quot;background_slideshow_loop&quot;:&quot;yes&quot;,&quot;background_slideshow_slide_duration&quot;:5000,&quot;background_slideshow_slide_transition&quot;:&quot;fade&quot;,&quot;background_slideshow_transition_duration&quot;:500}\">\n\t\t\t\t<div class=\"elementor-element elementor-element-987900c elementor-absolute elementor-widget elementor-widget-text-editor\" data-id=\"987900c\" data-element_type=\"widget\" data-settings=\"{&quot;_position&quot;:&quot;absolute&quot;}\" data-widget_type=\"text-editor.default\">\n\t\t\t\t<div class=\"elementor-widget-container\">\n\t\t\t\t\t\t\t\t\t<p>\u00a9CONAP<\/p>\t\t\t\t\t\t\t\t<\/div>\n\t\t\t\t<\/div>\n\t\t\t\t<\/div>\n\t\t\t\t\t<\/div>\n\t\t\t\t<\/div>\n\t\t<div class=\"elementor-element elementor-element-380aefd e-transform e-flex e-con-boxed e-con e-parent\" data-id=\"380aefd\" data-element_type=\"container\" data-settings=\"{&quot;_transform_translateY_effect&quot;:{&quot;unit&quot;:&quot;px&quot;,&quot;size&quot;:76,&quot;sizes&quot;:[]},&quot;_transform_translateY_effect_mobile&quot;:{&quot;unit&quot;:&quot;px&quot;,&quot;size&quot;:323,&quot;sizes&quot;:[]},&quot;_transform_translateY_effect_tablet&quot;:{&quot;unit&quot;:&quot;px&quot;,&quot;size&quot;:86,&quot;sizes&quot;:[]},&quot;_transform_translateX_effect&quot;:{&quot;unit&quot;:&quot;px&quot;,&quot;size&quot;:&quot;&quot;,&quot;sizes&quot;:[]},&quot;_transform_translateX_effect_tablet&quot;:{&quot;unit&quot;:&quot;px&quot;,&quot;size&quot;:&quot;&quot;,&quot;sizes&quot;:[]},&quot;_transform_translateX_effect_mobile&quot;:{&quot;unit&quot;:&quot;px&quot;,&quot;size&quot;:&quot;&quot;,&quot;sizes&quot;:[]}}\">\n\t\t\t\t\t<div class=\"e-con-inner\">\n\t\t\t\t<div class=\"elementor-element elementor-element-dbf79af elementor-widget elementor-widget-heading\" data-id=\"dbf79af\" data-element_type=\"widget\" data-widget_type=\"heading.default\">\n\t\t\t\t<div class=\"elementor-widget-container\">\n\t\t\t\t\t<h2 class=\"elementor-heading-title elementor-size-default\">Recomendaciones<\/h2>\t\t\t\t<\/div>\n\t\t\t\t<\/div>\n\t\t\t\t<div class=\"elementor-element elementor-element-62cc1b0 elementor-widget elementor-widget-text-editor\" data-id=\"62cc1b0\" data-element_type=\"widget\" data-widget_type=\"text-editor.default\">\n\t\t\t\t<div class=\"elementor-widget-container\">\n\t\t\t\t\t\t\t\t\t<p>El parque es un lugar remoto, por lo que previo a su visita se recomienda contactar a la administraci\u00f3n del \u00e1rea para mayor informaci\u00f3n. No se recomienda entrar por cuenta propia.<\/p><p>Puede contactar a la cooperativa de turismo de la comunidad La T\u00e9cnica.<\/p>\t\t\t\t\t\t\t\t<\/div>\n\t\t\t\t<\/div>\n\t\t\t\t\t<\/div>\n\t\t\t\t<\/div>\n\t\t<div class=\"elementor-element elementor-element-2ecd78c e-transform e-flex e-con-boxed e-con e-parent\" data-id=\"2ecd78c\" data-element_type=\"container\" data-settings=\"{&quot;_transform_translateY_effect&quot;:{&quot;unit&quot;:&quot;px&quot;,&quot;size&quot;:80,&quot;sizes&quot;:[]},&quot;_transform_translateY_effect_mobile&quot;:{&quot;unit&quot;:&quot;px&quot;,&quot;size&quot;:325,&quot;sizes&quot;:[]},&quot;_transform_translateX_effect&quot;:{&quot;unit&quot;:&quot;px&quot;,&quot;size&quot;:&quot;&quot;,&quot;sizes&quot;:[]},&quot;_transform_translateX_effect_tablet&quot;:{&quot;unit&quot;:&quot;px&quot;,&quot;size&quot;:&quot;&quot;,&quot;sizes&quot;:[]},&quot;_transform_translateX_effect_mobile&quot;:{&quot;unit&quot;:&quot;px&quot;,&quot;size&quot;:&quot;&quot;,&quot;sizes&quot;:[]},&quot;_transform_translateY_effect_tablet&quot;:{&quot;unit&quot;:&quot;px&quot;,&quot;size&quot;:&quot;&quot;,&quot;sizes&quot;:[]}}\">\n\t\t\t\t\t<div class=\"e-con-inner\">\n\t\t<div class=\"elementor-element elementor-element-1b13090 e-con-full e-flex e-con e-child\" data-id=\"1b13090\" data-element_type=\"container\">\n\t\t\t\t<div class=\"elementor-element elementor-element-73cdb6e e-transform elementor-widget elementor-widget-google_maps\" data-id=\"73cdb6e\" data-element_type=\"widget\" data-settings=\"{&quot;_transform_translateX_effect&quot;:{&quot;unit&quot;:&quot;px&quot;,&quot;size&quot;:&quot;&quot;,&quot;sizes&quot;:[]},&quot;_transform_translateX_effect_tablet&quot;:{&quot;unit&quot;:&quot;px&quot;,&quot;size&quot;:&quot;&quot;,&quot;sizes&quot;:[]},&quot;_transform_translateX_effect_mobile&quot;:{&quot;unit&quot;:&quot;px&quot;,&quot;size&quot;:&quot;&quot;,&quot;sizes&quot;:[]},&quot;_transform_translateY_effect&quot;:{&quot;unit&quot;:&quot;px&quot;,&quot;size&quot;:&quot;&quot;,&quot;sizes&quot;:[]},&quot;_transform_translateY_effect_tablet&quot;:{&quot;unit&quot;:&quot;px&quot;,&quot;size&quot;:&quot;&quot;,&quot;sizes&quot;:[]},&quot;_transform_translateY_effect_mobile&quot;:{&quot;unit&quot;:&quot;px&quot;,&quot;size&quot;:&quot;&quot;,&quot;sizes&quot;:[]}}\" data-widget_type=\"google_maps.default\">\n\t\t\t\t<div class=\"elementor-widget-container\">\n\t\t\t\t\t\t\t<div class=\"elementor-custom-embed\">\n\t\t\t<iframe loading=\"lazy\"\n\t\t\t\t\tsrc=\"https:\/\/maps.google.com\/maps?q=sitio%20arqueol%C3%B3gico%20piedras%20negras&#038;t=m&#038;z=12&#038;output=embed&#038;iwloc=near\"\n\t\t\t\t\ttitle=\"sitio arqueol\u00f3gico piedras negras\"\n\t\t\t\t\taria-label=\"sitio arqueol\u00f3gico piedras negras\"\n\t\t\t><\/iframe>\n\t\t<\/div>\n\t\t\t\t\t\t<\/div>\n\t\t\t\t<\/div>\n\t\t\t\t<\/div>\n\t\t<div class=\"elementor-element elementor-element-1bebae5 e-con-full e-flex e-con e-child\" data-id=\"1bebae5\" data-element_type=\"container\">\n\t\t\t\t<div class=\"elementor-element elementor-element-bd5563a elementor-widget elementor-widget-heading\" data-id=\"bd5563a\" data-element_type=\"widget\" data-widget_type=\"heading.default\">\n\t\t\t\t<div class=\"elementor-widget-container\">\n\t\t\t\t\t<h2 class=\"elementor-heading-title elementor-size-default\">\u00bfC\u00f3mo llegar? <\/h2>\t\t\t\t<\/div>\n\t\t\t\t<\/div>\n\t\t\t\t<div class=\"elementor-element elementor-element-7d52cb6 elementor-widget elementor-widget-text-editor\" data-id=\"7d52cb6\" data-element_type=\"widget\" data-widget_type=\"text-editor.default\">\n\t\t\t\t<div class=\"elementor-widget-container\">\n\t\t\t\t\t\t\t\t\t<p><b>Tiempo estimado de llegada: <\/b><span style=\"font-weight: 400;\">\u00a03 a\u00a0 5 horaS<\/span><\/p><p><b>Ruta principal de acceso: <\/b><span style=\"font-weight: 400;\">Carretera a Bethel<\/span><\/p><p>Desde la ciudad de Flores se toma la carretera que conduce a Bethel (160 km). De all\u00ed se toma una lancha recorriendo el r\u00edo Usumacinta aproximadamente de 3 a 4 horas hasta la entrada a Piedras negras (120 km).<\/p><p>\u00a0<\/p>\t\t\t\t\t\t\t\t<\/div>\n\t\t\t\t<\/div>\n\t\t\t\t<\/div>\n\t\t\t\t\t<\/div>\n\t\t\t\t<\/div>\n\t\t<div class=\"elementor-element elementor-element-451bfbd e-transform e-flex e-con-boxed e-con e-parent\" data-id=\"451bfbd\" data-element_type=\"container\" data-settings=\"{&quot;_transform_translateY_effect&quot;:{&quot;unit&quot;:&quot;px&quot;,&quot;size&quot;:-703,&quot;sizes&quot;:[]},&quot;_transform_translateY_effect_mobile&quot;:{&quot;unit&quot;:&quot;px&quot;,&quot;size&quot;:-619,&quot;sizes&quot;:[]},&quot;_transform_translateY_effect_tablet&quot;:{&quot;unit&quot;:&quot;px&quot;,&quot;size&quot;:-728,&quot;sizes&quot;:[]},&quot;_transform_translateX_effect&quot;:{&quot;unit&quot;:&quot;px&quot;,&quot;size&quot;:&quot;&quot;,&quot;sizes&quot;:[]},&quot;_transform_translateX_effect_tablet&quot;:{&quot;unit&quot;:&quot;px&quot;,&quot;size&quot;:&quot;&quot;,&quot;sizes&quot;:[]},&quot;_transform_translateX_effect_mobile&quot;:{&quot;unit&quot;:&quot;px&quot;,&quot;size&quot;:&quot;&quot;,&quot;sizes&quot;:[]}}\">\n\t\t\t\t\t<div class=\"e-con-inner\">\n\t\t\t\t<div class=\"elementor-element elementor-element-b487b42 e-transform elementor-widget elementor-widget-text-editor\" data-id=\"b487b42\" data-element_type=\"widget\" data-settings=\"{&quot;_transform_translateY_effect_mobile&quot;:{&quot;unit&quot;:&quot;px&quot;,&quot;size&quot;:24,&quot;sizes&quot;:[]},&quot;_transform_translateX_effect&quot;:{&quot;unit&quot;:&quot;px&quot;,&quot;size&quot;:&quot;&quot;,&quot;sizes&quot;:[]},&quot;_transform_translateX_effect_tablet&quot;:{&quot;unit&quot;:&quot;px&quot;,&quot;size&quot;:&quot;&quot;,&quot;sizes&quot;:[]},&quot;_transform_translateX_effect_mobile&quot;:{&quot;unit&quot;:&quot;px&quot;,&quot;size&quot;:&quot;&quot;,&quot;sizes&quot;:[]},&quot;_transform_translateY_effect&quot;:{&quot;unit&quot;:&quot;px&quot;,&quot;size&quot;:&quot;&quot;,&quot;sizes&quot;:[]},&quot;_transform_translateY_effect_tablet&quot;:{&quot;unit&quot;:&quot;px&quot;,&quot;size&quot;:&quot;&quot;,&quot;sizes&quot;:[]}}\" data-widget_type=\"text-editor.default\">\n\t\t\t\t<div class=\"elementor-widget-container\">\n\t\t\t\t\t\t\t\t\t<p>El Parque Nacional Sierra del Lacand\u00f3n, es el segundo parque nacional m\u00e1s grande de Guatemala y una de las \u00e1reas protegidas que conforman la zona n\u00facleo de la Reserva de Biosfera Maya. Ubicado dentro de la cuenca del r\u00edo Usumacinta y con una extensi\u00f3n territorial de 202,865 ha, este bosque tropical alberga una inmensa diversidad biol\u00f3gica dentro de sus zonas de vida, formaciones k\u00e1rsticas, lagos, cenotes, impresionantes serran\u00edas y sabanas.<\/p><p>El \u00e1rea cuenta con m\u00e1s de 30 sitios arqueol\u00f3gicos registrados que contienen importantes vestigios de la cultura maya. Uno de los sitios m\u00e1s predominantes es Piedras Negras, llamada por sus antiguos habitantes <em>Yo\u2019ki\u2019b,<\/em> que significa gran entrada. Esta ciudad maya es reconocida por su elegante arquitectura y esculturas que relatan las vidas y obras de sus gobernantes. Es considerada una de las mayores y m\u00e1s importantes ciudades de la Civilizaci\u00f3n Maya, con una ocupaci\u00f3n del 700 a.C. al 820 d.C.<\/p>\t\t\t\t\t\t\t\t<\/div>\n\t\t\t\t<\/div>\n\t\t\t\t\t<\/div>\n\t\t\t\t<\/div>\n\t\t<div class=\"elementor-element elementor-element-4133bd1 e-transform e-flex e-con-boxed e-con e-parent\" data-id=\"4133bd1\" data-element_type=\"container\" data-settings=\"{&quot;_transform_translateY_effect&quot;:{&quot;unit&quot;:&quot;px&quot;,&quot;size&quot;:-171,&quot;sizes&quot;:[]},&quot;_transform_translateY_effect_mobile&quot;:{&quot;unit&quot;:&quot;px&quot;,&quot;size&quot;:-143,&quot;sizes&quot;:[]},&quot;_transform_translateX_effect&quot;:{&quot;unit&quot;:&quot;px&quot;,&quot;size&quot;:&quot;&quot;,&quot;sizes&quot;:[]},&quot;_transform_translateX_effect_tablet&quot;:{&quot;unit&quot;:&quot;px&quot;,&quot;size&quot;:&quot;&quot;,&quot;sizes&quot;:[]},&quot;_transform_translateX_effect_mobile&quot;:{&quot;unit&quot;:&quot;px&quot;,&quot;size&quot;:&quot;&quot;,&quot;sizes&quot;:[]},&quot;_transform_translateY_effect_tablet&quot;:{&quot;unit&quot;:&quot;px&quot;,&quot;size&quot;:&quot;&quot;,&quot;sizes&quot;:[]}}\">\n\t\t\t\t\t<div class=\"e-con-inner\">\n\t\t<div class=\"elementor-element elementor-element-1bf9d53 e-con-full e-flex e-con e-child\" data-id=\"1bf9d53\" data-element_type=\"container\">\n\t\t\t\t<div class=\"elementor-element elementor-element-3d6f35a elementor-view-framed elementor-shape-circle elementor-widget elementor-widget-icon\" data-id=\"3d6f35a\" data-element_type=\"widget\" data-widget_type=\"icon.default\">\n\t\t\t\t<div class=\"elementor-widget-container\">\n\t\t\t\t\t\t\t<div class=\"elementor-icon-wrapper\">\n\t\t\t<div class=\"elementor-icon\">\n\t\t\t<svg aria-hidden=\"true\" class=\"e-font-icon-svg e-fas-map-marked-alt\" viewbox=\"0 0 576 512\" xmlns=\"http:\/\/www.w3.org\/2000\/svg\"><path d=\"M288 0c-69.59 0-126 56.41-126 126 0 56.26 82.35 158.8 113.9 196.02 6.39 7.54 17.82 7.54 24.2 0C331.65 284.8 414 182.26 414 126 414 56.41 357.59 0 288 0zm0 168c-23.2 0-42-18.8-42-42s18.8-42 42-42 42 18.8 42 42-18.8 42-42 42zM20.12 215.95A32.006 32.006 0 0 0 0 245.66v250.32c0 11.32 11.43 19.06 21.94 14.86L160 448V214.92c-8.84-15.98-16.07-31.54-21.25-46.42L20.12 215.95zM288 359.67c-14.07 0-27.38-6.18-36.51-16.96-19.66-23.2-40.57-49.62-59.49-76.72v182l192 64V266c-18.92 27.09-39.82 53.52-59.49 76.72-9.13 10.77-22.44 16.95-36.51 16.95zm266.06-198.51L416 224v288l139.88-55.95A31.996 31.996 0 0 0 576 426.34V176.02c0-11.32-11.43-19.06-21.94-14.86z\"><\/path><\/svg>\t\t\t<\/div>\n\t\t<\/div>\n\t\t\t\t\t\t<\/div>\n\t\t\t\t<\/div>\n\t\t\t\t<div class=\"elementor-element elementor-element-d8993bf elementor-widget elementor-widget-heading\" data-id=\"d8993bf\" data-element_type=\"widget\" data-widget_type=\"heading.default\">\n\t\t\t\t<div class=\"elementor-widget-container\">\n\t\t\t\t\t<h3 class=\"elementor-heading-title elementor-size-default\">Ubicaci\u00f3n<\/h3>\t\t\t\t<\/div>\n\t\t\t\t<\/div>\n\t\t\t\t<div class=\"elementor-element elementor-element-c8490f8 elementor-widget elementor-widget-text-editor\" data-id=\"c8490f8\" data-element_type=\"widget\" data-widget_type=\"text-editor.default\">\n\t\t\t\t<div class=\"elementor-widget-container\">\n\t\t\t\t\t\t\t\t\t<p><b>Municipio: <\/b><span style=\"font-weight: 400;\">La Libertad\u00a0<\/span><\/p><p><b>Departamento:<\/b><span style=\"font-weight: 400;\"> Pet\u00e9n<\/span><\/p><p><b>Extensi\u00f3n: <\/b><span style=\"font-weight: 400;\">202.865 hect\u00e1reas<\/span><\/p><p><b>A\u00f1o de declaratoria: <\/b><span style=\"font-weight: 400;\">1990<\/span><\/p>\t\t\t\t\t\t\t\t<\/div>\n\t\t\t\t<\/div>\n\t\t\t\t<\/div>\n\t\t<div class=\"elementor-element elementor-element-179f0e9 e-con-full e-flex e-con e-child\" data-id=\"179f0e9\" data-element_type=\"container\">\n\t\t\t\t<div class=\"elementor-element elementor-element-66469f6 elementor-view-framed elementor-shape-circle elementor-widget elementor-widget-icon\" data-id=\"66469f6\" data-element_type=\"widget\" data-widget_type=\"icon.default\">\n\t\t\t\t<div class=\"elementor-widget-container\">\n\t\t\t\t\t\t\t<div class=\"elementor-icon-wrapper\">\n\t\t\t<div class=\"elementor-icon\">\n\t\t\t<svg aria-hidden=\"true\" class=\"e-font-icon-svg e-fas-user-clock\" viewbox=\"0 0 640 512\" xmlns=\"http:\/\/www.w3.org\/2000\/svg\"><path d=\"M496 224c-79.6 0-144 64.4-144 144s64.4 144 144 144 144-64.4 144-144-64.4-144-144-144zm64 150.3c0 5.3-4.4 9.7-9.7 9.7h-60.6c-5.3 0-9.7-4.4-9.7-9.7v-76.6c0-5.3 4.4-9.7 9.7-9.7h12.6c5.3 0 9.7 4.4 9.7 9.7V352h38.3c5.3 0 9.7 4.4 9.7 9.7v12.6zM320 368c0-27.8 6.7-54.1 18.2-77.5-8-1.5-16.2-2.5-24.6-2.5h-16.7c-22.2 10.2-46.9 16-72.9 16s-50.6-5.8-72.9-16h-16.7C60.2 288 0 348.2 0 422.4V464c0 26.5 21.5 48 48 48h347.1c-45.3-31.9-75.1-84.5-75.1-144zm-96-112c70.7 0 128-57.3 128-128S294.7 0 224 0 96 57.3 96 128s57.3 128 128 128z\"><\/path><\/svg>\t\t\t<\/div>\n\t\t<\/div>\n\t\t\t\t\t\t<\/div>\n\t\t\t\t<\/div>\n\t\t\t\t<div class=\"elementor-element elementor-element-89eb4f3 elementor-widget elementor-widget-heading\" data-id=\"89eb4f3\" data-element_type=\"widget\" data-widget_type=\"heading.default\">\n\t\t\t\t<div class=\"elementor-widget-container\">\n\t\t\t\t\t<h3 class=\"elementor-heading-title elementor-size-default\">Horarios de atenci\u00f3n<\/h3>\t\t\t\t<\/div>\n\t\t\t\t<\/div>\n\t\t\t\t<div class=\"elementor-element elementor-element-bfbba5a elementor-widget elementor-widget-text-editor\" data-id=\"bfbba5a\" data-element_type=\"widget\" data-widget_type=\"text-editor.default\">\n\t\t\t\t<div class=\"elementor-widget-container\">\n\t\t\t\t\t\t\t\t\t<p><span style=\"font-weight: 400;\">Lunes a Viernes <\/span><span style=\"font-weight: 400;\">8:00 a 15:00 horas<\/span><\/p>\t\t\t\t\t\t\t\t<\/div>\n\t\t\t\t<\/div>\n\t\t\t\t<\/div>\n\t\t<div class=\"elementor-element elementor-element-6f6cf4c e-con-full e-flex e-con e-child\" data-id=\"6f6cf4c\" data-element_type=\"container\">\n\t\t\t\t<div class=\"elementor-element elementor-element-b707a50 elementor-view-framed elementor-shape-circle elementor-widget elementor-widget-icon\" data-id=\"b707a50\" data-element_type=\"widget\" data-widget_type=\"icon.default\">\n\t\t\t\t<div class=\"elementor-widget-container\">\n\t\t\t\t\t\t\t<div class=\"elementor-icon-wrapper\">\n\t\t\t<div class=\"elementor-icon\">\n\t\t\t<svg aria-hidden=\"true\" class=\"e-font-icon-svg e-fas-user-alt\" viewbox=\"0 0 512 512\" xmlns=\"http:\/\/www.w3.org\/2000\/svg\"><path d=\"M256 288c79.5 0 144-64.5 144-144S335.5 0 256 0 112 64.5 112 144s64.5 144 144 144zm128 32h-55.1c-22.2 10.2-46.9 16-72.9 16s-50.6-5.8-72.9-16H128C57.3 320 0 377.3 0 448v16c0 26.5 21.5 48 48 48h416c26.5 0 48-21.5 48-48v-16c0-70.7-57.3-128-128-128z\"><\/path><\/svg>\t\t\t<\/div>\n\t\t<\/div>\n\t\t\t\t\t\t<\/div>\n\t\t\t\t<\/div>\n\t\t\t\t<div class=\"elementor-element elementor-element-3d9483b elementor-widget elementor-widget-heading\" data-id=\"3d9483b\" data-element_type=\"widget\" data-widget_type=\"heading.default\">\n\t\t\t\t<div class=\"elementor-widget-container\">\n\t\t\t\t\t<h3 class=\"elementor-heading-title elementor-size-default\">Informaci\u00f3n de contacto<\/h3>\t\t\t\t<\/div>\n\t\t\t\t<\/div>\n\t\t\t\t<div class=\"elementor-element elementor-element-cf17103 elementor-widget elementor-widget-text-editor\" data-id=\"cf17103\" data-element_type=\"widget\" data-widget_type=\"text-editor.default\">\n\t\t\t\t<div class=\"elementor-widget-container\">\n\t\t\t\t\t\t\t\t\t<p><span style=\"font-weight: 400;\"><b>Administrador: <\/b>Fundaci\u00f3n Defensores de la Naturaleza<\/span><\/p><p><b>Tel\u00e9fono <\/b><span style=\"font-weight: 400;\">(+502) 3014-2888.<\/span><\/p><p>(+502) 5322-4872<\/p><p>CONAP (+502) 7926-4158<\/p><p><b>Correo electronico: <\/b><\/p><p><a href=\"\/en\/lacandon@defensores.org.gt\/\" target=\"_blank\" rel=\"noopener\">lacandon@defensores.org.gt<\/a><\/p><p><b>Sitio web:\u00a0<\/b><\/p><p><a href=\"http:\/\/www.defensores.org.gt\" target=\"_blank\" rel=\"noopener\">www.defensores.org.gt<\/a><\/p><p><a href=\"https:\/\/defensores.org.gt\/donde-trabajamos\/parque-nacional-sierra-del-lacandon\/\" target=\"_blank\" rel=\"noopener\">https:\/\/defensores.org.gt\/donde-trabajamos\/parque-nacional-sierra-del-lacandon\/<\/a><\/p>\t\t\t\t\t\t\t\t<\/div>\n\t\t\t\t<\/div>\n\t\t\t\t<\/div>\n\t\t\t\t\t<\/div>\n\t\t\t\t<\/div>\n\t\t\t\t<\/div>","protected":false},"excerpt":{"rendered":"<p>Parque Nacional SIERRA DE LACAND\u00d3N &#8220;SITIO ARQUEOL\u00d3GICO PIEDRAS NEGRAS&#8221; \u00a9CONAP \u00bfQu\u00e9 puedo esperar? Selva tropical h\u00fameda, formaciones k\u00e1rsticas, lagos y cenotes, importante ciudad maya. \u00a9CONAP Recomendaciones El parque es un lugar remoto, por lo que previo a su visita se recomienda contactar a la administraci\u00f3n del \u00e1rea para mayor informaci\u00f3n. No se recomienda entrar por [&hellip;]<\/p>","protected":false},"author":3,"featured_media":0,"parent":4645,"menu_order":0,"comment_status":"closed","ping_status":"closed","template":"","meta":{"_surecart_dashboard_logo_width":"180px","_surecart_dashboard_show_logo":true,"_surecart_dashboard_navigation_orders":true,"_surecart_dashboard_navigation_invoices":true,"_surecart_dashboard_navigation_subscriptions":true,"_surecart_dashboard_navigation_downloads":true,"_surecart_dashboard_navigation_billing":true,"_surecart_dashboard_navigation_account":true,"_uag_custom_page_level_css":"","site-sidebar-layout":"no-sidebar","site-content-layout":"page-builder","ast-site-content-layout":"full-width-container","site-content-style":"unboxed","site-sidebar-style":"unboxed","ast-global-header-display":"","ast-banner-title-visibility":"","ast-main-header-display":"","ast-hfb-above-header-display":"","ast-hfb-below-header-display":"","ast-hfb-mobile-header-display":"","site-post-title":"disabled","ast-breadcrumbs-content":"","ast-featured-img":"disabled","footer-sml-layout":"","theme-transparent-header-meta":"enabled","adv-header-id-meta":"","stick-header-meta":"","header-above-stick-meta":"","header-main-stick-meta":"","header-below-stick-meta":"","astra-migrate-meta-layouts":"set","ast-page-background-enabled":"default","ast-page-background-meta":{"desktop":{"background-color":"","background-image":"","background-repeat":"repeat","background-position":"center center","background-size":"auto","background-attachment":"scroll","background-type":"","background-media":"","overlay-type":"","overlay-color":"","overlay-opacity":"","overlay-gradient":""},"tablet":{"background-color":"","background-image":"","background-repeat":"repeat","background-position":"center center","background-size":"auto","background-attachment":"scroll","background-type":"","background-media":"","overlay-type":"","overlay-color":"","overlay-opacity":"","overlay-gradient":""},"mobile":{"background-color":"","background-image":"","background-repeat":"repeat","background-position":"center center","background-size":"auto","background-attachment":"scroll","background-type":"","background-media":"","overlay-type":"","overlay-color":"","overlay-opacity":"","overlay-gradient":""}},"ast-content-background-meta":{"desktop":{"background-color":"var(--ast-global-color-5)","background-image":"","background-repeat":"repeat","background-position":"center center","background-size":"auto","background-attachment":"scroll","background-type":"","background-media":"","overlay-type":"","overlay-color":"","overlay-opacity":"","overlay-gradient":""},"tablet":{"background-color":"var(--ast-global-color-5)","background-image":"","background-repeat":"repeat","background-position":"center center","background-size":"auto","background-attachment":"scroll","background-type":"","background-media":"","overlay-type":"","overlay-color":"","overlay-opacity":"","overlay-gradient":""},"mobile":{"background-color":"var(--ast-global-color-5)","background-image":"","background-repeat":"repeat","background-position":"center center","background-size":"auto","background-attachment":"scroll","background-type":"","background-media":"","overlay-type":"","overlay-color":"","overlay-opacity":"","overlay-gradient":""}},"footnotes":""},"class_list":["post-8260","page","type-page","status-publish","hentry"],"uagb_featured_image_src":{"full":false,"thumbnail":false,"medium":false,"medium_large":false,"large":false,"1536x1536":false,"2048x2048":false,"trp-custom-language-flag":false,"woocommerce_thumbnail":false,"woocommerce_single":false,"woocommerce_gallery_thumbnail":false},"uagb_author_info":{"display_name":"Pedro Tom\u00e1s Mej\u00eda Tol","author_link":"https:\/\/turismo-sigap.conap.gob.gt\/en\/author\/pedromejia\/"},"uagb_comment_info":0,"uagb_excerpt":"Parque Nacional SIERRA DE LACAND\u00d3N &#8220;SITIO ARQUEOL\u00d3GICO PIEDRAS NEGRAS&#8221; \u00a9CONAP \u00bfQu\u00e9 puedo esperar? Selva tropical h\u00fameda, formaciones k\u00e1rsticas, lagos y cenotes, importante ciudad maya. \u00a9CONAP Recomendaciones El parque es un lugar remoto, por lo que previo a su visita se recomienda contactar a la administraci\u00f3n del \u00e1rea para mayor informaci\u00f3n. No se recomienda entrar por&hellip;","_links":{"self":[{"href":"https:\/\/turismo-sigap.conap.gob.gt\/en\/wp-json\/wp\/v2\/pages\/8260","targetHints":{"allow":["GET"]}}],"collection":[{"href":"https:\/\/turismo-sigap.conap.gob.gt\/en\/wp-json\/wp\/v2\/pages"}],"about":[{"href":"https:\/\/turismo-sigap.conap.gob.gt\/en\/wp-json\/wp\/v2\/types\/page"}],"author":[{"embeddable":true,"href":"https:\/\/turismo-sigap.conap.gob.gt\/en\/wp-json\/wp\/v2\/users\/3"}],"replies":[{"embeddable":true,"href":"https:\/\/turismo-sigap.conap.gob.gt\/en\/wp-json\/wp\/v2\/comments?post=8260"}],"version-history":[{"count":64,"href":"https:\/\/turismo-sigap.conap.gob.gt\/en\/wp-json\/wp\/v2\/pages\/8260\/revisions"}],"predecessor-version":[{"id":10563,"href":"https:\/\/turismo-sigap.conap.gob.gt\/en\/wp-json\/wp\/v2\/pages\/8260\/revisions\/10563"}],"up":[{"embeddable":true,"href":"https:\/\/turismo-sigap.conap.gob.gt\/en\/wp-json\/wp\/v2\/pages\/4645"}],"wp:attachment":[{"href":"https:\/\/turismo-sigap.conap.gob.gt\/en\/wp-json\/wp\/v2\/media?parent=8260"}],"curies":[{"name":"wp","href":"https:\/\/api.w.org\/{rel}","templated":true}]}}